{"id":9,"date":"2026-08-14T19:40:25","date_gmt":"2026-08-14T17:40:25","guid":{"rendered":"http:\/\/skupina-d.com\/?page_id=9"},"modified":"2026-09-04T17:07:21","modified_gmt":"2026-09-04T15:07:21","slug":"domu","status":"publish","type":"page","link":"https:\/\/skupina-d.com\/","title":{"rendered":"Dom\u016f"},"content":{"rendered":"\n<div id=\"top\" style=\"position:relative;width:100%;max-width:1920px;margin:0 auto;aspect-ratio:1920\/1080;background-image:url('http:\/\/skupina-d.com\/wp-content\/uploads\/2026\/08\/bc.jpg');background-size:cover;background-position:center;\">\n<a href=\"#milan-mikulecky\" title=\"Milan Mikuleck\u00fd\" style=\"position:absolute;left:27.72%;top:12.5%;width:8.33%;height:14.81%;display:block;background-image:url('http:\/\/skupina-d.com\/wp-content\/uploads\/2026\/08\/img1.png');background-size:cover;background-position:center;\"><\/a>\n<a href=\"#jana-hruba\" title=\"Jana Hrub\u00e1\" style=\"position:absolute;left:22.4%;top:32.87%;width:7.55%;height:12.96%;display:block;background-image:url('http:\/\/skupina-d.com\/wp-content\/uploads\/2026\/08\/img3.png');background-size:cover;background-position:center;\"><\/a>\n<a href=\"#petr-pavel\" title=\"Petr Pavel\" style=\"position:absolute;left:23.86%;top:51.39%;width:7.81%;height:12.96%;display:block;background-image:url('http:\/\/skupina-d.com\/wp-content\/uploads\/2026\/08\/img5.png');background-size:cover;background-position:center;\"><\/a>\n<a href=\"#chobotnice-prazskeho-magistratu\" title=\"Marek Han\u010d\" style=\"position:absolute;left:25.78%;top:69.91%;width:8.33%;height:13.89%;display:block;background-image:url('http:\/\/skupina-d.com\/wp-content\/uploads\/2026\/08\/img7.png');background-size:cover;background-position:center;\"><\/a>\n<a href=\"#bratri-kroupove\" title=\"Brat\u0159i Kroupov\u00e9\" style=\"position:absolute;left:41.93%;top:75%;width:7.29%;height:12.96%;display:block;background-image:url('http:\/\/skupina-d.com\/wp-content\/uploads\/2026\/08\/img8.png');background-size:cover;background-position:center;\"><\/a>\n<a href=\"#roman-janousek\" title=\"Roman Janou\u0161ek\" style=\"position:absolute;left:54.95%;top:75%;width:7.55%;height:12.96%;display:block;background-image:url('http:\/\/skupina-d.com\/wp-content\/uploads\/2026\/08\/img9.png');background-size:cover;background-position:center;\"><\/a>\n<a href=\"#zdenek-poul\" title=\"Zden\u011bk Poul\" style=\"position:absolute;left:67.81%;top:12.5%;width:8.07%;height:14.81%;display:block;background-image:url('http:\/\/skupina-d.com\/wp-content\/uploads\/2026\/08\/img2.png');background-size:cover;background-position:center;\"><\/a>\n<a href=\"#karel-rehka\" title=\"Karel \u0158ehka\" style=\"position:absolute;left:74.06%;top:32.87%;width:7.55%;height:12.96%;display:block;background-image:url('http:\/\/skupina-d.com\/wp-content\/uploads\/2026\/08\/img4.png');background-size:cover;background-position:center;\"><\/a>\n<a href=\"#ondrej-vetchy\" title=\"Ond\u0159ej Vetch\u00fd\" style=\"position:absolute;left:72.76%;top:51.39%;width:8.07%;height:12.96%;display:block;background-image:url('http:\/\/skupina-d.com\/wp-content\/uploads\/2026\/08\/img6.png');background-size:cover;background-position:center;\"><\/a>\n<div title=\"?\" style=\"position:absolute;left:69.27%;top:69.91%;width:8.07%;height:13.89%;display:block;background-image:url('http:\/\/skupina-d.com\/wp-content\/uploads\/2026\/08\/img10.png');background-size:cover;background-position:center;\"><\/div>\n<a href=\"#jan-veverka\" title=\"Jan Veverka\" style=\"position:absolute;left:38%;top:30%;width:24%;height:35%;display:block;\"><\/a>\n<\/div>\n\n<style>\n.wp-block-post-title { display: none; }\nmain.wp-block-group { margin-top: 0 !important; }\nmain.wp-block-group > .wp-block-group.alignfull { padding-top: 0 !important; }\nbody, .wp-site-blocks { background-color: #010609; }\n.nemesis-chapter { background-color: #010609; color: #cfd8e3; padding: 90px 6% 110px; position: relative; border-top: 1px solid #1c2733; }\n.nemesis-chapter > * { max-width: 700px; margin-left: auto; margin-right: auto; }\n.nemesis-chapter h2 { font-size: clamp(1.9rem, 4vw, 2.75rem); font-weight: 700; color: #ffffff; letter-spacing: -0.02em; margin: 0 auto 1.75rem; line-height: 1.15; }\n.nemesis-chapter h3 { font-size: clamp(1.15rem, 2.5vw, 1.4rem); font-weight: 600; color: #8fb4ff; margin: 2.75rem auto 1.1rem; padding-left: 0.85rem; border-left: 3px solid #3a6df0; }\n.nemesis-chapter p { font-size: 1.05rem; line-height: 1.75; color: #cfd8e3; margin: 0 auto 1.15rem; }\n.nemesis-chapter a { color: #7fb0ff; text-decoration: underline; text-underline-offset: 2px; word-break: break-word; }\n.nemesis-chapter a:hover { color: #a9cbff; }\n.nemesis-sources { max-width: 700px; margin: 2.25rem auto 0; padding-top: 1.25rem; border-top: 1px solid #1c2733; }\n.nemesis-sources-label { font-size: 0.8rem; font-weight: 700; text-transform: uppercase; letter-spacing: 0.08em; color: #64748b; margin: 0 0 0.6rem; }\n.nemesis-sources ul { list-style: none; margin: 0; padding: 0; display: flex; flex-direction: column; gap: 0.4rem; }\n.nemesis-sources a { font-size: 0.85rem; color: #64809e; word-break: break-all; }\n.nemesis-sources a:hover { color: #93aec9; }\n.nemesis-back-to-top { position: fixed; right: 20px; bottom: 20px; background: #222; color: #fff; text-decoration: none; padding: 10px 16px; border-radius: 6px; font-size: 14px; opacity: 0; pointer-events: none; transition: opacity .2s; z-index: 100; }\n.nemesis-back-to-top.is-visible { opacity: 0.85; pointer-events: auto; }\n.nemesis-back-to-top:hover { opacity: 1; }\n.nemesis-description { background-color: #010609; color: #cfd8e3; padding: 90px 6% 60px; }\n.nemesis-description > * { max-width: 700px; margin-left: auto; margin-right: auto; }\n.nemesis-description p { font-size: 1.05rem; line-height: 1.75; color: #cfd8e3; margin: 0 auto 1.15rem; }\n.nemesis-description a { color: #7fb0ff; text-decoration: underline; text-underline-offset: 2px; word-break: break-word; }\n.nemesis-description a:hover { color: #a9cbff; }\n.nemesis-list { margin: 0 auto 1.5rem; padding-left: 1.3rem; }\n.nemesis-list li { font-size: 1.05rem; line-height: 1.7; color: #cfd8e3; margin-bottom: 0.6rem; }\n.nemesis-figure { margin: 2rem auto; text-align: center; }\n.nemesis-figure img { max-width: 100%; height: auto; border-radius: 6px; display: block; margin: 0 auto; }\n.nemesis-figure figcaption { font-size: 0.85rem; color: #64809e; margin-top: 0.6rem; }\n<\/style>\n\n<div class=\"nemesis-description\">\n<p>P\u0159\u00edb\u011bh Skupiny D, kter\u00e1 si dala za c\u00edl uspo\u0159\u00e1dat ve\u0159ejnou sb\u00edrku Nemesis na drony pro Ukrajinu je na prvn\u00ed pohled nezpochybniteln\u00fd. Podez\u0159en\u00ed, kter\u00e1 se dost\u00e1vaj\u00ed na ve\u0159ejnost v souvislosti s vy\u0161et\u0159ov\u00e1n\u00edm d\u011bn\u00ed okolo skupiny a sb\u00edrky zn\u00ed neuv\u011b\u0159iteln\u011b. Jako by se proti tomuto bohulib\u00e9mu z\u00e1m\u011bru n\u011bkdo spiknul. Mo\u017en\u00e1 i samotn\u00e9 Rusko. Jen\u017ee pro pln\u00e9 pochopen\u00ed kontextu faktick\u00fdch informac\u00ed z dokument\u016f M\u011bstsk\u00e9ho soudu v Praze a nejen jich, je t\u0159eba se pod\u00edvat na skute\u010dnou minulost hlavn\u00edch akt\u00e9r\u016f, kte\u0159\u00ed za aktivitou stoj\u00ed. Jejich minulost dnes nen\u00ed snadno dohledateln\u00e1 a ve vyhled\u00e1va\u010d\u00edch prakticky p\u0159estala existovat. \u010cl\u00e1nky z novin a dal\u0161\u00edch m\u00e9di\u00ed sice existuj\u00ed, jen si Veverka a jeho kump\u00e1ni za\u0159\u00eddili, \u017ee v\u011bt\u0161inu z nich internetov\u00e9 vyhled\u00e1va\u010de p\u0159i zad\u00e1n\u00ed jejich jmen nenajdou.<\/p>\n<p>Hlavn\u00edm organiz\u00e1torem je Jan Veverka, d\u016fle\u017eit\u00fdmi osobami tak\u00e9 Milan Mikuleck\u00fd a Zden\u011bk Poul. V kontextu minulosti se toti\u017e ukazuje, \u017ee za Skupinou D organizuj\u00edc\u00ed ve\u0159ejnou sb\u00edrku nestoj\u00ed \u017e\u00e1dn\u00ed &#8222;\u010dist\u00ed hrdinov\u00e9 ov\u011bn\u010den\u00ed met\u00e1ly&#8220; ale prot\u0159el\u00ed \u0161\u00edb\u0159i. Pochyby o osudu stovek milion\u016f korun vybran\u00fdch ve sb\u00edrce na drony pak za\u010d\u00ednaj\u00ed d\u00e1vat smysl. D\u00edky jejich dlouholet\u00e9mu propojen\u00ed prost\u0159ednictv\u00edm \u010dlenstv\u00ed v Aktivn\u00edch z\u00e1loh\u00e1ch Arm\u00e1dy \u010cR, pak i extr\u00e9mn\u00ed vliv v nejvy\u0161\u0161\u00edch patrech arm\u00e1dy, v\u010detn\u011b prezidenta Petra Pavla. Na sou\u010dasn\u00e9ho prezidenta m\u00e1 Veverka skute\u010dn\u011b extr\u00e9mn\u00ed vliv prost\u0159ednictv\u00edm Radka Hasaly, kter\u00fd v sou\u010dasn\u00e9 dob\u011b vede Petru Pavlovi Hradn\u00ed vojenskou kancel\u00e1\u0159, p\u0159ed t\u00edm, kdy\u017e byl \u0161\u00e9fem vojensk\u00e9ho v\u00fdboru NATO, mu Hasala vedl kabinet. Do t\u011bchto neform\u00e1ln\u00edch vazeb velmi siln\u011b zasahuje i dnes u\u017e exn\u00e1\u010deln\u00edk gener\u00e1ln\u00edho \u0161t\u00e1bu Karel \u0158ehka a poradce Otakar Folt\u00fdn, nyn\u00ed pracovn\u00edk Kancel\u00e1\u0159e prezidenta republiky. Tyto vazby na konci roku 2023 p\u0159irozen\u011b vedly k tomu, \u017ee Jan Veverka jako organiz\u00e1tor p\u0159izval gener\u00e1la Hasalu, aby nad novou dronovou iniciativou p\u0159evzal ofici\u00e1ln\u00ed \u010destnou z\u00e1\u0161titu. Krom\u011b toho m\u00e1 Veverka v aktivn\u00edch z\u00e1loh\u00e1ch soukromou arm\u00e1du \u2013 viz d\u00e1le. Spolu s dal\u0161\u00edmi aktivitami pak i vliv na dal\u0161\u00ed politiky a novin\u00e1\u0159e nebo lobbistick\u00e9 struktury.<\/p>\n<p>Mozkem cel\u00e9 struktury je v\u0161ak bezpochyby Jan Veverka, u Skupiny D se toti\u017e opakuje stejn\u00fd vzorec jako kdysi v \u010cesk\u00fdch drah\u00e1ch. V nich Veverka p\u016fsobil jako &#8222;v\u0161emocn\u00fd tajemn\u00edk&#8220; tahaj\u00edc\u00ed za nitky z pozad\u00ed, \u010cD v t\u00e9 dob\u011b zcela ovl\u00e1dl klientelismus. Veverka se svou hlavn\u00ed rol\u00ed ve Skupin\u011b D nijak netajil. Co si v\u0161ak nech\u00e1val pro sebe je, \u017ee k tomu vytvo\u0159il skrytou a \u00fa\u010delovou byznysovou strukturu, kter\u00e1 pomohla zna\u010dnou \u010d\u00e1st pen\u011bz z ve\u0159ejn\u00e9 sb\u00edrky p\u0159esm\u011brovat do n\u011bkolika soukrom\u00fdch kapes.<\/p>\n<p>Jana Veverku se Skupinou D a v\u0161emi firmami zamotan\u00fdmi do ods\u00e1v\u00e1n\u00ed pen\u011bz ze sb\u00edrky toti\u017e nesmazateln\u011b propojuj\u00ed dv\u011b osoby: advok\u00e1t JUDr. Otakar \u0160vor\u010d\u00edk a not\u00e1\u0159ka JUDr. Ladislava \u0160eb\u00e1nkov\u00e1.<\/p>\n<p>Advok\u00e1t JUDr. Otakar \u0160vor\u010d\u00edk v minulosti zakl\u00e1dal Janu Veverkovi minim\u00e1ln\u011b t\u0159i akciov\u00e9 spole\u010dnosti: Touzimsky Geo, Touzimsky Publishing a Touzimsky Reality. Jejich zakladatelsk\u00e9 dokumenty potvrzovala not\u00e1\u0159ka JUDr. Ladislava \u0160eb\u00e1nkov\u00e1 v p\u0159\u00edpad\u011b spole\u010dnost\u00ed Touzimsky Publishing a Touzimsky Reality.<\/p>\n<div class=\"nemesis-sources\"><p class=\"nemesis-sources-label\">Zdroje<\/p><ul>\n<li><a href=\"https:\/\/or.justice.cz\/ias\/ui\/vypis-sl-detail?dokument=86873105&amp;subjektId=988186&amp;spis=1093348\" target=\"_blank\" rel=\"noopener\">https:\/\/or.justice.cz\/ias\/ui\/vypis-sl-detail?dokument=86873105&amp;subjektId=988186&amp;spis=1093348<\/a><\/li>\n<li><a href=\"https:\/\/or.justice.cz\/ias\/ui\/vypis-sl-detail?dokument=75086020&amp;subjektId=348838&amp;spis=85652\" target=\"_blank\" rel=\"noopener\">https:\/\/or.justice.cz\/ias\/ui\/vypis-sl-detail?dokument=75086020&amp;subjektId=348838&amp;spis=85652<\/a><\/li>\n<li><a href=\"https:\/\/or.justice.cz\/ias\/ui\/vypis-sl-detail?dokument=68172763&amp;subjektId=1132930&amp;spis=1272718\" target=\"_blank\" rel=\"noopener\">https:\/\/or.justice.cz\/ias\/ui\/vypis-sl-detail?dokument=68172763&amp;subjektId=1132930&amp;spis=1272718<\/a><\/li>\n<\/ul><\/div>\n<p>Je tak zjevn\u00e9, \u017ee se s nimi Veverka dob\u0159e zn\u00e1 a na \u010d\u00ed pokyn ve skute\u010dnosti jednali p\u0159i:<\/p>\n<ul class=\"nemesis-list\">\n<li>zalo\u017een\u00ed spolku Skupina D, kter\u00e9 potvrzovala not\u00e1\u0159ka JUDr. Ladislava \u0160eb\u00e1nkov\u00e1,<\/li>\n<li>zalo\u017een\u00ed spole\u010dnosti FPV SPACE (d\u0159\u00edve KOPTERY), kter\u00e1 Skupin\u011b D dod\u00e1vala drony, tu zakl\u00e1dal v &#8222;zastoupen\u00ed&#8220; Jany Hrub\u00e9 JUDr. Otakar \u0160vor\u010d\u00edk a potvrzovala not\u00e1\u0159ka JUDr. Ladislava \u0160eb\u00e1nkov\u00e1,<\/li>\n<li>zalo\u017een\u00ed spole\u010dnosti POUL SPACE, kterou zakl\u00e1dal v &#8222;zastoupen\u00ed&#8220; Zde\u0148ka Poula JUDr. Otakar \u0160vor\u010d\u00edk a op\u011bt potvrzovala not\u00e1\u0159ka JUDr. Ladislava \u0160eb\u00e1nkov\u00e1,<\/li>\n<li>p\u0159i majetkov\u00e9m vstupu POUL SPACE do FPV SPACE, op\u011bt v re\u017eii advok\u00e1ta JUDr. Otakara \u0160vor\u010d\u00edka a JUDr. Ladislavy \u0160eb\u00e1nkov\u00e9.<\/li>\n<\/ul>\n<div class=\"nemesis-sources\"><p class=\"nemesis-sources-label\">Zdroje<\/p><ul>\n<li><a href=\"https:\/\/or.justice.cz\/ias\/ui\/vypis-sl-detail?dokument=79477039&amp;subjektId=1223852&amp;spis=1379404\" target=\"_blank\" rel=\"noopener\">https:\/\/or.justice.cz\/ias\/ui\/vypis-sl-detail?dokument=79477039&amp;subjektId=1223852&amp;spis=1379404<\/a><\/li>\n<li><a href=\"https:\/\/or.justice.cz\/ias\/ui\/vypis-sl-detail?dokument=80652549&amp;subjektId=1223838&amp;spis=1379286\" target=\"_blank\" rel=\"noopener\">https:\/\/or.justice.cz\/ias\/ui\/vypis-sl-detail?dokument=80652549&amp;subjektId=1223838&amp;spis=1379286<\/a><\/li>\n<li><a href=\"https:\/\/or.justice.cz\/ias\/ui\/vypis-sl-detail?dokument=81181069&amp;subjektId=1237734&amp;spis=1395570\" target=\"_blank\" rel=\"noopener\">https:\/\/or.justice.cz\/ias\/ui\/vypis-sl-detail?dokument=81181069&amp;subjektId=1237734&amp;spis=1395570<\/a><\/li>\n<li><a href=\"https:\/\/or.justice.cz\/ias\/ui\/vypis-sl-detail?dokument=82591081&amp;subjektId=1223838&amp;spis=1379286\" target=\"_blank\" rel=\"noopener\">https:\/\/or.justice.cz\/ias\/ui\/vypis-sl-detail?dokument=82591081&amp;subjektId=1223838&amp;spis=1379286<\/a><\/li>\n<\/ul><\/div>\n<figure class=\"nemesis-figure\"><img decoding=\"async\" src=\"http:\/\/skupina-d.com\/wp-content\/uploads\/2026\/08\/skupina-D.jpg\" alt=\"Skupina D\" loading=\"lazy\"><figcaption>Foto: skupina D<\/figcaption><\/figure>\n<p>Kam skute\u010dn\u011b doteklo 37,4 milion\u016f z 260 milion\u016f vybran\u00fdch ze sb\u00edrky Nemesis Skupiny D p\u0159es firmu FPV Space dle dokumentu M\u011bstsk\u00e9ho soudu v Praze:<\/p>\n<ul class=\"nemesis-list\">\n<li>9 071 112 K\u010d na osobn\u00ed bankovn\u00ed \u00fa\u010det Jany Hrub\u00e9<\/li>\n<li>228 150 K\u010d na firemn\u00ed \u00fa\u010det Jany Hrub\u00e9<\/li>\n<li>6 652 553 K\u010d na firemn\u00ed \u00fa\u010det POUL SPACE s.r.o. &#8211; majitel Zden\u011bk Poul<\/li>\n<li>3 382 378 K\u010d na osobn\u00ed \u00fa\u010dty Zde\u0148ka Poula<\/li>\n<li>1 022 876 K\u010d na spo\u0159ic\u00ed \u00fa\u010det Davida \u0160pa\u010dka (\u017eivotn\u00ed partner Jany Hrub\u00e9)<\/li>\n<li>499 092 K\u010d na \u00fa\u010det b\u00fdval\u00e9 partnerky a matky d\u011bt\u00ed Jana Veverky<\/li>\n<li>2 739 089 K\u010d SUV Mercedes-Benz GLE 450 D po\u0159\u00edzen\u00fd dne 28.02.2024 s n\u00e1jezdem 8.125 km<\/li>\n<li>2 499 000 K\u010d SUV BMW x5 xdrive 40i po\u0159\u00edzen\u00fd dne 05.08.2024 s n\u00e1jezdem 3.699 km<\/li>\n<li>1 999 000 K\u010d SUV Mercedes-Benz GLE 400 D po\u0159\u00edzen\u00fd dne 22.03.2024 s n\u00e1jezdem 37.773 km<\/li>\n<li>1 373 914 K\u010d Mercedes-Benz VITO TOURER po\u0159\u00edzen\u00e9 dne 16.02.2024 s n\u00e1jezdem 25.550 km<\/li>\n<li>7 980 000 K\u010d mzdy \u0161esti sv\u00fdch zam\u011bstnanc\u016f v roce 2024<\/li>\n<li>31 472 300 K\u010d z\u016fst\u00e1v\u00e1 zmra\u017eeno na \u00fa\u010dtu spol. FPV Space s.r.o<\/li>\n<\/ul>\n<p>Policie zajistila dohromady 78 milion\u016f korun. Spolu s popsan\u00fdmi v\u00fddaji na platy, odm\u011bny \u010di auta jde o 111,82 milionu, je\u017e neskon\u010dily jako \u00fahrada za drony. \u010clenov\u00e9 Skupiny D se h\u00e1j\u00ed t\u00edm, \u017ee hospoda\u0159en\u00ed spolku kontroloval audit, kter\u00fd konstatoval, \u017ee je v\u0161e v po\u0159\u00e1dku. Audit ale nikdy nezve\u0159ejnili, pouze tvrd\u00ed, \u017ee jej vid\u011bli Prezident Petr Pavel a premi\u00e9r Andrej Babi\u0161, kte\u0159\u00ed to v\u0161ak nikdy nepotvrdili. A tak\u00e9, \u017ee sb\u00edrku kontrolovala i arm\u00e1da, co\u017e je nesmysl, proto\u017ee ta takov\u00e9 pravomoci nem\u00e1. Nehled\u011b na skute\u010dnost, \u017ee pen\u00edze tekly mimo sb\u00edrku p\u0159es firmy Poula a Hrub\u00e9 zalo\u017een\u00e9 Veverkou, co\u017e audit hospoda\u0159en\u00ed Skupiny D nemohl jakkoliv kontrolovat. Dal\u0161\u00ed pen\u00edze tak nebyly zpronev\u011b\u0159eny jen d\u00edky z\u00e1sahu Policie a zmrazen\u00ed soukrom\u00fdch a firemn\u00edch \u00fa\u010dt\u016f Hrub\u00e9 a Poula, jinak by u\u017e byly nejsp\u00ed\u0161 tak\u00e9 vyu\u017eity k osobn\u00edm pot\u0159eb\u00e1m a obohacen\u00ed. FPV SPACE respektive jej\u00ed majitel\u00e9 Hrub\u00e1 a Poul te\u010f bombarduj\u00ed \u00dastavn\u00ed soud se st\u00ed\u017enostmi na postup Vojensk\u00e9 policie a M\u011bstsk\u00e9ho soudu v Praze, marn\u011b, jejich pod\u00e1n\u00ed u\u017e t\u0159ikr\u00e1t odm\u00edtl: &#8222;Rozhodnut\u00ed policejn\u00edho org\u00e1nu m\u00e1 z\u00e1konn\u00fd podklad, bylo vyd\u00e1no k tomu p\u0159\u00edslu\u0161n\u00fdm org\u00e1nem, sleduje legitimn\u00ed c\u00edl, je ve vztahu k okolnostem p\u0159\u00edpadu p\u0159im\u011b\u0159en\u00e9 a nen\u00ed projevem sv\u00e9vole. \u2026Upozornil (\u00dastavn\u00ed soud v p\u0159edchoz\u00edm zam\u00edtnut\u00ed), \u017ee sama auditorsk\u00e1 spole\u010dnost \u010dinila sv\u00e9 hodnocen\u00ed s v\u00fdhradou, \u017ee ke sv\u00e9mu auditu nem\u00e1 dostatek nez\u00e1visl\u00fdch podklad\u016f, a proto m\u016f\u017ee b\u00fdt jej\u00ed hodnocen\u00ed zkreslen\u00e9. M\u011bstsk\u00fd soud rovn\u011b\u017e upozornil na to, \u017ee zat\u00edm nebylo prok\u00e1z\u00e1no, \u017ee by v rozhoduj\u00edc\u00ed m\u00ed\u0159e doch\u00e1zelo k jak\u00e9koliv \u00faprav\u011b nebo oprav\u011b dron\u016f, co\u017e by eventu\u00e1ln\u011b navy\u0161ovalo n\u00e1klady nutn\u00e9 na jejich po\u0159\u00edzen\u00ed. Tyto dva d\u016fle\u017eit\u00e9 z\u00e1v\u011bry p\u0159itom st\u011b\u017eovatelka (firma) v \u00fastavn\u00ed st\u00ed\u017enosti pom\u00edj\u00ed. Napaden\u00e1 rozhodnut\u00ed podrobn\u011b popisuj\u00ed, v \u010dem m\u011bla st\u011b\u017eovatelkou p\u00e1chan\u00e1 trestn\u00e1 \u010dinnost spo\u010d\u00edvat, v\u010detn\u011b nespr\u00e1vn\u00e9 kategorizace dron\u016f jako zbo\u017e\u00ed dvoj\u00edho u\u017eit\u00ed.&#8220;<\/p>\n<div class=\"nemesis-sources\"><p class=\"nemesis-sources-label\">Zdroje<\/p><ul>\n<li>Sp.zn.: II.\u00daS 759\/26 #1 \u2014 <a href=\"https:\/\/nalus.usoud.cz\/Search\/GetText.aspx?sz=2-759-26_1\" target=\"_blank\" rel=\"noopener\">https:\/\/nalus.usoud.cz\/Search\/GetText.aspx?sz=2-759-26_1<\/a><\/li>\n<li>Sp.zn.: IV.\u00daS 808\/26 #1 \u2014 <a href=\"https:\/\/nalus.usoud.cz\/Search\/GetText.aspx?sz=4-808-26_1\" target=\"_blank\" rel=\"noopener\">https:\/\/nalus.usoud.cz\/Search\/GetText.aspx?sz=4-808-26_1<\/a><\/li>\n<li>Sp.zn.: IV.\u00daS 408\/26 #1 \u2014 <a href=\"https:\/\/nalus.usoud.cz\/Search\/GetText.aspx?sz=4-408-26_1\" target=\"_blank\" rel=\"noopener\">https:\/\/nalus.usoud.cz\/Search\/GetText.aspx?sz=4-408-26_1<\/a><\/li>\n<\/ul><\/div>\n<p>Zb\u00fdv\u00e1 podotknout, \u017ee jak\u00e1koliv obhajoba takto vysok\u00fdch n\u00e1klad\u016f na napln\u011bn\u00ed \u00fa\u010delu sb\u00edrky, i p\u0159es &#8222;ukryt\u00ed&#8220; v dal\u0161\u00edch firm\u00e1ch, nem\u016f\u017ee nikdy obst\u00e1t. Je to prachsprost\u00e1 nena\u017eranost po\u0161kozuj\u00edc\u00ed ostatn\u00ed poctiv\u00e9 sb\u00edrky, a kaz\u00ed jm\u00e9no cel\u00e9 komunit\u011b, kter\u00e1 se sna\u017e\u00ed pom\u00e1hat Ukrajin\u011b. Kdy\u017e za\u010dne d\u011blat dobrodin\u00ed \u0161\u00edbr, dopadne to v\u017edycky stejn\u011b, shnil\u00e9 vejce zasmrad\u00ed cel\u00fd ko\u0161\u00edk.<\/p>\n<div class=\"nemesis-sources\"><p class=\"nemesis-sources-label\">Zdroje<\/p><ul>\n<li><a href=\"https:\/\/www.novinky.cz\/clanek\/domaci-hradni-vojenskou-kancelar-povede-general-hasala-40421858\" target=\"_blank\" rel=\"noopener\">https:\/\/www.novinky.cz\/clanek\/domaci-hradni-vojenskou-kancelar-povede-general-hasala-40421858<\/a><\/li>\n<li><a href=\"https:\/\/www.irozhlas.cz\/zpravy-domov\/proverovani-nasvedcuje-ze-se-na-sbirce-skupiny-d-na-drony-obohacovaly-spriznene_2603240500_hrk\" target=\"_blank\" rel=\"noopener\">https:\/\/www.irozhlas.cz\/zpravy-domov\/proverovani-nasvedcuje-ze-se-na-sbirce-skupiny-d-na-drony-obohacovaly-spriznene_2603240500_hrk<\/a><\/li>\n<\/ul><\/div>\n<\/div>\n\n<div id=\"milan-mikulecky\" class=\"nemesis-chapter\"><h2>Milan Mikuleck\u00fd<\/h2>\n<p>A\u017e do \u00fa\u010dasti ve Skupin\u011b D Milan Mikuleck\u00fd ve\u0159ejn\u011b vystupoval prakticky jen jako \u0159editel leteck\u00fdch festival\u016f, \u010di p\u0159edseda spolku Historick\u00e9 letky Republiky \u010deskoslovensk\u00e9 a pozd\u011bji \u0159editel let\u0148ansk\u00e9ho leti\u0161t\u011b. Mikuleck\u00e9ho minulost je ale mnohem pest\u0159ej\u0161\u00ed. P\u0159izn\u00e1v\u00e1, \u017ee jej do zna\u010dn\u00e9 m\u00edry zformovala pr\u00e1ce v CIMEX HOLDING. Na podrobnosti je v\u0161ak pozoruhodn\u011b skoup\u00fd, realita je pro n\u011bj toti\u017e dnes zjevn\u011b p\u0159it\u011b\u017euj\u00edc\u00ed. Co u\u017e ale nep\u0159izn\u00e1v\u00e1, a\u010dkoliv o sob\u011b tvrd\u00ed, \u017ee nesn\u00e1\u0161\u00ed jak\u00fdkoliv autorit\u00e1\u0159sk\u00fd re\u017eim, \u017ee s\u00e1m po jist\u00fd \u010das na Karlovarsku pracoval po boku b\u00fdval\u00fdch p\u0159\u00edslu\u0161n\u00edk\u016f StB, lid\u00ed kte\u0159\u00ed v\u011b\u0159itele obrali o miliardy, a lid\u00ed trestn\u011b st\u00edhan\u00fdch za v 90. letech obl\u00edben\u00e9 \u010dachry s DPH. A pak tak\u00e9 p\u0159\u00edmo pro vlivn\u00e9 ob\u010dany Ruska a B\u011bloruska z t\u00e9to doby. Mezit\u00edm se tak\u00e9 zab\u00fdval byznysem okolo letectv\u00ed, kdo v\u0161ak zk\u0159\u00ed\u017eil jeho pl\u00e1ny, musel se porou\u010det, \u010demu\u017e p\u0159edch\u00e1zely krajn\u011b nevyb\u00edrav\u00e9 praktiky. Z prost\u0159ed\u00ed letectv\u00ed tak\u00e9 pramen\u00ed jeho velk\u00fd vliv v m\u00e9di\u00edch, z\u00e1jem o letadla jej toti\u017e propojil s majitelem mocn\u00e9ho medi\u00e1ln\u00edho domu Seznam.cz Ivo Luka\u010dovi\u010dem, pod kter\u00fd spadaj\u00ed Seznam Zpr\u00e1vy \u010di novinky.cz. Kde mimochodem publikuje s\u00e1m Mikuleck\u00fd v roli \u201cbezpe\u010dnostn\u00edho experta\u201d, a jako novin\u00e1\u0159ka pracuje i jeho \u017eena.<\/p>\n<p>Na Seznamu \u2013 p\u0159edt\u00edm pracoval pro Luka\u010dovi\u010de \u2013 viz. kapitoly leti\u0161t\u011b se objevuje v&nbsp;roce 2022. Jeho man\u017eelka a moder\u00e1torka Eva Mikuleck\u00e1 za\u010dala pro server Novinky.cz pracovat rovn\u011b\u017e ve stejn\u00e9m roce. Jako postavi\u010dku m\u00e9di\u00ed ho tedy z\u0159ejm\u011b vyrobil Luka\u010dovi\u010d\u016fv Seznam ale svou roli musely sehr\u00e1t i kontakty Veverky a jeho vlivn\u00fdch spojenc\u016f v pra\u017esk\u00e9m podnikatelsk\u00e9m prost\u0159ed\u00ed. Od \u00fanora 2022 toti\u017e za\u017eil Mikuleck\u00fd medi\u00e1ln\u00ed vzestup jako koment\u00e1tor vojensko-bezpe\u010dnostn\u00ed situace. Zvaly si jej nejvlivn\u011bj\u0161\u00ed medi\u00e1ln\u00ed servery jako Idnes.cz, Blesk.cz, DVTV.cz, Novinky.cz a \u010cesk\u00e1 televize, co\u017e je na koment\u00e1torsk\u00e9ho nov\u00e1\u010dka neobvykle \u201eraketov\u00fd start\u201c. V jeho exkluzivn\u00edm p\u0159\u00edstupu do vys\u00edl\u00e1n\u00ed \u010cesk\u00e9 televize bude hr\u00e1t roli i jeho man\u017eelka Eva Mikuleck\u00e1, co by b\u00fdval\u00e1 moder\u00e1torka \u010cT.<\/p>\n<p>Po tom co se provalily \u010dachry s pen\u011bzi na drony kolem skupiny D, dost\u00e1v\u00e1 Mikuleck\u00fd prostor hovo\u0159it o \u00fapln\u011b jin\u00e9m pozitivn\u00edm t\u00e9matu na zd\u00e1nliv\u011b nez\u00e1visl\u00e9 podcastov\u00e9 platform\u011b Vlny. T\u00e9to praktice se \u0159\u00edk\u00e1 spin doctoring, a v \u010cesku je na n\u00ed uzn\u00e1van\u00fd expert Marek Han\u010d, \u010dlen Veverkovy jednotky v arm\u00e1dn\u00edch z\u00e1loh\u00e1ch a jeho par\u0165\u00e1k z dob p\u016fsoben\u00ed na pra\u017esk\u00e9m magistr\u00e1tu, kde proti Romanu Janou\u0161kovi v kauze Opencard nehnuli prstem. Nejz\u00e1bavn\u011bj\u0161\u00ed moment je toti\u017e v tom, \u017ee platformu Vlny skryt\u011b ovl\u00e1d\u00e1 pr\u00e1v\u011b Veverk\u016fv letit\u00fd \u201cbyznysov\u00fd par\u0165\u00e1k\u201d  Janou\u0161ek a Roman Pitr, p\u0159es medi\u00e1ln\u00edho mana\u017eera Vladim\u00edra Pisk\u00e1\u010dka.<\/p>\n<p>Zaj\u00edmav\u00e9 je, \u017ee Mikuleck\u00fd se bez jak\u00e9hokoliv vzd\u011bl\u00e1n\u00ed a praxe dost dlouho pohyboval v&nbsp;bezpe\u010dnostn\u00edch kruz\u00edch (nepo\u010d\u00edt\u00e1me-li k\u0161eftov\u00e1n\u00ed s letouny L-159 v Ir\u00e1ku), nejen bez vysoko\u0161kolsk\u00e9ho, ale dokonce i st\u0159edo\u0161kolsk\u00e9ho vzd\u011bl\u00e1n\u00ed. Co\u017e dohnal alespo\u0148 koupenou maturitou v&nbsp;oboru Ekonomika a podnik\u00e1n\u00ed ze soukrom\u00e9 reklamn\u00ed \u0161koly. Tento \u201cbezpe\u010dnost\u00ed expert\u201d byl tak\u00e9 vyhozen\u00fd z&nbsp;jedn\u00e9 firmy pro kr\u00e1de\u017ee, a n\u00e1sledn\u011b i z Ministerstva obrany, proto\u017ee nem\u011bl bezpe\u010dnostn\u00ed prov\u011brku a zatajil pr\u00e1ci pro Rusy a B\u011blorusy. M\u00e9dia zachytila i jeho kari\u00e9ru na ministerstvu obrany, kdy p\u016fsobil jako poradce ministra Martina Stropnick\u00e9ho (za ANO).<\/p>\n<p>Letectv\u00ed jej ale propojuje i se spole\u010dnost\u00ed Bigboard Jana Veverky, a spole\u010dnost\u00ed PPF. A samoz\u0159ejm\u011b nelze opomenout \u010dlenstv\u00ed ve Veverkov\u011b jednotce v Aktivn\u00edch z\u00e1loh\u00e1ch.<\/p>\n<p>Pam\u011btn\u00edci parlamentn\u00edch kulo\u00e1r\u016f tak\u00e9 hovo\u0159\u00ed o tom, \u017ee Mikuleck\u00fd po jist\u00fd \u010das d\u011blal asistenta poslanci Michalu Krausovi, nechvaln\u011b proslul\u00e9mu jako \u201cKakaov\u00fd bob\u201d. V lednu 2006 MF DNES zjistila, \u017ee podnikatel Franti\u0161ek Rigo (v t\u00e9 dob\u011b odsouzen za stomilionov\u00fd podvod v Kreditn\u00ed bance Plze\u0148) byl v roce 2001 dojedn\u00e1vat obchody v Ghan\u011b. \u0160lo o n\u00e1kup podniku na zpracov\u00e1n\u00ed kakaov\u00fdch bob\u016f. V Ghan\u011b byl s poslancem \u010cSSD Michalem Krausem. A kdy\u017e podepisovali smlouvu o smlouv\u011b budouc\u00ed na n\u00e1kup tov\u00e1rny, podepsal se Kraus za \u010deskou stranu jako &#8222;director&#8220;, tedy \u0159editel projektu. Rigo tvrdil, \u017ee \u0161lo o investici celkem p\u016fl miliardy korun a \u017ee s takovou sumou m\u011bla disponovat \u010cSSD, proto\u017ee to byla \u010d\u00e1st \u00faplatku za n\u00e1kup \u0161v\u00e9dsk\u00fdch st\u00edha\u010dek Gripen. Kraus to pop\u0159el a p\u0159ed ve\u0159ejnost\u00ed tajil, kdo mu p\u016fj\u010dil dva miliony korun na z\u00e1lohu, kterou na ghansk\u00fd projekt v roce 2001 poslal. Kraus nejd\u0159\u00edve tvrdil, \u017ee pen\u00edze pat\u0159ily jeho spole\u010dn\u00edku Rigovi. Pak v\u0161ak policii do protokolu uvedl, \u017ee si dva miliony p\u016fj\u010dil on s\u00e1m od jist\u00e9ho podnikatele z Pardubic, vlo\u017eil je na \u00fa\u010det sv\u00e9 matky a pot\u00e9 poslal na \u00fa\u010det ghansk\u00e9 agentury pro privatizaci.<\/p>\n<p>Zaj\u00edmav\u00e9 jsou tak\u00e9 Mikuleck\u00e9ho k\u0161efty s letouny Aero L-159 Alca, v minulosti m\u011bl co do\u010din\u011bn\u00ed s jejich dod\u00e1vkami pro Ir\u00e1k, respektive v roce 2015 \u00fadajn\u011b p\u016fsobil na Ir\u00e1ck\u00e9m velitelstv\u00ed vzdu\u0161n\u00fdch sil, kter\u00e9 je zav\u00e1d\u011blo do v\u00fdzbroje. V roce 2016 u\u017e byly v akci. Kdy\u017e p\u0159i\u0161el z \u010dista jasna prezident Petr Pavel s my\u0161lenkou, \u017ee by se n\u011bkter\u00e9 tyto letouny Arm\u00e1dy \u010cR mohly darovat nebo prodat Ukrajin\u011b, Mikuleck\u00fd tuto my\u0161lenku vehementn\u011b podporoval. V\u016fbec mu p\u0159itom nevadilo, \u017ee letouny arm\u00e1da nezbytn\u011b pot\u0159ebuje pro v\u00fdcvik na\u0161ich pilot\u016f, v\u017edy\u0165 by si mohla koupit nov\u00e9.<\/p>\n<p>V sou\u010dasn\u00e9 dob\u011b Mikuleck\u00fd pravideln\u011b, dobrovoln\u011b a aktivn\u011b doch\u00e1z\u00ed za premi\u00e9rem Andrejem Babi\u0161em, aby mu pod\u00e1val informace. Z\u0159ejm\u011b se chce zavd\u011b\u010dit a z\u00edskat n\u011bjak\u00e9 zaj\u00edmav\u00e9 m\u00edsto ve st\u00e1tn\u00ed spr\u00e1v\u011b. Zat\u00edm Babi\u0161ovi slou\u017e\u00ed jen jako \u201cnez\u00e1visl\u00e1 hl\u00e1sn\u00e1 trouba\u201d vyu\u017e\u00edv\u00e1 Mikuleck\u00e9ho medi\u00e1ln\u00ed vyj\u00e1d\u0159en\u00ed jako podporu pro svou politiku obrany st\u00e1tu nebo v\u00fddaj\u016fm na arm\u00e1du.<\/p>\n<div class=\"nemesis-sources\"><p class=\"nemesis-sources-label\">Zdroje:<\/p><ul><li><a href=\"https:\/\/www.novinky.cz\/autor\/milan-mikulecky-200\" target=\"_blank\" rel=\"noopener\">https:\/\/www.novinky.cz\/autor\/milan-mikulecky-200<\/a><\/li><li><a href=\"https:\/\/www.novinky.cz\/autor\/eva-mikulecka-266\" target=\"_blank\" rel=\"noopener\">https:\/\/www.novinky.cz\/autor\/eva-mikulecka-266<\/a><\/li><li><a href=\"https:\/\/kdojeto.superia.cz\/politika\/milan_mikulecky.php\" target=\"_blank\" rel=\"noopener\">https:\/\/kdojeto.superia.cz\/politika\/milan_mikulecky.php<\/a><\/li><li><a href=\"https:\/\/www.vlny.cz\/clanek\/analytik-mikulecky-v-podcastu-denik-reporterek-odkryva-kolaps-v-africe-mistni-vojaci-veri-amuletum-a-rusko-tam-buduje-zrudny-kvazi-stat\" target=\"_blank\" rel=\"noopener\">https:\/\/www.vlny.cz\/clanek\/analytik-mikulecky-v-podcastu-denik-reporterek-odkryva-kolaps-v-africe-mistni-vojaci-veri-amuletum-a-rusko-tam-buduje-zrudny-kvazi-stat<\/a><\/li><li><a href=\"https:\/\/www.seznamzpravy.cz\/clanek\/ekonomika-firmy-lide-z-okruhu-romana-janouska-maji-vliv-i-v-podcastove-platforme-vlny-309394\" target=\"_blank\" rel=\"noopener\">https:\/\/www.seznamzpravy.cz\/clanek\/ekonomika-firmy-lide-z-okruhu-romana-janouska-maji-vliv-i-v-podcastove-platforme-vlny-309394<\/a><\/li><li><a href=\"https:\/\/www.seznamzpravy.cz\/clanek\/tohle-jsou-babisovi-mladi-marketeri-na-iluze-ma-premier-sve-lidi-44092\" target=\"_blank\" rel=\"noopener\">https:\/\/www.seznamzpravy.cz\/clanek\/tohle-jsou-babisovi-mladi-marketeri-na-iluze-ma-premier-sve-lidi-44092<\/a><\/li><li><a href=\"https:\/\/www.idnes.cz\/zpravy\/domaci\/kakaovy-kraus-za-tri-roky-zbohatl-a-vraci-se-do-politiky.A090823_215628_domaci_anv\" target=\"_blank\" rel=\"noopener\">https:\/\/www.idnes.cz\/zpravy\/domaci\/kakaovy-kraus-za-tri-roky-zbohatl-a-vraci-se-do-politiky.A090823_215628_domaci_anv<\/a><\/li><li><a href=\"https:\/\/www.facebook.com\/watch\/?v=1158429026366049\" target=\"_blank\" rel=\"noopener\">https:\/\/www.facebook.com\/watch\/?v=1158429026366049<\/a><\/li><li><a href=\"https:\/\/www.novinky.cz\/clanek\/zahranicni-l-159-ceske-vyroby-bombarduji-islamisty-denne-nepolevi-ani-o-svatcich-40018651\" target=\"_blank\" rel=\"noopener\">https:\/\/www.novinky.cz\/clanek\/zahranicni-l-159-ceske-vyroby-bombarduji-islamisty-denne-nepolevi-ani-o-svatcich-40018651<\/a><\/li><li><a href=\"https:\/\/www.idnes.cz\/zpravy\/domaci\/mikulecky-bitevnik-l-159-pro-ukrajinu.A230304_092935_domaci_ivos\" target=\"_blank\" rel=\"noopener\">https:\/\/www.idnes.cz\/zpravy\/domaci\/mikulecky-bitevnik-l-159-pro-ukrajinu.A230304_092935_domaci_ivos<\/a><\/li><li><a href=\"https:\/\/www.novinky.cz\/clanek\/domaci-pavel-neprodanim-letadel-ukrajine-jsme-se-priblizili-sobectvi-40558422\" target=\"_blank\" rel=\"noopener\">https:\/\/www.novinky.cz\/clanek\/domaci-pavel-neprodanim-letadel-ukrajine-jsme-se-priblizili-sobectvi-40558422<\/a><\/li><li><a href=\"https:\/\/www.hrot24.cz\/clanek\/obrana-schvalila-modernizaci-letadel-l-159-a-airbus-za-tri-miliardy-korun-armada-vycvik-pilotu-letectvo-ctk-HxeGA\" target=\"_blank\" rel=\"noopener\">https:\/\/www.hrot24.cz\/clanek\/obrana-schvalila-modernizaci-letadel-l-159-a-airbus-za-tri-miliardy-korun-armada-vycvik-pilotu-letectvo-ctk-HxeGA<\/a><\/li><li><a href=\"https:\/\/www.facebook.com\/AndrejBabis\/posts\/milan-mikuleck%C3%BD-naprosto-p%C5%99esn%C4%9B-\/1527908285361011\/\" target=\"_blank\" rel=\"noopener\">https:\/\/www.facebook.com\/AndrejBabis\/posts\/milan-mikuleck%C3%BD-naprosto-p%C5%99esn%C4%9B-\/1527908285361011\/<\/a><\/li><\/ul><\/div>\n<h3>Cimex &#8211; StB, o\u0161kuban\u00ed v\u011b\u0159itel\u00e9, podvod s DPH a Klausova amnestie<\/h3>\n<p>Kari\u00e9ra \u201cbezpe\u010dnostn\u00edho experta\u201d Milana Mikuleck\u00e9ho za\u010d\u00edn\u00e1 v letech 1995 a\u017e 1998 v CIMEX HOLDING, existuj\u00ed ve\u0159ejn\u00e9 zm\u00ednky o jeho funkci asistenta gener\u00e1ln\u00edho \u0159editele a \u0159editele odboru vn\u011bj\u0161\u00edch vztah\u016f. S\u00e1m Mikuleck\u00fd o sob\u011b prohl\u00e1sil, \u017ee jej p\u016fsoben\u00ed v t\u00e9to firm\u011b \u201cz\u00e1sadn\u011b formovalo\u201d. Dob\u0159e v\u011bd\u011bl o \u010dem mluv\u00ed, bylo to toti\u017e velmi \u201cpodn\u011btn\u00e9\u201d prost\u0159ed\u00ed o n\u011bm\u017e informovalo v roce 2003 Euro.cz. P\u0159edseda p\u0159edstavenstva Cimexu a z\u00e1rove\u0148 gener\u00e1ln\u00ed \u0159editel Petr Luke\u0161 byl veden jako d\u016fv\u011brn\u00edk, tajn\u00fd spolupracovn\u00edk a agent St\u00e1tn\u00ed Bezpe\u010dnosti (StB). \u201cV Cimexu a dce\u0159in\u00fdch firm\u00e1ch nebyl s\u00e1m a ne\u0161lo jenom o spolupracovn\u00edky tajn\u00e9 policie. N\u011bkolik zdroj\u016f zaznamen\u00e1v\u00e1 nyn\u011bj\u0161\u00edho \u0161\u00e9fa dozor\u010d\u00ed rady Cimex Koncernu Ji\u0159\u00edho Novotn\u00e9ho jako d\u016fstojn\u00edka StB v Karlov\u00fdch Varech,\u201d p\u00ed\u0161e web.<\/p>\n<p>Kolem Mikuleck\u00e9ho \u0161\u00e9fa Luke\u0161e s vazbami na Karlovarskou ODS se ale d\u011bly je\u0161t\u011b zaj\u00edmav\u011bj\u0161\u00ed ud\u00e1losti. Pot\u00e9, co Cimex vstoupila do chomutovsk\u00e9 skupiny VT Dioss, p\u0159evedl Luke\u0161 se sv\u00fdmi obchodn\u00edmi partnery majetek t\u00e9to spole\u010dnosti a t\u0159\u00ed dce\u0159in\u00fdch firem na novou firmu V\u00e1lcovny trub Chomutov. Ta v\u0161ak kupn\u00ed cenu zaplatila sm\u011bnkami se splatnost\u00ed na deset a t\u0159in\u00e1ct let. Ve spole\u010dnostech VT Dioss po p\u0159eveden\u00ed d\u016fle\u017eit\u00e9ho majetku z\u016fstaly pouze dluhy a t\u0159i dcery skon\u010dily v konkurzu. S\u00e1m Luke\u0161 pro Hospod\u00e1\u0159sk\u00e9 noviny v roce 2006 uvedl, \u017ee \u010d\u00e1st sm\u011bnek cht\u011bla v \u010dervnu 1997 p\u0159evz\u00edt IPB (zkrachovala p\u0159edlu\u017een\u00edm). Probl\u00e9m to byl hlavn\u011b pro v\u011b\u0159itele VT Dioss, Luke\u0161e a dal\u0161\u00ed za\u010dala st\u00edhat policie, proto\u017ee je t\u00edm m\u011bli p\u0159ipravit o 4,6 miliardy korun.<\/p>\n<p>To v\u0161ak nebylo v\u0161e, pozornost kriminalist\u016f vzbudil i pokus p\u0159es v\u00e1lcovny trub o neopr\u00e1vn\u011bn\u00fd nadm\u011brn\u00fd odpo\u010det DPH u karlovarsk\u00e9ho finan\u010dn\u00edho \u00fa\u0159adu, po kter\u00e9m by st\u00e1t \u00fadajn\u011b p\u0159i\u0161el o 520 milion\u016f korun. Obvin\u011bn m\u011bl b\u00fdt p\u0159edseda p\u0159edstavenstva V\u00e1lcoven Miroslav Bi\u010di\u0161t\u011b. \u201eTo d\u00e9p\u00e9h\u00e1\u010dko byl opravdu pr\u016f\u0161vih. Luke\u0161 do toho j\u00edt necht\u011bl, m\u011bl z toho strach, ale nakonec se nechal p\u0159esv\u011bd\u010dit tehdej\u0161\u00edm ekonomick\u00fdm \u0159editelem Cimexu Vladim\u00edrem \u0160aldou. Po\u0161kozov\u00e1n\u00ed v\u011b\u0159itel\u016f, za n\u011b\u017e te\u010f Luke\u0161e st\u00edhaj\u00ed, to je absolutn\u00ed nesmysl. Tam se nic, co by si zaslou\u017eilo trest, nestalo,\u201d prohl\u00e1sil pro t\u00fdden\u00edk EURO b\u00fdval\u00fd Luke\u0161\u016fv osobn\u00ed asistent Milan Mikuleck\u00fd.<\/p>\n<p>Ani t\u00edm ale p\u0159\u00edb\u011bh nekon\u010d\u00ed, Luke\u0161 se p\u0159ed st\u00edh\u00e1n\u00edm uch\u00fdlil do USA, odkud m\u011bl b\u00fdt vyd\u00e1n k soudn\u00edmu l\u00ed\u010den\u00ed. Jen\u017ee do soukol\u00ed spravedlnosti zas\u00e1hla amnestie tehdej\u0161\u00edho prezidenta \u010cR V\u00e1clava Klause (ODS). V roce 2013 p\u00ed\u0161\u00ed lidovky, \u017ee Klausova amnestie ukon\u010dila soud s jeho p\u0159\u00edtelem Petrem Luke\u0161em.<\/p>\n<div class=\"nemesis-sources\"><p class=\"nemesis-sources-label\">Zdroje:<\/p><ul><li><a href=\"https:\/\/archiv.hn.cz\/c1-864039-z-valnych-hromad\" target=\"_blank\" rel=\"noopener\">https:\/\/archiv.hn.cz\/c1-864039-z-valnych-hromad<\/a><\/li><li><a href=\"https:\/\/archiv.hn.cz\/c1-917522-podniky-a-podnikani\" target=\"_blank\" rel=\"noopener\">https:\/\/archiv.hn.cz\/c1-917522-podniky-a-podnikani<\/a><\/li><li><a href=\"https:\/\/milanmikulecky.cz\/\" target=\"_blank\" rel=\"noopener\">https:\/\/milanmikulecky.cz\/<\/a><\/li><li><a href=\"https:\/\/www.euro.cz\/clanky\/pane-vrchni-platit-2-807505\/\" target=\"_blank\" rel=\"noopener\">https:\/\/www.euro.cz\/clanky\/pane-vrchni-platit-2-807505\/<\/a><\/li><li><a href=\"https:\/\/archiv.hn.cz\/c1-813180-obvineny-sef-cimexu-petr-lukes-odmitl-prijet-do-cr-k-vyslechu\" target=\"_blank\" rel=\"noopener\">https:\/\/archiv.hn.cz\/c1-813180-obvineny-sef-cimexu-petr-lukes-odmitl-prijet-do-cr-k-vyslechu<\/a><\/li><li><a href=\"https:\/\/www.lidovky.cz\/ceska-pozice\/klausova-amnestie-ukoncila-soud-s-jeho-pritelem-petrem-lukesem.A130113_235021_pozice_91036\" target=\"_blank\" rel=\"noopener\">https:\/\/www.lidovky.cz\/ceska-pozice\/klausova-amnestie-ukoncila-soud-s-jeho-pritelem-petrem-lukesem.A130113_235021_pozice_91036<\/a><\/li><\/ul><\/div>\n<h3>D\u011blal pro Rusy. Pro velk\u00e9 ryby<\/h3>\n<p>V obdob\u00ed od 1. z\u00e1\u0159\u00ed 1999 a\u017e do 24. \u0159\u00edjna 2000 p\u016fsobil Mikuleck\u00fd jako jednatel nic ne\u0159\u00edkaj\u00edc\u00ed karlovarsk\u00e9 spole\u010dnosti SYNCHROLINE CZECH, s.r.o. Ve stejn\u00e9 dob\u011b v\u0161ak spole\u010dnost vlastnilo hned n\u011bkolik ob\u010dan\u016f Rusk\u00e9 federace. Mezi nimi figuruj\u00ed velk\u00e9 ryby, jeden z majitel\u016f firmy byl Iakov Doubenetski, kter\u00fd byl kl\u00ed\u010dovou postavou rusk\u00e9ho st\u00e1tn\u00edho bankovnictv\u00ed 90. let s vazbami na nejvy\u0161\u0161\u00ed ekonomick\u00e9 patro Rusk\u00e9 federace. Jeho \u00e9ra je spojena s mnoha kontroverzemi:  byl oso\u010den z pokusu o vra\u017edu, motivem m\u011bl b\u00fdt spor o kyperskou banku Nez\u00e1visl\u00fd profsojuznyj bank, do n\u00ed\u017e Promstrojbank ukl\u00e1dal depozity s \u00farokem 45 % ro\u010dn\u011b. \u00da\u010dast v kauze pop\u0159el a nikdy nevedla k jeho odsouzen\u00ed. Je spojov\u00e1n i s krachem Promstrojbank v roce 1998, kterou vedl, banka byla p\u0159et\u00ed\u017eena nev\u00fdhodn\u00fdmi \u00fav\u011bry. Obdobn\u00e9 praktiky byly b\u011b\u017en\u00e9 i v \u010cesku v nejdivo\u010dej\u0161\u00ed f\u00e1zi 90. let. Podnikatel\u0161t\u00ed \u0161\u00edb\u0159i tunelovali banky jak na b\u011b\u017e\u00edc\u00edm p\u00e1se prost\u0159ednictv\u00edm \u00fav\u011br\u016f, kter\u00e9 jim schvalovali jejich lid\u00e9 nastr\u010den\u00ed v bank\u00e1ch. Ve chv\u00edli, kdy banku p\u0159edlu\u017eili, n\u00e1sledoval jej\u00ed krach, a zkrachovaly i firmy podnikatel\u016f s omezen\u00fdm ru\u010den\u00edm. Pen\u00edze a nastr\u010den\u00ed lid\u00e9 ve funkc\u00edch jednatel\u016f (tehdy se jim p\u0159ezd\u00edvalo b\u00edl\u00fd k\u016f\u0148), mizely nezn\u00e1mo kam. Ostatn\u011b masivn\u00ed nedostatky v \u00fav\u011brech st\u00e1ly i za krachem \u010desk\u00e9 IPB. Rusk\u00e1 m\u00e9dia o Doubenetsk\u00e9m psala, \u017ee osobn\u011b z krachu vy\u0161el dob\u0159e, zat\u00edmco v\u011b\u0159itel\u00e9 a zam\u011bstnanci utrp\u011bli velk\u00e9 ztr\u00e1ty. Promstrojbank byl v roce 2005 pohlcen Vn\u011b\u0161torgbankou (VTB). VTB je dnes pod sankcemi EU, USA i UK. I s t\u00edmto je v\u0161ak Doubenetski spojov\u00e1n.<\/p>\n<p>D\u00e1le pak mezi majiteli dodnes figuruje rodina Machekhin\u016f, zejm\u00e9na Victor Machekhin, kter\u00fd je moskevsk\u00fdm da\u0148ov\u00fdm pr\u00e1vn\u00edkem u advok\u00e1tn\u00ed kancel\u00e1\u0159e Linklaters &#8211; opakovan\u011b kritizov\u00e1n\u00e9 britsk\u00fdmi poslanci, m\u00e9dii jako Financial Times a The Guardian, protikorup\u010dn\u00ed organizac\u00ed Transparency International za zastupov\u00e1n\u00ed rusk\u00fdch oligarch\u016f a st\u00e1tn\u00edch korporac\u00ed propojen\u00fdch s Kremlem v souvislosti s korupc\u00ed. D\u00e1le za \u00fa\u010dast p\u0159i pronik\u00e1n\u00ed Rus\u016f a \u201cukl\u00e1d\u00e1n\u00ed jejich kapit\u00e1lu\u201d do lond\u00fdnsk\u00e9 ekonomiky. V rejst\u0159\u00edkov\u00e9 stop\u011b se objevuj\u00ed t\u0159i generace t\u00e9\u017ee rodiny (Alexander 1937, Vladimir 1960, Victor 1966, Liubov 1989) \u2013 jde tedy sp\u00ed\u0161e o rodinnou strukturu. Ledacos nazna\u010duj\u00ed tak\u00e9 Moskevsk\u00e9 adresy majitel\u016f karlovarsk\u00e9 spole\u010dnosti &#8211; Kutuzovsk\u00fd prospekt, 1. Tversk\u00e1-Jamsk\u00e1, Lavo\u010dkina, Ljapidevsk\u00e9ho, Begovaja, v\u0161e jsou presti\u017en\u00ed moskevsk\u00e9 lokality \u2013 obvykl\u00e9 u majetn\u00e9 nomenklatury a postsov\u011btsk\u00e9 elity.<\/p>\n<p>Tuto kari\u00e9rn\u00ed etapu v\u0161ak Mikuleck\u00fd ve sv\u00fdch \u017eivotopisech v\u016fbec neuv\u00e1d\u00ed, nato\u017e pak, jak se do veden\u00ed t\u00e9to spole\u010dnosti a spojitosti s jej\u00edmi majiteli dostal.  N\u011bkter\u00e9 servery uv\u00e1d\u00ed, \u017ee s odstupem doby p\u016fsob\u00ed tato \u017eivotn\u00ed \u0161tace trochu \u201etoxicky\u201c (jakoby nesta\u010dil Cimex). A \u017ee pr\u00e1v\u011b prok\u00e1zan\u00e9 podnik\u00e1n\u00ed v \u010cR a p\u0159\u00edjmy z n\u011bj byly na p\u0159elomu tis\u00edcilet\u00ed pro rusk\u00e9 majitele firmy schovan\u00fdmi za Mikuleck\u00fdm jednou z mo\u017enost\u00ed, jak nab\u00fdt v tuzemsku dlouhodob\u00fd nebo dokonce trval\u00fd pobyt. O mo\u017enosti investovat nabyt\u00fd \u201ckapit\u00e1l\u201d mimo Rusko nehovo\u0159e.<\/p>\n<div class=\"nemesis-sources\"><p class=\"nemesis-sources-label\">Zdroje:<\/p><ul><li><a href=\"https:\/\/or.justice.cz\/ias\/ui\/rejstrik-firma.vysledky?subjektId=163881&amp;typ=UPLNY\" target=\"_blank\" rel=\"noopener\">https:\/\/or.justice.cz\/ias\/ui\/rejstrik-firma.vysledky?subjektId=163881&amp;typ=UPLNY<\/a><\/li><li><a href=\"https:\/\/www.kommersant.ru\/doc\/19959\" target=\"_blank\" rel=\"noopener\">https:\/\/www.kommersant.ru\/doc\/19959<\/a><\/li><li><a href=\"https:\/\/ko.ru\/articles\/konformist-dubenetskiy-udachno-prodal-promstroybank-104442\/\" target=\"_blank\" rel=\"noopener\">https:\/\/ko.ru\/articles\/konformist-dubenetskiy-udachno-prodal-promstroybank-104442\/<\/a><\/li><li><a href=\"https:\/\/ko.ru\/articles\/khoroshiy-promstroybank-mertvyy-promstroybank-106726\/\" target=\"_blank\" rel=\"noopener\">https:\/\/ko.ru\/articles\/khoroshiy-promstroybank-mertvyy-promstroybank-106726\/<\/a><\/li><li><a href=\"https:\/\/www.ft.com\/content\/5f26f8bc-5c3d-11e8-9334-2218e7146b04\" target=\"_blank\" rel=\"noopener\">https:\/\/www.ft.com\/content\/5f26f8bc-5c3d-11e8-9334-2218e7146b04<\/a><\/li><li><a href=\"https:\/\/www.telegraph.co.uk\/business\/2018\/05\/21\/mps-accuse-top-city-law-firm-entwined-putin-allies\/\" target=\"_blank\" rel=\"noopener\">https:\/\/www.telegraph.co.uk\/business\/2018\/05\/21\/mps-accuse-top-city-law-firm-entwined-putin-allies\/<\/a><\/li><li><a href=\"https:\/\/www.thetimes.com\/uk\/politics\/article\/mps-criticise-elite-law-firm-linklaters-for-work-with-putin-allies-0298chp9h\" target=\"_blank\" rel=\"noopener\">https:\/\/www.thetimes.com\/uk\/politics\/article\/mps-criticise-elite-law-firm-linklaters-for-work-with-putin-allies-0298chp9h<\/a><\/li><li><a href=\"https:\/\/archive.vanityfair.com\/article\/2022\/7\/londongrad-is-falling-down\" target=\"_blank\" rel=\"noopener\">https:\/\/archive.vanityfair.com\/article\/2022\/7\/londongrad-is-falling-down<\/a><\/li><li><a href=\"https:\/\/www.independent.co.uk\/news\/uk\/politics\/russian-integration-londongrad-intelligence-bodies-a9630376.html\" target=\"_blank\" rel=\"noopener\">https:\/\/www.independent.co.uk\/news\/uk\/politics\/russian-integration-londongrad-intelligence-bodies-a9630376.html<\/a><\/li><li><a href=\"https:\/\/www.securitymagazin.cz\/defence\/v-zivotopise-zamlcel-angazma-pro-rusy-a-belorusy-z-ministerstva-ho-kvuli-proverce-vyhodili-kdo-je-nejcitovanejsi-bezpecnostni-expert-mikulecky-1404068843.html\" target=\"_blank\" rel=\"noopener\">https:\/\/www.securitymagazin.cz\/defence\/v-zivotopise-zamlcel-angazma-pro-rusy-a-belorusy-z-ministerstva-ho-kvuli-proverce-vyhodili-kdo-je-nejcitovanejsi-bezpecnostni-expert-mikulecky-1404068843.html<\/a><\/li><\/ul><\/div>\n<h3>Vytla\u010den\u00ed golfu z Let\u0148an<\/h3>\n<p>Mal\u00fd golfov\u00fd klub na nevyu\u017e\u00edvan\u00e9 \u010d\u00e1sti leti\u0161t\u011b v pra\u017esk\u00fdch let\u0148anech fungoval mezi roky 2003 a\u017e 2009, organizoval sportovn\u00ed \u010dinnost pro d\u011bti nejen z Let\u0148an a Kbel, golfov\u00e9 akademie, d\u011btsk\u00e9 dny a pozd\u011bji i golfov\u00fd klub Golf Club Bestgolf Blue Sky, pod \u010ceskou golfovou federac\u00ed.<\/p>\n<p>Pak ale p\u0159i\u0161la zm\u011bna. \u201cV sou\u010dasn\u00e9 dob\u011b je jeho provoz znemo\u017en\u011bn. P\u0159\u00edjezdov\u00e1 cesta byla rozor\u00e1na, vjezd oplocen, a to s jedin\u00fdm c\u00edlem \u2013 odv\u00e9st st\u00e1vaj\u00edc\u00ed klientelu, kterou jsme l\u00e9ta budovali, a obohatit se tak na \u00fakor jin\u00e9ho subjektu, i kdy\u017e jsme m\u011bli platnou n\u00e1jemn\u00ed smlouvu,\u201d ozn\u00e1mil zakladatel klubu Jakub \u010cepel\u00e1k v rozhovoru a pokra\u010doval: V\u0161e bylo zcela bez probl\u00e9mu, ne\u017e se vlastnictv\u00ed pozemk\u016f dostalo p\u0159edloni do rukou spole\u010dnosti Sit Prague a.s., jej\u00ed\u017e jedin\u00fdm \u010dlenem p\u0159edstavenstva se stal Milan Mikuleck\u00fd. \u010cepel\u00e1k popsal praktiky jak z nejdivo\u010dej\u0161\u00edch 90. let, kdy\u017e za\u010dal jednat Mikuleck\u00fd: Opravdov\u00fd zvrat nastal v pr\u016fb\u011bhu l\u00e9ta, kdy n\u00e1m byly vykradeny sklady golfov\u00e9ho vybaven\u00ed nezn\u00e1m\u00fdm pachatelem, kter\u00e9 se nach\u00e1zely v bl\u00edzkosti driving range. Vznikla n\u00e1m velk\u00e1 \u0161koda, odhadem p\u0159es milion korun. Tlaky se d\u00e1le stup\u0148ovaly. V z\u00e1\u0159\u00ed n\u00e1m pan Mikuleck\u00fd nab\u00eddl, abychom si pronajali p\u0159\u00edjezdovou cestu v\u010detn\u011b zpevn\u011bn\u00e9 panelov\u00e9 plochy. P\u0159esto\u017ee jsme z\u00e1jem o nab\u00edzenou smlouvu projevili, ze dne na den se na p\u0159\u00edjezdov\u00e9 cest\u011b objevila ochranka, a ta za\u010dala za vjezd do are\u00e1lu leti\u0161t\u011b vyb\u00edrat poplatek ve v\u00fd\u0161i 50 K\u010d za 30 minut vjezdu. Pozd\u011bji se \u010d\u00e1stka zvedla na 100 K\u010d. Neust\u00e1le jsme byli nat\u00e1\u010deni, fotografov\u00e1ni a sledov\u00e1ni, a\u0165 u\u017e p\u0159\u00edmo najatou ochrankou, ciz\u00edmi lidmi \u010di dv\u011bma zam\u011bstnanci uveden\u00e9 firmy. Najat\u00e1 ochranka n\u00e1m dokonce vyhro\u017eovala. Mikuleck\u00fd pak nechal postavit dal\u0161\u00ed ze\u010f ze strany Kbel od Mladoboleslavsk\u00e9 ulice, abychom se nemohli dostat na driving range z t\u00e9to strany. Z ostatn\u00edch sm\u011br\u016f a p\u0159\u00edstup\u016f z leti\u0161t\u011b autem n\u00e1m fyzicky br\u00e1nila najat\u00e1 ochranka. Zcela absurdn\u00ed situace nastala pot\u00e9, co nechal postavit p\u0159ed na\u0161e sklady betonov\u00e9 panely, abychom se nedostali do skladu pro zbo\u017e\u00ed. Nad n\u011bkter\u00fdm jeho opat\u0159en\u00edm jsme se museli \u00fatrpn\u011b sm\u00e1t, zejm\u00e9na kdy\u017e n\u00e1m nechal zava\u0159it sv\u00e1\u0159e\u010dkou p\u0159\u00edstupov\u00e1 vrata do na\u0161ich sklad\u016f. Mikuleck\u00fd si pak zalo\u017eil v uvoln\u011bn\u00e9m m\u00edst\u011b s partnerem vlastn\u00ed golfov\u00fd klub.<\/p>\n<div class=\"nemesis-sources\"><p class=\"nemesis-sources-label\">Zdroje:<\/p><ul><li><a href=\"http:\/\/www.golf-1.cz\/public\/userfiles\/nahranne-obrazky-k-dokumentum\/rozhovor-Cepelak.pdf\" target=\"_blank\" rel=\"noopener\">http:\/\/www.golf-1.cz\/public\/userfiles\/nahranne-obrazky-k-dokumentum\/rozhovor-Cepelak.pdf<\/a><\/li><\/ul><\/div>\n<h3>Vytla\u010den\u00ed z Leti\u0161t\u011b To\u010dn\u00e1<\/h3>\n<p>P\u00ed\u0161e se rok 2008 a novinky.cz v\u010detn\u011b dal\u0161\u00edch m\u00e9di\u00ed informuj\u00ed, \u017ee leti\u0161t\u011b To\u010dn\u00e1 na ji\u017en\u00edm okraji Prahy nezanikne. Vznikne na n\u011bm Leteck\u00e9 muzeum To\u010dn\u00e1. Pl\u00e1n zm\u011bny leti\u0161t\u011b p\u0159edstavil Milan Mikuleck\u00fd. \u201cLeti\u0161ti p\u0159itom aktu\u00e1ln\u011b hrozil z\u00e1nik, jeden z majitel\u016f soukrom\u00fdch pozemk\u016f, na kter\u00e9m se \u010d\u00e1ste\u010dn\u011b nach\u00e1z\u00ed, necht\u011bl prodlou\u017eit n\u00e1jemn\u00ed smlouvu na dal\u0161\u00ed rok. Nav\u00edc leti\u0161t\u011b neodpov\u00edd\u00e1 st\u00e1vaj\u00edc\u00edm pravidl\u016fm EU a po roce 2010 by se stejn\u011b nemohlo pou\u017e\u00edvat. V tu chv\u00edli pomohl Ivo Luka\u010dovi\u010d, kter\u00fd vykoupil zm\u00edn\u011bn\u00fd pozemek a je\u0161t\u011b n\u011bkolik dal\u0161\u00edch a p\u0159i\u0161el s ideou vybudovat na leti\u0161ti \u017eiv\u00e9 leteck\u00e9 muzeum.\u201d<\/p>\n<p>Jen\u017ee je\u0161t\u011b v roce 2009 p\u016fsobil na leti\u0161ti leteck\u00fd klub Aeroklub To\u010dn\u00e1, kter\u00fd tam fungoval od konce v\u00e1lky. &#8222;\u010c\u00edm d\u00e1l v\u00edce se za\u010d\u00edn\u00e1 objevovat snaha o omezen\u00ed na\u0161eho vlivu tady a snaha p\u0159evzet\u00ed provozov\u00e1n\u00ed na jin\u00e9ho provozovatele,&#8220; \u0159ekl tehdy Michal Franc z klubu. Pozemky pod leti\u0161t\u011bm v t\u00e9 dob\u011b pat\u0159ily M\u011bstsk\u00e9 \u010d\u00e1sti Praha 12, a ta s nimi m\u011bla jin\u00e9 z\u00e1m\u011bry. Prod\u00e1vala je za 160 milion\u016f podnikatel\u016fm Ivu Luka\u010dovi\u010dovi a Milanu Mikuleck\u00e9mu, kte\u0159\u00ed vlastnili asi t\u0159etinu pozemk\u016f a cht\u011bli v m\u00edst\u011b postavit leteck\u00e9 muzeem To\u010dn\u00e1. &#8222;Jedin\u00e1 na\u0161e podm\u00ednka je zaru\u010den\u00ed pokra\u010dov\u00e1n\u00ed Aeroklubu To\u010dn\u00e1 na tomto leti\u0161ti,&#8220; uvedl Franc. Aeroklub tehdy nam\u00edtal, \u017ee n\u00e1jemn\u00ed smlouva s m\u011bstskou \u010d\u00e1st\u00ed je platn\u00e1 do roku 2022. M\u011bsto v\u0161ak na\u0161lo d\u016fvod k zasl\u00e1n\u00ed v\u00fdpov\u011bdi, dle starosty platn\u00e9, pokud by v\u00fdpov\u011b\u010f nezpochybnil soud. Mikuleck\u00fd op\u011bt za\u010dal jednat, tentokr\u00e1t ne n\u00e1tlak p\u0159es ochranku, zvolil ekonomickou likvidaci. &#8222;Rozhodn\u011b se nebr\u00e1n\u00edme tomu, aby Aeroklub To\u010dn\u00e1 v n\u011bjak\u00e9 podob\u011b fungoval na leti\u0161ti To\u010dn\u00e1. Je ov\u0161em ot\u00e1zka, jestli je to sou\u010dasn\u00e9 veden\u00ed Aeroklubu To\u010dn\u00e1 schopn\u00e9 akceptovat. Vzhledem k tomu, jak se zat\u00edm stav\u00ed v\u00fdrazn\u011b odm\u00edtav\u011b k na\u0161im dob\u0159e m\u00edn\u011bn\u00fdm nab\u00eddk\u00e1m k jedn\u00e1n\u00ed,&#8220; p\u0159ibl\u00ed\u017eil tehdy Mikuleck\u00fd. Se setrv\u00e1n\u00edm klubu se v\u0161ak nepo\u010d\u00edtalo. Klub do t\u00e9 doby podle smlouvy platil za n\u00e1jem necel\u00fdch 40 tis\u00edc ro\u010dn\u011b. Nov\u00e9 podm\u00ednky byly z\u0159ejm\u011b v\u00fdrazn\u011b jin\u00e9, nav\u00edc by musel Aeroklub To\u010dn\u00e1 platit nov\u00fdm majitel\u016fm poplatky za vzlet a p\u0159ist\u00e1n\u00ed. To mohlo st\u00e1t v\u00edc ne\u017e ro\u010dn\u00ed n\u00e1jem. \u201cFakt je ten, \u017ee m\u011bsto uzav\u0159elo dvacetiletou smlouvu s aeroklubem o provozov\u00e1n\u00ed leti\u0161t\u011b a tato smlouva je st\u00e1le v platnosti, marn\u00e1 sl\u00e1va. Na druh\u00e9 stran\u011b ch\u00e1pu, \u017ee provozovatel, kter\u00fd tam m\u00e1 do budoucna b\u00fdt, by m\u011bl b\u00fdt provozovatel, kter\u00fd m\u00e1 prost\u0159edky na to d\u00e1le leti\u0161t\u011b zvelebovat,&#8220; komentoval tehdy Prezident Leteck\u00e9 amat\u00e9rsk\u00e9 asociace \u010cesk\u00e9 republiky Jan Brskovsk\u00fd. \u201cAerokub To\u010dn\u00e1 se zrodil na Leti\u0161ti To\u010dn\u00e1 v Praze, odkud n\u00e1s okolnosti donutily odej\u00edt na na\u0161e nov\u00e9 p\u016fsobi\u0161t\u011b, leti\u0161t\u011b Slan\u00fd, kde jsme na\u0161li z\u00e1zem\u00ed,\u201d uv\u00e1d\u00ed dnes klub na sv\u00e9m webu.<\/p>\n<div class=\"nemesis-sources\"><p class=\"nemesis-sources-label\">Zdroje:<\/p><ul><li><a href=\"https:\/\/www.novinky.cz\/clanek\/domaci-video-tocna-se-zmeni-v-zive-letecke-muzeum-40214692\" target=\"_blank\" rel=\"noopener\">https:\/\/www.novinky.cz\/clanek\/domaci-video-tocna-se-zmeni-v-zive-letecke-muzeum-40214692<\/a><\/li><li><a href=\"https:\/\/radiozurnal.rozhlas.cz\/doletali-jste-sebereme-vam-letiste-6354672\" target=\"_blank\" rel=\"noopener\">https:\/\/radiozurnal.rozhlas.cz\/doletali-jste-sebereme-vam-letiste-6354672<\/a><\/li><li><a href=\"https:\/\/www.aktocna.cz\/\" target=\"_blank\" rel=\"noopener\">https:\/\/www.aktocna.cz\/<\/a><\/li><\/ul><\/div>\n<h3>Pr\u00fd leti\u0161t\u011b, pozemky a sysel za 10 miliard pro PPF<\/h3>\n<p>Jak ale bezejmenn\u00fd byznysmen Mikuleck\u00fd, respektive SIT Prague, p\u0159i\u0161el k tak v\u00fdznamn\u00e9mu majetku jako je leti\u0161t\u011b v Let\u0148anech s pozemky p\u0159es 50 hektar\u016f? Server E15 m\u016f\u017ee v roce 2011 jen spekulovat: je velmi pravd\u011bpodobn\u00e9, \u017ee miliard\u00e1\u0159 Luka\u010dovi\u010d v Praze vlastn\u00ed je\u0161t\u011b jedno leti\u0161t\u011b. Majitelem pozemk\u016f leti\u0161t\u011b v Praze-Let\u0148anech je nepr\u016fhledn\u00e1 firma SIT Prague (vlastn\u00edkem je podobn\u011b nepr\u016fhledn\u00e1 britsk\u00e1 firma Sky Invest Technology). Jedin\u00fdm \u010dlenem p\u0159edstavenstva SIT Prague je Milan Mikuleck\u00fd. Ten je mo\u017enou spojkou na Luka\u010dovi\u010de. Mikuleck\u00fd toti\u017e v roce 2008 z\u00e1rove\u0148 novin\u00e1\u0159\u016fm p\u0159edstavoval pl\u00e1ny Luka\u010dovi\u010dovy firmy Leteck\u00e9 muzeum To\u010dn\u00e1.<\/p>\n<p>M\u00e9dia tak\u00e9 v roce 2011 informuj\u00ed o dohod\u011b mezi let\u0148ansk\u00fdm starostou Ivanem Kabick\u00fdm, jeho kbelsk\u00fd prot\u011bj\u0161kem Pavlem \u017d\u010f\u00e1rsk\u00fdm a Milanem Mikuleck\u00fdm, co by z\u00e1stupcem provozovatele leti\u0161t\u011b, spole\u010dnosti SIT Prague, podepsan\u00e9 na pra\u017esk\u00e9m magistr\u00e1tu. P\u0159ipome\u0148me, v roce 2011 m\u00e1 na pra\u017esk\u00e9m magistr\u00e1tu v\u00fdznamn\u00fd vliv pr\u00e1v\u011b Jan Veverka, kamar\u00e1d Mikuleck\u00e9ho. Dohoda m\u011bla ukon\u010dit dlouholet\u00e9 spory.<\/p>\n<p>Osud leti\u0161t\u011b byl v\u0161ak daleko spletit\u011bj\u0161\u00ed, mimo\u0159\u00e1dn\u011b zasv\u011bcen\u011b jej v roce 2018 popisal novin\u00e1\u0159 Pavel P\u00e1ral (roky moderuj\u00edc\u00ed p\u0159edn\u00e1\u0161ky vlivn\u00e9ho Appia f\u00f3ra Jana Veverky). Lukrativn\u00ed pozemky po b\u00fdval\u00e9 tov\u00e1rn\u011b Letov a \u010cKD p\u0159ech\u00e1z\u00ed postupn\u011b na \u010ceskou konsolida\u010dn\u00ed agenturu, kter\u00e1 p\u0159ipravovala jejich prodej. V tr\u00e1vn\u00edku na leti\u0161ti v\u0161ak byl objeven chr\u00e1n\u011bn\u00fd sysel a hodnota pozemk\u016f prudce klesla: V roce 2004 tak z\u00edskala pou\u017eiteln\u00e9 zbytky \u010cKD na z\u00e1klad\u011b rozhodnut\u00ed vl\u00e1dy Vladim\u00edra \u0160pidly spole\u010dnost FITE-DV, koncern ovl\u00e1dan\u00fd jist\u00fdm Petrem Speychalem, tehdy v byznysu fakticky nezn\u00e1m\u00e9 figu\u0159e s pom\u011brn\u011b z\u00e1hadn\u00fdmi finan\u010dn\u00edmi zdroji. Celkov\u00e1 platba p\u0159itom dos\u00e1hla zhruba 180 milion\u016f korun. Majetek pak prot\u00e9kal p\u0159es r\u016fzn\u00e9 offshorov\u00e9 struktury z\u0159izovan\u00e9 zpravidla ve Velk\u00e9 Brit\u00e1nii. V roce 2007 se tak Leti\u0161t\u011b Praha Let\u0148any i se sysly objevilo jako majetek firmy Sky Invest Technology Prague, pobo\u010dky jak\u00e9si britsk\u00e9 investi\u010dn\u00ed spole\u010dnosti, kterou nikdo nezn\u00e1. Brzy se v\u0161ak objevuje jako jednatel spole\u010dnosti Leti\u0161t\u011b Praha Let\u0148any \u010dlov\u011bk, jeho\u017e p\u0159\u00edjmen\u00ed u\u017e dob\u0159e zn\u00e1me \u2013 Robert Speychal (dnes \u0159editel odboru na Ministerstvu obrany), bratr v\u00fd\u0161e zm\u00edn\u011bn\u00e9ho Petra. P\u00e1ral si u\u017e n\u00e1hodou nev\u0161\u00edm\u00e1, \u017ee obchodn\u00ed rejst\u0159\u00edk zaznamen\u00e1v\u00e1 je\u0161t\u011b p\u0159ed Speychalem jako \u010dlena p\u0159edstavenstva Milana Mikuleck\u00e9ho (Den vzniku \u010dlenstv\u00ed: 15. listopadu 2007, vymaz\u00e1no 7. srpna 2012).<\/p>\n<p>\u201cJsem zam\u011bstnancem spole\u010dnosti SIT Prague a.s., nejsem a nikdy jsem nebyl jej\u00edm majitelem. Nicm\u00e9n\u011b mus\u00edm podotknout, \u017ee ani pro britsk\u00e9ho majitele nen\u00ed provozov\u00e1n\u00ed leti\u0161t\u011b Praha Let\u0148any ni\u010d\u00edm v\u00fdrazn\u011b lukrativn\u00edm, v sou\u010dasnosti \u201ejen\u201c vhodn\u011b dopl\u0148uje jej\u00ed investi\u010dn\u00ed portfolio. Z\u00e1m\u011brem spole\u010dnosti do budoucna je leti\u0161t\u011b revitalizovat, tak, aby byla umo\u017en\u011bna jeho dal\u0161\u00ed existence a investovat do jeho rozvoje, kter\u00fd nijak nezv\u00fd\u0161\u00ed objem leteck\u00e9ho provozu,\u201d h\u00e1j\u00ed se s\u00e1m Mikuleck\u00fd v z\u00e1v\u011bru roku na serveru pilotinfo.cz.<\/p>\n<p>Co\u017e ale nebyla pravda, realita vy\u0161la najevo o p\u011bt let pozd\u011bji. V z\u00e1\u0159\u00ed 2017 se jedin\u00fdm majitelem leti\u0161t\u011b stala offshorov\u00e1 spole\u010dnost Prague Entertainment Group B. V. registrovan\u00e1 v Nizozemsku, kter\u00e1 je sou\u010d\u00e1st\u00ed finan\u010dn\u00ed skupiny PPF. Ka\u017edop\u00e1dn\u011b posledn\u00ed sysel asi z p\u0159\u00edchodu Petra Kellnera nad\u0161en nebyl v roce 2018 u\u017e tam ochran\u00e1\u0159i \u017e\u00e1dn\u00e9ho nena\u0161li. \u0160lo z\u0159ejm\u011b o nejdra\u017e\u0161\u00edho sysla na t\u00e9to planet\u011b, proto\u017ee po jeho odchodu lze odhadnout tr\u017en\u00ed hodnotu pozemk\u016f leti\u0161t\u011b na minim\u00e1ln\u011b deset miliard korun a postavit na nich lze s\u00eddli\u0161t\u011b rozlehl\u00e9 zhruba jako sousedn\u00ed Nov\u00fd Prosek \u010di St\u0159\u00ed\u017ekov.  P\u0159ipome\u0148me, \u017ee v roce 2025 elitn\u00ed pr\u00e1vn\u00edk ze skupiny PPF Josef Bro\u017e z\u00edskal pod\u00edl v nejv\u011bt\u0161\u00edm dom\u00e1c\u00edm provozovateli billboard\u016f spole\u010dnosti BigBoard, majetkov\u011b dlouhodob\u011b \u00fazce spojen\u00e9 s Mikuleck\u00e9ho p\u0159\u00edtelem Janem Veverkou &#8211; mo\u017en\u00e1 jen dal\u0161\u00ed pozoruhodn\u00e1 n\u00e1hoda a souhra okolnost\u00ed.<\/p>\n<p>\u201cV Let\u0148anech se v\u010dera 21. 1. 2026 rozhodovalo o budoucnosti historick\u00e9ho leti\u0161t\u011b. Jeho vlastn\u00edk, spole\u010dnost PPF, usiluje o zm\u011bnu \u00fazemn\u00edho pl\u00e1nu, kter\u00e1 by umo\u017enila rozs\u00e1hlou bytovou v\u00fdstavbu. P\u0159edsedou V\u00fdboru pro \u00fazemn\u00ed rozvoj a pl\u00e1nov\u00e1n\u00ed v Let\u0148anech je pan Ivan Kabick\u00fd, dlouholet\u00fd let\u0148ansk\u00fd zastupitel, b\u00fdval\u00fd starosta a tak\u00e9 n\u00e1m\u011bstek prim\u00e1tora hl. m. Prahy. Pan Kabick\u00fd v minulosti jako zastupitel pracoval pro PPF a jeho \u00fakolem bylo prosazov\u00e1n\u00ed zm\u011bn \u00fazemn\u00edho pl\u00e1nu pr\u00e1v\u011b ve prosp\u011bch zastav\u011bn\u00ed leti\u0161t\u011b. O projektech s tak velk\u00fdm dopadem na Let\u0148any by m\u011bli rozhodovat lid\u00e9, kte\u0159\u00ed jsou vn\u00edm\u00e1ni jako nez\u00e1visl\u00ed a bez vazeb na investory,\u201d napsal zastupitel Tom\u00e1\u0161 Ra\u0161ka.<\/p>\n<div class=\"nemesis-sources\"><p class=\"nemesis-sources-label\">Zdroje:<\/p><ul><li><a href=\"https:\/\/www.e15.cz\/domaci\/miliardar-ivo-lukacovic-poslal-letisti-tocna-55-milionu-korun-688646\" target=\"_blank\" rel=\"noopener\">https:\/\/www.e15.cz\/domaci\/miliardar-ivo-lukacovic-poslal-letisti-tocna-55-milionu-korun-688646<\/a><\/li><li><a href=\"https:\/\/www.novinky.cz\/clanek\/domaci-letnanske-letiste-ceka-dalsi-rozvoj-podpis-dohody-ukoncil-letite-spory-75608\" target=\"_blank\" rel=\"noopener\">https:\/\/www.novinky.cz\/clanek\/domaci-letnanske-letiste-ceka-dalsi-rozvoj-podpis-dohody-ukoncil-letite-spory-75608<\/a><\/li><li><a href=\"https:\/\/www.euro.cz\/clanky\/sysleni-se-sysly-1425135\/\" target=\"_blank\" rel=\"noopener\">https:\/\/www.euro.cz\/clanky\/sysleni-se-sysly-1425135\/<\/a><\/li><li><a href=\"https:\/\/or.justice.cz\/ias\/ui\/rejstrik-firma.vysledky?subjektId=703561&amp;typ=UPLNY\" target=\"_blank\" rel=\"noopener\">https:\/\/or.justice.cz\/ias\/ui\/rejstrik-firma.vysledky?subjektId=703561&amp;typ=UPLNY<\/a><\/li><li><a href=\"https:\/\/mocr.mo.gov.cz\/-240445\" target=\"_blank\" rel=\"noopener\">https:\/\/mocr.mo.gov.cz\/-240445<\/a><\/li><li><a href=\"https:\/\/or.justice.cz\/ias\/ui\/rejstrik-firma.vysledky?subjektId=703295&amp;typ=UPLNY\" target=\"_blank\" rel=\"noopener\">https:\/\/or.justice.cz\/ias\/ui\/rejstrik-firma.vysledky?subjektId=703295&amp;typ=UPLNY<\/a><\/li><li><a href=\"https:\/\/www.vhu.cz\/horky-bitevni-tankovy-den-v-lesanech\/\" target=\"_blank\" rel=\"noopener\">https:\/\/www.vhu.cz\/horky-bitevni-tankovy-den-v-lesanech\/<\/a><\/li><li><a href=\"http:\/\/www.pilotinfo.cz\/z-letist\/ceska-republika\/jak-se-dela-propaganda-proti-letisti-praha-letnany\" target=\"_blank\" rel=\"noopener\">http:\/\/www.pilotinfo.cz\/z-letist\/ceska-republika\/jak-se-dela-propaganda-proti-letisti-praha-letnany<\/a><\/li><li><a href=\"https:\/\/www.e15.cz\/byznys\/elitni-pravnik-ze-skupiny-ppf-ziskal-podil-v-nejvetsim-domacim-provozovateli-billboardu-1429289\" target=\"_blank\" rel=\"noopener\">https:\/\/www.e15.cz\/byznys\/elitni-pravnik-ze-skupiny-ppf-ziskal-podil-v-nejvetsim-domacim-provozovateli-billboardu-1429289<\/a><\/li><li><a href=\"https:\/\/www.zdraveletnany.cz\/index.php?option=com_content&amp;view=article&amp;id=2218:v-letnanech-se-rozhoduje-o-budoucnosti-historickeho-letiste-2&amp;catid=8&amp;Itemid=220\" target=\"_blank\" rel=\"noopener\">https:\/\/www.zdraveletnany.cz\/index.php?option=com_content&amp;view=article&amp;id=2218:v-letnanech-se-rozhoduje-o-budoucnosti-historickeho-letiste-2&amp;catid=8&amp;Itemid=220<\/a><\/li><\/ul><\/div>\n<h3>Poradce, kter\u00fd musel odej\u00edt<\/h3>\n<p>Mikuleck\u00fd dle profilu na novinky.cz p\u016fsobil v letech 2013 a\u017e 2018 na pozici poradce na Ministerstvu obrany \u010cR. Jak je mo\u017en\u00e9, \u017ee se \u010dlov\u011bk s \u201cpo\u0161pin\u011bnou\u201d minulost\u00ed stal poradcem na tak citliv\u00e9m ministerstvu? Nejsp\u00ed\u0161e v tom mohl m\u00edt \u201cprsty\u201d jeho dlouholet\u00fd kamar\u00e1d z Aktivn\u00edch z\u00e1loh a \u0161\u00edbr z ODS Jan Veverka, kter\u00fd m\u011bl siln\u00e9 kontakty v ODS i hnut\u00ed ANO. Na ministerstvo toti\u017e Mikuleck\u00fd nastoupil za vl\u00e1dy ODS (Petr Ne\u010das) k tehdej\u0161\u00edmu ministru obrany Vlastimilu Pickovi. Rok na to ale vyhr\u00e1v\u00e1 volby hnut\u00ed ANO, ministrem se st\u00e1v\u00e1 Martin Stropnick\u00fd. Navzdory tomu, \u017ee s v\u00fdm\u011bnou ministra se obvykle porou\u010d\u00ed i poradci, Mikuleck\u00fd na obran\u011b z\u00e1hadn\u011b p\u0159e\u017e\u00edv\u00e1. Se Stropnick\u00fdm, n\u00e1sledn\u011b i Karlou \u0160lechtovou a kon\u010d\u00ed a\u017e za ministrov\u00e1n\u00ed Lubom\u00edra Metnara. O d\u016fvodech jeho odchodu nen\u00ed s jistotu nic zn\u00e1mo, pouze n\u011bkolik m\u00e9di\u00ed spekuluje, \u017ee za jeho koncem na obran\u011b bylo neud\u011blen\u00ed prov\u011brky s odkazem na nep\u0159iznan\u00e9 podnik\u00e1n\u00ed. Nebo p\u016fsoben\u00ed ve firm\u011b ovl\u00e1dan\u00e9 ob\u010dany Rusk\u00e9 federace, jen\u017e jim mohla dopomoci k ob\u010danstv\u00ed, a vzhledem k jejich minulosti dost mo\u017en\u00e1 i k pran\u00ed \u0161pinav\u00fdch pen\u011bz poch\u00e1zej\u00edc\u00edch z korupce. Kdy\u017e zn\u00e1te spr\u00e1vn\u00e9 lidi, zd\u00e1 se, \u017ee i na supercitliv\u00fdch postech se d\u00e1 vydr\u017eet bez bezpe\u010dnostn\u00ed prov\u011brky cel\u00e9 roky.<\/p>\n<div class=\"nemesis-sources\"><p class=\"nemesis-sources-label\">Zdroje:<\/p><ul><li><a href=\"https:\/\/www.novinky.cz\/autor\/milan-mikulecky-200\" target=\"_blank\" rel=\"noopener\">https:\/\/www.novinky.cz\/autor\/milan-mikulecky-200<\/a><\/li><li><a href=\"https:\/\/www.securitymagazin.cz\/defence\/v-zivotopise-zamlcel-angazma-pro-rusy-a-belorusy-z-ministerstva-ho-kvuli-proverce-vyhodili-kdo-je-nejcitovanejsi-bezpecnostni-expert-mikulecky-1404068843.html\" target=\"_blank\" rel=\"noopener\">https:\/\/www.securitymagazin.cz\/defence\/v-zivotopise-zamlcel-angazma-pro-rusy-a-belorusy-z-ministerstva-ho-kvuli-proverce-vyhodili-kdo-je-nejcitovanejsi-bezpecnostni-expert-mikulecky-1404068843.html<\/a><\/li><li><a href=\"https:\/\/truckfocus.cz\/vozidla-truck-bus-privesy\/1419,ministr-obrany-martin-stropnicky-se-seznamil-s-produkci-automobilky-tatra\" target=\"_blank\" rel=\"noopener\">https:\/\/truckfocus.cz\/vozidla-truck-bus-privesy\/1419,ministr-obrany-martin-stropnicky-se-seznamil-s-produkci-automobilky-tatra<\/a><\/li><\/ul><\/div>\n<h3>Expert s pochybn\u00fdm vzd\u011bl\u00e1n\u00edm<\/h3>\n<p>A pak nastupuje \u00e9ra, kdy je Mikuleck\u00fd z \u010dista jasna prezentov\u00e1n v \u010desk\u00fdch ale i slovensk\u00fdch m\u00e9di\u00edch jako \u201cbezpe\u010dnostn\u00ed expert\u201d. A\u010dkoliv jist\u00e9 znalosti z bran\u017ee m\u00e1, jeho pochybn\u00e9 kompetentnosti si v\u0161\u00edmaj\u00ed pouze m\u00e9dia se zam\u011b\u0159en\u00edm na bezpe\u010dnost ale bez siln\u00e9 vazby na arm\u00e1dn\u00ed kruhy.<\/p>\n<p>Bezpe\u010dnostn\u00ed expert Mikuleck\u00fd toti\u017e z\u00edskal maturitu a t\u00edm \u201cst\u0159edo\u0161kolsk\u00e9 vzd\u011bl\u00e1n\u00ed\u201d a\u017e ve 40 letech na soukrom\u00e9 St\u0159edn\u00ed \u0161kole reklamn\u00ed a um\u011bleck\u00e9 tvorby Michael v Praze. Jedin\u00fd obor na t\u00e9to \u0161kole, kter\u00fd umo\u017e\u0148uje dosp\u011bl\u00fdm doplnit si st\u0159edo\u0161kolsk\u00e9 vzd\u011bl\u00e1n\u00ed a ukon\u010dit jej maturitou je Ekonomika a podnik\u00e1n\u00ed. Je to \u0161kola kde si lze p\u0159edstavit, \u017ee se d\u00e1 maturita koupit. Mikuleck\u00e9mu k maturit\u011b v roce 2014 nepochybn\u011b pomohl i jeho vlivn\u00fd kamar\u00e1d na reklamn\u00edm trhu a spolumajitel Bigboardu Jan Veverka. Zejm\u00e9na jeho zn\u00e1mosti s majitelem \u0161koly Michalem \u0160t\u011bp\u00e1nkem. \u0160t\u011bp\u00e1nek je krom \u0161koly tak\u00e9 zakladatelem luxusn\u00edho priv\u00e1tn\u00edho resortu Grand Farma Michael, po\u0159\u00e1daj\u00edc\u00ed spole\u010densk\u00e9 akce a teambuildingy pro nejv\u00fdznamn\u011bj\u0161\u00ed spole\u010dnosti jako \u010cEZ a dal\u0161\u00ed, a tak\u00e9 spolupracuj\u00edc\u00ed se spole\u010dnost\u00ed BigBoard.<\/p>\n<p>Mikuleck\u00fd nyn\u00ed studuje na CEVRO Univerzit\u011b, kde je prorektorem pro studium Mgr. Ladislav Mrklas, Ph.D., a prorektorem pro zahrani\u010dn\u00ed vztahy a dal\u0161\u00ed vzd\u011bl\u00e1v\u00e1n\u00ed Tom\u00e1\u0161 Pojar, M.A., oba Mikuleck\u00e9ho \u201cspolubojovn\u00edci\u201d z Veverkovy jednotky v aktivn\u00edch arm\u00e1dn\u00edch z\u00e1loh\u00e1ch. Tak\u017ee studium jist\u011b pojede jako po m\u00e1sle a Mikuleck\u00fd si brzy dopln\u00ed i \u201cvysoko\u0161kolsk\u00e9 vzd\u011bl\u00e1n\u00ed\u201d, mo\u017en\u00e1 i bez obt\u011b\u017euj\u00edc\u00edho pln\u011bn\u00ed kredit\u016f, zkou\u0161ek \u010di doch\u00e1zky.<\/p>\n<div class=\"nemesis-sources\"><p class=\"nemesis-sources-label\">Zdroje:<\/p><ul><li><a href=\"https:\/\/www.parlamentnilisty.cz\/arena\/monitor\/Jeden-bezpecnostni-expert-odesel-jiny-prichazi-Kdo-je-Milan-Mikulecky-kde-se-vzal-a-proc-si-protireci-704851\" target=\"_blank\" rel=\"noopener\">https:\/\/www.parlamentnilisty.cz\/arena\/monitor\/Jeden-bezpecnostni-expert-odesel-jiny-prichazi-Kdo-je-Milan-Mikulecky-kde-se-vzal-a-proc-si-protireci-704851<\/a><\/li><li><a href=\"https:\/\/ereport.sk\/bezpecnostny-expert-alebo-amater-o-cechovi-ktoreho-cituju-aj-nase-media-su-pochybnosti\" target=\"_blank\" rel=\"noopener\">https:\/\/ereport.sk\/bezpecnostny-expert-alebo-amater-o-cechovi-ktoreho-cituju-aj-nase-media-su-pochybnosti<\/a><\/li><li><a href=\"https:\/\/x.com\/grok\/status\/2027761056408322198\" target=\"_blank\" rel=\"noopener\">https:\/\/x.com\/grok\/status\/2027761056408322198<\/a><\/li><li><a href=\"https:\/\/or.justice.cz\/ias\/ui\/rejstrik-firma.vysledky?subjektId=521361&amp;typ=PLATNY\" target=\"_blank\" rel=\"noopener\">https:\/\/or.justice.cz\/ias\/ui\/rejstrik-firma.vysledky?subjektId=521361&amp;typ=PLATNY<\/a><\/li><li><a href=\"https:\/\/www.e15.cz\/byznys\/ostatni\/studenti-skoly-michael-vystavuji-na-prazskych-billboardech-1228288\" target=\"_blank\" rel=\"noopener\">https:\/\/www.e15.cz\/byznys\/ostatni\/studenti-skoly-michael-vystavuji-na-prazskych-billboardech-1228288<\/a><\/li><\/ul><\/div>\n<\/div>\n<div id=\"zdenek-poul\" class=\"nemesis-chapter\"><h2>Zden\u011bk Poul<\/h2>\n<p>B\u00fdval\u00fd vojensk\u00fd policista vyznamenan\u00fd medail\u00ed prezidentem Milo\u0161em Zemanem i ministryn\u00ed obrany Janou \u010cernochovou. Jeho minulost je ve ve\u0159ejn\u011b dostupn\u00fdch zdroj\u00edch zahalena tajemstv\u00edm. Dle jeho vlastn\u00edch slov ne\u017e p\u0159ed dvaceti lety vstoupil do arm\u00e1dy, p\u016fsobil v zahrani\u010dn\u00edm obchodu. Dov\u00e1\u017eel zbo\u017e\u00ed z USA, pracoval v \u010desk\u00e9m zbrojn\u00edm pr\u016fmyslu a st\u00e1le d\u011bl\u00e1 konzultanta a technick\u00e9ho poradce pro americk\u00e9 zbrojn\u00ed firmy. Alespo\u0148 to tvrdil v rozhovoru pro idnes.cz v roce 2024, kdy se o n\u011bj za\u010dala m\u00e9dia zaj\u00edmat v souvislosti se Skupinou D a sb\u00edrkou Nemesis. O necel\u00e9 dva roky pozd\u011bji (duben 2026) u\u017e serveru ihned.cz vykl\u00e1d\u00e1 \u00fapln\u011b jin\u00fd p\u0159\u00edb\u011bh: \u201cPo st\u0159edn\u00ed \u0161kole jsem nastoupil ke studiu na Univerzitu obrany v Brn\u011b. Po dokon\u010den\u00ed bakal\u00e1\u0159sk\u00e9ho studia jsem nastoupil rovnou do Prost\u011bjova na rotu hloubkov\u00e9ho pr\u016fzkumu. Pozd\u011bji jsem se z Prost\u011bjova p\u0159esunul na Pohotovostn\u00ed odd\u011blen\u00ed Vojensk\u00e9 policie a odsud jsem byl vybr\u00e1n k za\u0159azen\u00ed na Ochrannou slu\u017ebu Vojensk\u00e9 policie \u2013 Odd\u011blen\u00ed ochrany ministra obrany a n\u00e1\u010deln\u00edka Gener\u00e1ln\u00edho \u0161t\u00e1bu na pozici osobn\u00edho ochr\u00e1nce. Zde jsem se vypracoval na n\u00e1\u010deln\u00edka tohoto odd\u011blen\u00ed. Skon\u010dil jsem a\u017e po p\u0159\u00edchodu ministryn\u011b \u010cernochov\u00e9. Po skon\u010den\u00ed sv\u00e9 slu\u017eby v arm\u00e1d\u011b jsem nastoupil do CSG, kde jsem se mimo jin\u00e9 zab\u00fdval zahrani\u010dn\u00edm obchodem s vojensk\u00fdm materi\u00e1lem.\u201d Ve skute\u010dnosti Poul sice skon\u010dil za \u010cernochov\u00e9, ale \u017e\u00e1dost do civilu si podal ji\u017e za ministra Metnara, kdy\u017e dostal finan\u010dn\u011b zaj\u00edmav\u011bj\u0161\u00ed nab\u00eddku od CSG. Cel\u00fd \u017eivot tedy p\u016fsobil v arm\u00e1d\u011b a \u017e\u00e1dn\u00e9 zku\u0161enosti p\u0159edt\u00edm se zahrani\u010dn\u00edm obchodem a dovozem zbo\u017e\u00ed z USA nem\u011bl \u0161anci z\u00edskat. Jedin\u00e9 co zjevn\u011b m\u011bl, byly medaile a pln\u00e9 zuby chud\u00e9ho \u017eivota v arm\u00e1d\u011b, hlavn\u011b ve srovn\u00e1n\u00ed se sv\u00fdmi kamar\u00e1dy. Toliko ke vn\u00edm\u00e1n\u00ed v\u00fdrok\u016f Zde\u0148ka Poula prozat\u00edm sta\u010d\u00ed.<\/p>\n<p>Na za\u010d\u00e1tku roku 2023 tak pr\u00fd za n\u00edm p\u0159i\u0161el kamar\u00e1d Jan Veverka s t\u00edm, \u017ee m\u00e1 v hlav\u011b projekt na podporu Ukrajiny. \u201cZn\u00e1me se dlouh\u00e1 l\u00e9ta. \u0158ekl, \u017ee je schopen zalo\u017eit sb\u00edrku, sehnat pen\u00edze, kontaktovat partnery a j\u00e1 bych se zapojil jako projektov\u00fd mana\u017eer. Vytvo\u0159il logistick\u00fd \u0159et\u011bzec, zajistil pot\u0159ebn\u00e1 povolen\u00ed a jin\u00e9 formality. V\u011bd\u011bl nav\u00edc, \u017ee s drony m\u00e1m dlouholet\u00e9 zku\u0161enosti i z arm\u00e1dy,\u201d \u0159ekl Poul iDnes.cz \u201cV\u0161ichni se zn\u00e1me, jsme jako rodina \u2026. A to je p\u0159esn\u011b p\u0159\u00edpad t\u00e9to bandy. J\u00e1 sem proto do projektu vstoupil, proto\u017ee Karla \u0158ehku, Milana Mikuleck\u00e9ho, Otu Folt\u00fdna, Honzu Veverku a dal\u0161\u00ed zn\u00e1m dlouho a dal bych za n\u011b ruku do ohn\u011b.\u201d<\/p>\n<p>Foto: vlajka 2<\/p>\n<p>Popisek k foto: Jak\u00e9 \u0161m\u00e9\u010dko musela p\u0159ikr\u00fdt vlajka \u010cesk\u00e9 republiky tentokr\u00e1t?<\/p>\n<p><a href=\"https:\/\/1gr.cz\/fotky\/idnes\/24\/062\/r7\/IVO540e74abce_184301_7127369.avif\" target=\"_blank\" rel=\"noopener\">https:\/\/1gr.cz\/fotky\/idnes\/24\/062\/r7\/IVO540e74abce_184301_7127369.avif<\/a><\/p>\n<h3>Sb\u00edrka jako \u017eivotn\u00ed byznys<\/h3>\n<p>Na sklonku roku 2023 Jan Veverka, Milan Mikuleck\u00fd a Ond\u0159ej Vetch\u00fd zakl\u00e1daj\u00ed zapsan\u00fd spolek Skupina D z.s.. Rovnou tak\u00e9 zvolili \u010dleny p\u0159edsednictva spolku tyto osoby: Martin Kroupa, Mikul\u00e1\u0161 Kroupa, Vladislav Ba\u0165ka, Ond\u0159ej Vetch\u00fd, Milan Mikuleck\u00fd a Martin Vlk.<\/p>\n<p>Poul se chopil \u010dinorod\u011b pr\u00e1ce projektov\u00e9ho mana\u017eera, kterou mu Veverka nab\u00eddl. Z firmy KOPTERY s.r.o Jany Hrub\u00e9 se 20. b\u0159ezna 2024 st\u00e1v\u00e1 FPV SPACE s.r.o.. Zden\u011bk Poul zakl\u00e1d\u00e1 24. dubna 2024 spole\u010dnost POUL SPACE s.r.o., a ta se 30. \u010dervence 2024  st\u00e1v\u00e1 polovi\u010dn\u00edm vlastn\u00edkem FPV SPACE. Tou dobou u\u017e maj\u00ed ob\u011b spole\u010dnosti stejnou adresu: U Pek\u00e1ren 1644\/1a v pra\u017esk\u00e9 Hostiva\u0159i.<\/p>\n<p>Prvn\u00ed zm\u00ednka o propojen\u00ed FPV SPACE se Skupinou D se ve ve\u0159ejn\u00fdch zdroj\u00edch objevuje a\u017e 1. kv\u011btna 2024 na s\u00edti X (mimochodem tento post u\u017e byl odstran\u011bn).<\/p>\n<p>Teprve s odstupem se uk\u00e1zalo, \u017ee firma FPV SPACE byla jedin\u00fdm dodavatelem dron\u016f pro spolek Skupina D. Z\u0159ejm\u011b jako prvn\u00ed upozornil na podez\u0159el\u00e9 zapojen\u00ed Poulova FPV SPACE zkraje \u00fanora 2025 novin\u00e1\u0159 Jan Hrb\u00e1\u010dek, tak\u00e9 na s\u00edti X: \u201c190 eur za 1 dron \u010c\u00edny. Ve sb\u00edrce ten 1 dron za cca dvojn\u00e1sobek, cca 10 tis\u00edc. FPV Space gar\u00e1\u017eovka b\u00fdval\u00e9ho vojensk\u00e9ho policajta. Co tady \u0159e\u0161\u00edme pros\u00edm? Snadn\u00fd pr\u016fnik do 601 bez vojskov\u00fdch zkou\u0161ek. Byznys.\u201d<\/p>\n<p>Zden\u011bk Poul nikdy nevysv\u011btlil, z jak\u00e9ho d\u016fvodu tento propletenec firem vytvo\u0159il. Za jejich vznikem v\u0161ak evidentn\u011b stoj\u00ed Jan Veverka, spole\u010dnosti KOPTERY, FPV SPACE a POUL SPACE podle dokument\u016f v Obchodn\u00edm rejst\u0159\u00edku v zastoupen\u00ed zakl\u00e1dali toto\u017en\u00ed lid\u00e9: advok\u00e1t JUDr. Otakar \u0160vor\u010d\u00edk a not\u00e1\u0159ka JUDr. Ladislava \u0160eb\u00e1nkov\u00e1. Stejn\u00fd advok\u00e1t zakl\u00e1dal Veverkovi hned t\u0159i jin\u00e9 akciov\u00e9 spole\u010dnosti: Touzimsky Geo, Touzimsky Publishing a Touzimsky Reality. Not\u00e1\u0159ka \u0160eb\u00e1nkov\u00e1 posv\u011btila zalo\u017een\u00ed dvou z nich a st\u00e1la u zrodu spolku Skupina D.<\/p>\n<p>Z podstaty p\u016fsob\u00ed velmi podez\u0159ele i to, \u017ee Skupina D si jako zapsan\u00fd spolek mohla dorny za vybran\u00fdch 263 milion\u016f korun nakupovat p\u0159\u00edmo a bez prost\u0159edn\u00edka, jeliko\u017e to bylo v souladu s c\u00edlem sb\u00edrky Nemesis. Poul se pouze neobratn\u011b pokusil vysv\u011btlit vznik FPV SPACE : \u201cE-shop provozuje Jana Hrub\u00e1 jako podnikaj\u00edc\u00ed fyzick\u00e1 osoba. Na sv\u016fj byznys nikdy nepot\u0159ebovali klasickou firmu. Ale v moment\u011b, kdy m\u011bli dod\u00e1vat neziskovce, kde bylo evidentn\u00ed, \u017ee faktury se budou platit ze sb\u00edrkov\u00fdch pen\u011bz a dod\u00e1vky budou prob\u00edhat formou zahrani\u010dn\u00edho obchodu, tak bylo t\u0159eba to p\u0159eklopit do norm\u00e1ln\u00ed firmy s jasnou pr\u00e1vn\u00ed a \u00fa\u010detn\u00ed odpov\u011bdnost\u00ed.\u201d Ve skute\u010dnosti byla p\u016fvodn\u00ed firma KOPTERY s.r.o Jany Hrub\u00e9 norm\u00e1ln\u00ed firma se stejnou pr\u00e1vn\u00ed a \u00fa\u010detn\u00ed odpov\u011bdnost\u00ed jako FPV SPACE s.r.o., co dodat?<\/p>\n<p>Pak u\u017e se ale pou\u0161t\u00ed do pr\u00e1ce Vojensk\u00e1 policie a soudy, a smysl propletence firem a spolku za\u010d\u00edn\u00e1 b\u00fdt jasn\u00fd: \u201e\u00damysln\u011b ( lid\u00e9 ze Skupiny D, pozn. red. ) uv\u00e1d\u011bj\u00ed d\u00e1rce v omyl t\u00edm, \u017ee deklaruj\u00ed, \u017ee za ka\u017ed\u00fdch deset tis\u00edc K\u010d po\u0159\u00edd\u00ed jeden dron, a\u010dkoliv v\u011bd\u011bli, \u017ee tyto drony fakticky nakupuj\u00ed v \u010c\u00edn\u011b prost\u0159ednictv\u00edm jedin\u00e9ho dodavatele obchodn\u00ed spole\u010dnosti FPV SPACE za cenu 196,5 dolaru v\u010detn\u011b dopravy (tedy cca 4 740 K\u010d), kdy \u010dinnost t\u00e9to obchodn\u00ed spole\u010dnosti koordinuj\u00ed spolu s jednateli Janou Hrubou, Davidem \u0160pa\u010dkem, b\u00fdval\u00fdm p\u0159\u00edslu\u0161n\u00edkem Vojensk\u00e9ho zpravodajstv\u00ed, a Zde\u0148kem Poulem, b\u00fdval\u00fdm p\u0159\u00edslu\u0161n\u00edkem vojensk\u00e9 policie, a uveden\u00fdm zp\u016fsobem z\u00edskan\u00e9 finan\u010dn\u00ed prost\u0159edky, p\u0159edstavuj\u00edc\u00ed rozd\u00edl mezi cenou deklarovanou d\u00e1rc\u016fm a faktickou po\u0159izovac\u00ed cenou, v rozporu s paragrafem 23 odst. 2 z\u00e1kona \u010d. 117\/2001 Sb., o ve\u0159ejn\u00fdch sb\u00edrk\u00e1ch, u\u017e\u00edvaj\u00ed pro svou vlastn\u00ed pot\u0159ebu,\u201c stoj\u00ed v usnesen\u00ed M\u011bstsk\u00e9ho soudu v Praze.<\/p>\n<p>Podle policejn\u00edch a soudn\u00edch listin firma FPV Space za pen\u00edze ze sb\u00edrky nepo\u0159izovala jen drony, ale vyu\u017e\u00edvala je pro vlastn\u00ed pot\u0159eby. Za rok 2024 tak padlo na mzdy \u0161esti lid\u00ed  7,98 milionu korun.<\/p>\n<p>Spole\u010dnost k tomu poslala Jan\u011b Hrub\u00e9 dal\u0161\u00edch 8,1 milionu korun a na \u00fa\u010dty Zde\u0148ka Poula a jeho firmy s n\u00e1zvem POUL Space p\u0159evedla 8,97 milionu. Firma FPV Space si v prvn\u00ed polovin\u011b roku 2024 m\u011bla po\u0159\u00eddit \u010dty\u0159i vozy \u2013 t\u0159i mercedesy a jedno BMW za celkem 8,61 milionu. \u0160lo o ojet\u00e1 auta typu SUV, \u017e\u00e1dn\u00e9 z nich nem\u011blo najeto p\u0159es 37 tis\u00edc kilometr\u016f. Policejn\u00ed listiny na v\u00edce m\u00edstech popisuj\u00ed p\u0159evod pen\u011bz ze sb\u00edrkov\u00e9ho \u00fa\u010dtu a provozn\u00edch \u00fa\u010dt\u016f spolku pr\u00e1v\u011b na \u00fa\u010det firmy FPV Space, popsal server iROZHLAS.cz.<\/p>\n<p>Firma FPV Space tak podle dosavadn\u00edch informac\u00ed m\u011bla z\u0159ejm\u011b vytvo\u0159it mezeru v toku pen\u011bz ze sb\u00edrky Nemesis Skupiny D, v n\u00ed\u017e by uv\u00edzla podstatn\u00e1 \u010d\u00e1st pen\u011bz od d\u00e1rc\u016f, a\u0165 u\u017e formou zna\u010dn\u00fdch osobn\u00edch n\u00e1klad\u016f, hmotn\u00fdch v\u00fdhod nebo zisku. Firm\u011b FPV Space se dle \u00fa\u010detn\u00ed z\u00e1v\u011brky za rok 2024 vedlo velmi dob\u0159e, na tr\u017eb\u00e1ch j\u00ed proteklo 134 milion\u016f korun a v\u00fdsledek hospoda\u0159en\u00ed p\u0159ed zdan\u011bn\u00edm, tedy po ode\u010dten\u00ed v\u0161ech nezanedbateln\u00fdch n\u00e1klad\u016f, dos\u00e1hl i tak skv\u011bl\u00fdch 23,6 milion\u016f. Pro vy\u0161et\u0159uj\u00edc\u00ed org\u00e1ny bude tak\u00e9 d\u016fle\u017eit\u00e9 zmapovat, co se d\u00e1le d\u011blo s t\u011bmito tu\u010dn\u00fdmi odm\u011bnami, kter\u00e9 byly vyplaceny figurk\u00e1m, nasazen\u00fdm do hry Veverkou a Mikuleck\u00fdm. Jestli z\u016fstaly na jejich \u00fa\u010dtech, nebo ode\u0161ly n\u011bkomu dal\u0161\u00edmu, nebo byly n\u011bjak\u00e9 v\u011bt\u0161\u00ed \u010d\u00e1stky vybr\u00e1ny v hotovosti. Kdo je tedy t\u00edm kone\u010dn\u00fdm p\u0159\u00edjemcem pen\u011bz z tohoto k\u0161eftu. \u017de by velitel v\u0161e nechal jen p\u011b\u0161\u00e1k\u016fm, je m\u00e1lo pravd\u011bpodobn\u00e9. A d\u016fm pro \u0158ehku se tak\u00e9 musel z n\u011b\u010deho zaplatit. Dodejme, \u017ee Skupina D by je\u0161t\u011b r\u00e1da vybrala n\u011bjak\u00e9 miliony ve sb\u00edrk\u00e1ch na ochrann\u00e9 drony a plastickou trhavinu pro Ukrajinu.<\/p>\n<p>P\u0159esto se za Skupinu D zakladatel a jej\u00ed tajemn\u00edk Jan Veverka du\u0161uje, \u017ee je v\u0161e \u010dist\u00e9. \u201cNad r\u00e1mec z\u00e1konn\u00fdch povinnost\u00ed jsme pod st\u00e1l\u00fdm dohledem auditora z velk\u00e9 \u010dty\u0159ky. P\u0159i\u010dem\u017e jde i do rozpadu cen, za kter\u00e9 nakupujeme,\u201d tvrdil, tak\u00e9 \u017ee pr\u00fd nesm\u00ed prozradit, kdo audit d\u011blal, z d\u016fvodu ml\u010denlivosti. Pozd\u011bji dokonce zazn\u011blo, \u017ee \u0161lo o hloubkov\u00fd audit a dokonce i forenzn\u00ed audit, jeho\u017e v\u00fdsledky byly \u00fadajn\u011b p\u0159edlo\u017eeny prezidentovi Petru Pavlovi. \u201eZ\u00e1jem o to, jak hospoda\u0159\u00edme, projevil i Andrej Babi\u0161, tak jsme mu uk\u00e1zali forenzn\u00ed audit a on se s jeho v\u00fdsledky sezn\u00e1mil,\u201c uvedl dal\u0161\u00ed ze zakladatel\u016f spolku Milan Mikuleck\u00fd s t\u00edm, \u017ee v\u00fdsledky auditu nebyly nijak kritick\u00e9. \u201cAudit KPMG vypracovan\u00fd pro Skupinu D potvrdil, \u017ee na\u0161e jednotkov\u00e1 cena je ni\u017e\u0161\u00ed ne\u017e tr\u017en\u00ed pr\u016fm\u011br. V listopadu jsme se dobrovoln\u011b dostavili na Vojenskou policii, poskytli plnou sou\u010dinnost a nab\u00eddli ve\u0161ker\u00e9 dokumenty,\u201d \u0159ekl Zden\u011bk Poul, jednatel FPV Space, pot\u00e9, co u\u017e podruh\u00e9 neusp\u011bl se st\u00ed\u017enost\u00ed na vy\u0161et\u0159ov\u00e1n\u00ed Vojenskou polici\u00ed u \u00dastavn\u00edho soudu. Faktem je, \u017ee audit nikdy nezve\u0159ejnili a prezident Petr Pavel ani premi\u00e9r Andrej Babi\u0161, jejich tvrzen\u00ed nikdy nepotvrdili. Nehled\u011b na skute\u010dnost, \u017ee pen\u00edze tekly mimo sb\u00edrku a Skupinu D p\u0159es firmy Poula a Hrub\u00e9 zalo\u017een\u00e9 Veverkou, co\u017e audit hospoda\u0159en\u00ed Skupiny D nemohl jakkoliv kontrolovat.<\/p>\n<p>FPV Space tak mohla zakr\u00fdt tok financ\u00ed p\u0159ed zrakem auditora hospoda\u0159en\u00ed Skupiny D. Firma FPV Space je toti\u017e samostatn\u00fd podnikatelsk\u00fd subjekt a se spolkem Skupina D jej pap\u00edrov\u011b spojuje pouze dodavatelsk\u00fd vztah. Auditor tak mohl kontrolovat jednoduch\u00e9 sch\u00e9ma: Skupina D si objednala od FPV Space 100 dron\u016f kus za 10 tis\u00edc dohromady za 1 milion, a dostala 100 dron\u016f s fakturou na 1 milion, kter\u00fd spolek zaplatil. Z pohledu auditora v\u0161e pr\u016fzra\u010dn\u011b \u010dist\u00e9, proto\u017ee cena dronu zaplacen\u00e9ho Skupinou D odpov\u00edd\u00e1 tr\u017en\u00edmu pr\u016fm\u011bru cca 10 tis\u00edc. To odpov\u00edd\u00e1 i prohl\u00e1\u0161en\u00edm samotn\u00e9ho Poula: \u201cStejn\u011b tak je nutn\u00e9 zd\u016fraznit, \u017ee n\u00e1\u0161 odb\u011bratel, neziskovka Skupina D, je pod pr\u016fb\u011b\u017en\u00fdm forenzn\u00edm auditem americk\u00e9ho auditora, kter\u00fd kontroluje mimo jin\u00e9 i ceny, za kter\u00e9 Skupina D drony od n\u00e1s nakupovala.\u201d<\/p>\n<p>Pokud by si spolek Skupina D kupoval drony od v\u00fdrobc\u016f na p\u0159\u00edmo a s\u00e1m si je upravoval, nic z v\u00fd\u0161e popsan\u00e9ho by nemohlo proch\u00e1zet dlouho, respektive jen do prvn\u00ed kontroly hospoda\u0159en\u00ed sb\u00edrky \u00fa\u0159ady.<\/p>\n<p>A lampas\u00e1k Zden\u011bk Poul by si na kr\u00e1snou pr\u00e9mii 8,97 milionu korun k platu, musel v arm\u00e1d\u011b po\u010dkat mo\u017en\u00e1 v\u00edc ne\u017e 20 let. \u201c\u0158ekl jsem si o 50 tis\u00edc m\u011bs\u00ed\u010dn\u011b hrub\u00e9ho jako odm\u011bnu jednatele, o pracovn\u00ed telefon, po\u010d\u00edta\u010d a auto. D\u011blal jsem to takhle rok. A k tomu jsme se se spole\u010dnic\u00ed ve firm\u011b dohodli, \u017ee kdy\u017e n\u00e1m to p\u016fjde a p\u0159ekon\u00e1me obrat 100 milion\u016f, tak si d\u00e1me odm\u011bnu na z\u00e1klad\u011b schv\u00e1len\u00ed valnou hromadou. Standardn\u00ed motiva\u010dn\u00ed odm\u011b\u0148ovac\u00ed sch\u00e9ma,\u201d h\u00e1j\u00ed se Poul. Co\u017e p\u0159ekonali, dokumenty M\u011bstsk\u00e9ho soudu popisuj\u00ed, \u017ee ze Skupiny D na \u00fa\u010det FPV Space ode\u0161lo 206,8 milionu korun.<\/p>\n<p>\u00dastavn\u00ed soud nyn\u00ed odm\u00edtl u\u017e t\u0159i st\u00ed\u017enosti spole\u010dnosti FPV Space, jedna st\u00ed\u017enost sm\u011b\u0159ovala proti p\u0159\u00edkazu k prohl\u00eddce skladov\u00e9 haly, dal\u0161\u00ed proti zaji\u0161t\u011bn\u00ed pen\u011bz na \u00fa\u010dtech. Soudci je pova\u017eovali za zjevn\u011b neopodstatn\u011bn\u00e9.<\/p>\n<div class=\"nemesis-sources\"><p class=\"nemesis-sources-label\">Zdroje:<\/p><ul><li><a href=\"https:\/\/www.idnes.cz\/zpravy\/domaci\/drony-nemesis-ukrajina-rehka-poul-vetchy-fpv-vycvik-pilot.A240613_152507_domaci_ivos\" target=\"_blank\" rel=\"noopener\">https:\/\/www.idnes.cz\/zpravy\/domaci\/drony-nemesis-ukrajina-rehka-poul-vetchy-fpv-vycvik-pilot.A240613_152507_domaci_ivos<\/a><\/li><li><a href=\"https:\/\/archiv.hn.cz\/c1-67868030-lezeli-jsme-v-zaludku-vlivnym-lidem-i-jinym-neziskovkam-rika-dodavatel-dronu-pro-skupinu-d-kterou-policie-vini-z-podvodu\" target=\"_blank\" rel=\"noopener\">https:\/\/archiv.hn.cz\/c1-67868030-lezeli-jsme-v-zaludku-vlivnym-lidem-i-jinym-neziskovkam-rika-dodavatel-dronu-pro-skupinu-d-kterou-policie-vini-z-podvodu<\/a><\/li><li><a href=\"https:\/\/or.justice.cz\/ias\/ui\/rejstrik-firma.vysledky?subjektId=1223852&amp;typ=UPLNY\" target=\"_blank\" rel=\"noopener\">https:\/\/or.justice.cz\/ias\/ui\/rejstrik-firma.vysledky?subjektId=1223852&amp;typ=UPLNY<\/a><\/li><li><a href=\"https:\/\/or.justice.cz\/ias\/ui\/rejstrik-firma.vysledky?subjektId=1223838&amp;typ=UPLNY\" target=\"_blank\" rel=\"noopener\">https:\/\/or.justice.cz\/ias\/ui\/rejstrik-firma.vysledky?subjektId=1223838&amp;typ=UPLNY<\/a><\/li><li><a href=\"https:\/\/or.justice.cz\/ias\/ui\/rejstrik-firma.vysledky?subjektId=1237734&amp;typ=UPLNY\" target=\"_blank\" rel=\"noopener\">https:\/\/or.justice.cz\/ias\/ui\/rejstrik-firma.vysledky?subjektId=1237734&amp;typ=UPLNY<\/a><\/li><li><a href=\"https:\/\/cs.wikipedia.org\/wiki\/Skupina_D\" target=\"_blank\" rel=\"noopener\">https:\/\/cs.wikipedia.org\/wiki\/Skupina_D<\/a><\/li><li><a href=\"https:\/\/x.com\/DronyNemesis\/status\/1785672831948263497\" target=\"_blank\" rel=\"noopener\">https:\/\/x.com\/DronyNemesis\/status\/1785672831948263497<\/a><\/li><li><a href=\"https:\/\/x.com\/JanHrbacek2\/status\/1886496091459260534\" target=\"_blank\" rel=\"noopener\">https:\/\/x.com\/JanHrbacek2\/status\/1886496091459260534<\/a><\/li><li><a href=\"https:\/\/www.parlamentnilisty.cz\/zpravy\/kauzy\/Komu-tekly-penize-z-Vetcheho-dronu-Podezrele-pisi-policiste-788349\" target=\"_blank\" rel=\"noopener\">https:\/\/www.parlamentnilisty.cz\/zpravy\/kauzy\/Komu-tekly-penize-z-Vetcheho-dronu-Podezrele-pisi-policiste-788349<\/a><\/li><li><a href=\"https:\/\/www.irozhlas.cz\/zpravy-domov\/proverovani-nasvedcuje-ze-se-na-sbirce-skupiny-d-na-drony-obohacovaly-spriznene_2603240500_hrk\" target=\"_blank\" rel=\"noopener\">https:\/\/www.irozhlas.cz\/zpravy-domov\/proverovani-nasvedcuje-ze-se-na-sbirce-skupiny-d-na-drony-obohacovaly-spriznene_2603240500_hrk<\/a><\/li><li><a href=\"https:\/\/or.justice.cz\/ias\/ui\/vypis-sl-detail?dokument=86625073&amp;subjektId=1223838&amp;spis=1379286\" target=\"_blank\" rel=\"noopener\">https:\/\/or.justice.cz\/ias\/ui\/vypis-sl-detail?dokument=86625073&amp;subjektId=1223838&amp;spis=1379286<\/a><\/li><li><a href=\"https:\/\/www.charlieone.cz\/\" target=\"_blank\" rel=\"noopener\">https:\/\/www.charlieone.cz\/<\/a><\/li><li><a href=\"https:\/\/archiv.hn.cz\/c1-67327910-stojim-proti-zlu-nemam-na-vyber-rika-byznysmen-v-maskacich-jan-veverka-o-dodavkach-tisicu-dronu-na-ukrajinu\" target=\"_blank\" rel=\"noopener\">https:\/\/archiv.hn.cz\/c1-67327910-stojim-proti-zlu-nemam-na-vyber-rika-byznysmen-v-maskacich-jan-veverka-o-dodavkach-tisicu-dronu-na-ukrajinu<\/a><\/li><li><a href=\"https:\/\/www.expres.cz\/zpravy\/drony-nemesis-ondrej-vetchy.A241205_151922_dx-zpravy_chlp\" target=\"_blank\" rel=\"noopener\">https:\/\/www.expres.cz\/zpravy\/drony-nemesis-ondrej-vetchy.A241205_151922_dx-zpravy_chlp<\/a><\/li><li><a href=\"https:\/\/www.epochtimes.cz\/2026\/05\/14\/dodavatel-dronu-fpv-space-dvakrat-neuspel-u-ustavniho-soudu-kvuli-vysetrovani-vojenske-policie-obvineni-odmita-jako-ucelova\/\" target=\"_blank\" rel=\"noopener\">https:\/\/www.epochtimes.cz\/2026\/05\/14\/dodavatel-dronu-fpv-space-dvakrat-neuspel-u-ustavniho-soudu-kvuli-vysetrovani-vojenske-policie-obvineni-odmita-jako-ucelova\/<\/a><\/li><li><a href=\"https:\/\/archiv.hn.cz\/c1-67868030-lezeli-jsme-v-zaludku-vlivnym-lidem-i-jinym-neziskovkam-rika-dodavatel-dronu-pro-skupinu-d-kterou-policie-vini-z-podvodu\" target=\"_blank\" rel=\"noopener\">https:\/\/archiv.hn.cz\/c1-67868030-lezeli-jsme-v-zaludku-vlivnym-lidem-i-jinym-neziskovkam-rika-dodavatel-dronu-pro-skupinu-d-kterou-policie-vini-z-podvodu<\/a><\/li><li><a href=\"https:\/\/www.metro.cz\/kraje\/jihomoravsky-kraj\/us-odmitl-stiznosti-firmy-fpv-space-kvuli-prohlidce-a-zajisteni-penez-na-uctech.A260512_113033_metro-brno-zpravy_air\" target=\"_blank\" rel=\"noopener\">https:\/\/www.metro.cz\/kraje\/jihomoravsky-kraj\/us-odmitl-stiznosti-firmy-fpv-space-kvuli-prohlidce-a-zajisteni-penez-na-uctech.A260512_113033_metro-brno-zpravy_air<\/a><\/li><\/ul><\/div>\n<h3>V\u00fdvozn\u00ed licence a diplomatick\u00e9 pasy<\/h3>\n<p>Poul byl Veverkou osloven kv\u016fli sv\u00fdm \u201czku\u0161enostem\u201d s v\u00fdvozem a dovozem zbo\u017e\u00ed takzvan\u00e9ho dvoj\u00edho u\u017eit\u00ed &#8211; v p\u0159\u00edpad\u011b dron\u016f to znamen\u00e1 b\u011b\u017en\u00fd spot\u0159ebn\u00ed v\u00fdrobek, kter\u00fd ale m\u016f\u017ee b\u00fdt vyu\u017eit i pro vojensk\u00e9 \u00fa\u010dely. \u201cSkupina D tehdy dostala potvrzen\u00ed od ministerstva obrany, \u017ee drony, kter\u00e9 chce dod\u00e1vat sv\u00fdm partner\u016fm, jsou du\u00e1ln\u00ed materi\u00e1l.\u2026 Ka\u017edop\u00e1dn\u011b, jeliko\u017e byl projekt s licencemi \u00fasp\u011b\u0161n\u00fd, dostal jsem od zam\u011bstnavatele nab\u00eddku, abych do firmy (FPV Space) vstoupil a o tyto v\u011bci se staral na full time,\u201d \u0159ekl Poul.<\/p>\n<p>I o tom se objevily pochybnosti. Poslanec Pavel R\u016f\u017ei\u010dka ze Seznamu dr\u017eitel\u016f povolen\u00ed k prov\u00e1d\u011bn\u00ed zahrani\u010dn\u00edho obchodu s vojensk\u00fdm materi\u00e1lem, kter\u00fd m\u00e1 na starosti MPO zjistil, \u017ee Spolek \u017e\u00e1dn\u00fdm povolen\u00edm nedisponuje. Toto si m\u011bl je\u0161t\u011b ov\u011b\u0159it interpelac\u00ed, kde mu MPO potvrdilo, \u017ee Skupina D nem\u00e1 licenci pro v\u00fdvoz zbo\u017e\u00ed dvoj\u00edho u\u017eit\u00ed nebo vojensk\u00e9ho materi\u00e1lu, kam spadaj\u00ed i drony pro vojensk\u00e9 vyu\u017eit\u00ed. Druhou interpelac\u00ed, kterou sm\u011b\u0159oval na Ministerstvo financ\u00ed, zjistil, \u017ee \u201ev uveden\u00e9m obdob\u00ed bylo vyvezeno na Ukrajinu jen 134 polo\u017eek (pozn. nikoliv za dotazovan\u00fd subjekt, ale za v\u0161echny subjekty)\u201d. Pozastavil se jednak nad t\u00edm, \u017ee po\u010det neodpov\u00edd\u00e1 po\u010dtu dron\u016f dod\u00e1van\u00fdch ze sb\u00edrky Skupiny D a tak\u00e9 nad t\u00edm, \u017ee podm\u00ednkou v\u00fdvozu je platn\u00e1 licence.<\/p>\n<p>Poul ale tvrd\u00ed, \u017ee z\u00edskali raz\u00edtka od st\u00e1tu, kter\u00fdmi jasn\u011b \u0159ekl, \u017ee je v\u0161e v po\u0159\u00e1dku. A \u017ee \u0159\u00edzen\u00ed kontroluje Vojensk\u00e9 zpravodajstv\u00ed, \u00da\u0159ad pro zahrani\u010dn\u00ed styky a informace, celn\u00edci, ministerstvo pr\u016fmyslu a obchodu, obrany a zahrani\u010d\u00ed: \u201cPr\u00fd jsem jim zaml\u010del, \u017ee kone\u010dn\u00fdm u\u017eivatelem jsou vojensk\u00e9 jednotky. Ale to stoj\u00ed hned na prvn\u00edm \u0159\u00e1dku ka\u017ed\u00e9 \u017e\u00e1dosti,\u201d.<\/p>\n<p>Objevil se i probl\u00e9m s pou\u017e\u00edv\u00e1n\u00edm diplomatick\u00fdch pas\u016f, kter\u00e9 byly vyu\u017e\u00edv\u00e1ny p\u0159i p\u0159evozu dron\u016f na Ukrajinu, na kter\u00fd upozornil R\u016f\u017ei\u010dka. \u201cNESM\u00cdTE projet na pank\u00e1\u010de jen tak na diplo pas,\u201d p\u00ed\u0161e se v dokumentu odkazuj\u00edc\u00edm na Poula, kter\u00fd m\u011bl dle n\u011bj proces \u0159\u00eddit. V tomto p\u0159\u00edpad\u011b se pozd\u011bji uk\u00e1zalo, \u017ee diplomatick\u00e9 pasy byly vyd\u00e1ny mimo stanoven\u00fd postup.<\/p>\n<p>Velk\u00fd pr\u016f\u0161vih byl tak\u00e9 se zneu\u017eit\u00edm elitn\u00edch voj\u00e1k\u016f 601. skupiny speci\u00e1ln\u00edch sil k neleg\u00e1ln\u00edmu p\u0159evozu dron\u016f Nemesis na Ukrajinu. Nem\u011bli pro to povolen\u00ed Parlamentu. Policie sice po prov\u011b\u0159en\u00ed v\u011bci konstatovala, \u017ee se trestn\u00fd \u010din nestal ale p\u0159edpisy poru\u0161eny byly. P\u0159edala tak v\u011bc ke k\u00e1ze\u0148sk\u00e9mu \u0159e\u0161en\u00ed a za k\u00e1ze\u0148sk\u00fd delikt mohou voj\u00e1ci p\u0159ij\u00edt o bezpe\u010dnostn\u00ed prov\u011brku i o zbrojn\u00ed pas. Podle neve\u0159ejn\u00fdch informac\u00ed u\u017e NB\u00da otev\u0159el bezpe\u010dnostn\u00ed prov\u011brky n\u011bkter\u00fdch voj\u00e1k\u016f i dal\u0161\u00edch osob, kte\u0159\u00ed v kauze figuruj\u00ed.<\/p>\n<div class=\"nemesis-sources\"><p class=\"nemesis-sources-label\">Zdroje:<\/p><ul><li><a href=\"https:\/\/archiv.hn.cz\/c1-67868030-lezeli-jsme-v-zaludku-vlivnym-lidem-i-jinym-neziskovkam-rika-dodavatel-dronu-pro-skupinu-d-kterou-policie-vini-z-podvodu\" target=\"_blank\" rel=\"noopener\">https:\/\/archiv.hn.cz\/c1-67868030-lezeli-jsme-v-zaludku-vlivnym-lidem-i-jinym-neziskovkam-rika-dodavatel-dronu-pro-skupinu-d-kterou-policie-vini-z-podvodu<\/a><\/li><li><a href=\"https:\/\/www.securitymagazin.cz\/defence\/drony-nemesis-specialni-sily-ruzicka-cecensko-1404073125.html\" target=\"_blank\" rel=\"noopener\">https:\/\/www.securitymagazin.cz\/defence\/drony-nemesis-specialni-sily-ruzicka-cecensko-1404073125.html<\/a><\/li><li><a href=\"https:\/\/x.com\/ruzickapavel70\/status\/1887756371078115557\" target=\"_blank\" rel=\"noopener\">https:\/\/x.com\/ruzickapavel70\/status\/1887756371078115557<\/a><\/li><li><a href=\"https:\/\/zpravy.aktualne.cz\/domaci\/specialni-sily-nelegalne-vozily-drony-z-vetcheho-sbirky-az-n\/r~b06163d0e3c611ef80bfac1f6b220ee8\/\" target=\"_blank\" rel=\"noopener\">https:\/\/zpravy.aktualne.cz\/domaci\/specialni-sily-nelegalne-vozily-drony-z-vetcheho-sbirky-az-n\/r~b06163d0e3c611ef80bfac1f6b220ee8\/<\/a><\/li><li><a href=\"https:\/\/denik.to\/prevoz-dronu-na-ukrajinu-i-za-prestupek-hrozi-vojakum-otevreni-proverky\/\" target=\"_blank\" rel=\"noopener\">https:\/\/denik.to\/prevoz-dronu-na-ukrajinu-i-za-prestupek-hrozi-vojakum-otevreni-proverky\/<\/a><\/li><\/ul><\/div>\n<\/div>\n<div id=\"jana-hruba\" class=\"nemesis-chapter\"><h2>Jana Hrub\u00e1<\/h2>\n<p>Od roku 2019 drobn\u00fd \u017eivnostn\u00edk provozuj\u00edc\u00ed skrovn\u00fd amat\u00e9rsk\u00fd eshop se t\u0159emi modely aut\u00ed\u010dek na d\u00e1lkov\u00e9 ovl\u00e1d\u00e1n\u00ed &#8211; koptery.cz. Od 13. prosince 2023, tedy po zapojen\u00ed do propletence firem dod\u00e1vaj\u00edc\u00edch drony Skupin\u011b D \u00fasp\u011b\u0161n\u00e1 podnikatelka a jednatelka FPV SPACE s.r.o. s odm\u011bnou 9,1 milionu korun.<\/p>\n<h3>Jak Jana Hrub\u00e1 ke \u0161t\u011bst\u00ed p\u0159i\u0161la?<\/h3>\n<p>Jednodu\u0161e, prozradil op\u011bt Jan Veverka: \u201cVe stejn\u00fd den, tedy 13. prosince 2023, podle z\u00e1pisu v obchodn\u00edm rejst\u0159\u00edku vznikla i spole\u010dnost Koptery s.r.o., kter\u00e1 se stala dodavatelem Skupiny D. Jej\u00ed majitelkou byla v t\u00e9 dob\u011b Jana Hrub\u00e1, partnerka vojensk\u00e9ho zpravodajce Davida \u0160pa\u010dka\u201d. \u0160pa\u010dka Veverka podle sv\u00fdch slov poznal v roce 2023 b\u011bhem sv\u00fdch cest na Ukrajinu, a to jako odborn\u00edka na FPV drony a nejlep\u0161\u00edho \u010desk\u00e9ho pilota FPV dron\u016f. \u201eByl mi doporu\u010den lidmi z bezpe\u010dnostn\u00edch slo\u017eek \u010cesk\u00e9 republiky,\u201c podotkl Veverka, p\u00ed\u0161\u00ed novinky.cz. Ve skute\u010dnosti je \u0160pa\u010dek \u010dlenem Veverkovy jednotky v Aktivn\u00edch z\u00e1loh\u00e1ch.<\/p>\n<p>V jin\u00e9m rozhovoru popisuje Zden\u011bk Poul hovor s Veverkou: \u201cPil jsem si kafe na dovolen\u00e9 v Alp\u00e1ch, kdy\u017e zazvonil telefon. Ptal se mne, zdali m\u00e1m z CSG zku\u0161enosti s licen\u010dn\u00edm \u0159\u00edzen\u00edm a \u017ee bych mohl pomoct sv\u00fdmi zku\u0161enostmi jejich dodavateli dron\u016f. P\u0159esn\u011b takhle jsem se dostal ke spole\u010dnosti Kopt\u00e9ry, dnes FPV Space. Nejd\u0159\u00edve jsem byl zam\u011bstnanec na DP\u010c, a\u017e n\u00e1sledn\u011b jsem se stal spole\u010dn\u00edkem.\u201d<\/p>\n<p>Pro po\u0159\u00e1dek: V roce 2019 Jana Hrub\u00e1 z\u00edsk\u00e1v\u00e1 \u017eivnostensk\u00e9 opr\u00e1vn\u011bn\u00ed a provozuje eshop koptery.cz. 13. prosince 2023 zakl\u00e1d\u00e1 Hrub\u00e1 spole\u010dnost KOPTERY s.r.o. s  I\u010c: 21509972. Z firmy KOPTERY se 20. b\u0159ezna 2024 st\u00e1v\u00e1 FPV SPACE s.r.o.. Zden\u011bk Poul zakl\u00e1d\u00e1 24. dubna 2024 spole\u010dnost POUL SPACE s.r.o., a ta se 30. \u010dervence 2024 st\u00e1v\u00e1 polovi\u010dn\u00edm vlastn\u00edkem FPV SPACE.<\/p>\n<p>Okolnosti vzniku op\u011bt vysv\u011btluje Jan Veverka, Hrub\u00e1 se k v\u011bci nikde nevyjad\u0159uje: \u201eMoje spole\u010dnost poskytla pan\u00ed Hrub\u00e9 standardn\u00ed obchodn\u00ed p\u016fj\u010dku s b\u011b\u017en\u00fdm \u00farokem a del\u0161\u00ed dobou splatnosti ur\u010denou na prvotn\u00ed n\u00e1kup komponent\u016f pro FPV drony a na rozvoj spole\u010dnosti s ru\u010den\u00edm omezen\u00fdm,\u201c sd\u011blil.<\/p>\n<p>\u201eD\u016fvod byl jednoduch\u00fd, pan\u00ed Hrub\u00e1 do t\u00e9 doby provozovala projekt koptery.cz (e-shop s komponenty na drony \u2013 pozn. red.) jako fyzick\u00e1 osoba. Pro m\u011b i pro vznikaj\u00edc\u00ed neziskovou organizaci bylo z\u00e1sadn\u00ed, aby dod\u00e1vky zaji\u0161\u0165oval odborn\u011b zp\u016fsobil\u00fd a sou\u010dasn\u011b transparentn\u00ed subjekt s jasn\u011b vymezenou pr\u00e1vn\u00ed a \u00fa\u010detn\u00ed odpov\u011bdnost\u00ed,\u201c pokra\u010doval.<\/p>\n<p>Skute\u010dnost je v\u0161ak jin\u00e1, zalo\u017een\u00ed spole\u010dnost\u00ed KOPTERY, FPV SPACE v\u010detn\u011b POUL SPACE v pozad\u00ed nepopirateln\u011b dirigoval Jan Veverka. Dokl\u00e1daj\u00ed to zakladatelsk\u00e9 dokumenty v Obchodn\u00edm rejst\u0159\u00edku &#8211; zalo\u017een\u00ed t\u011bchto spole\u010dnost\u00ed toti\u017e v zastoupen\u00ed Hrub\u00e9 i Poula za\u0159izoval advok\u00e1t JUDr. Otakar \u0160vor\u010d\u00edk u not\u00e1\u0159ky JUDr. Ladislavy \u0160eb\u00e1nkov\u00e9. Stejn\u00fd advok\u00e1t zakl\u00e1dal p\u0159ed t\u00edm Veverkovi hned t\u0159i jin\u00e9 akciov\u00e9 spole\u010dnosti: Touzimsky Geo, Touzimsky Publishing a Touzimsky Reality. Not\u00e1\u0159ka \u0160eb\u00e1nkov\u00e1 posv\u011btila zalo\u017een\u00ed dvou z nich.<\/p>\n<p>\u017de spole\u010dnosti s ru\u010den\u00edm omezen\u00fdm KOPTERY a n\u00e1sledn\u011b FPV SPACE I\u010c: 21015996 vznikly na popud Jana Veverky \u010dist\u011b \u00fa\u010delov\u011b, dokl\u00e1d\u00e1 je\u0161t\u011b jedna skute\u010dnost &#8211; Jana Hrub\u00e1 eshop koptery.cz dodnes provozuje na sv\u00e9 \u017eivnostensk\u00e9 opr\u00e1vn\u011bn\u00ed. A aby byla orientace v propletenci firem je\u0161t\u011b slo\u017eit\u011bj\u0161\u00ed, zalo\u017eila Jana Hrub\u00e1 13. srpna 2025 op\u011bt spole\u010dnost KOPTERY s.r.o., tentokr\u00e1t s I\u010c: 23598816.<\/p>\n<div class=\"nemesis-sources\"><p class=\"nemesis-sources-label\">Zdroje:<\/p><ul><li><a href=\"https:\/\/web.archive.org\/web\/20190921085910\/http:\/\/koptery.cz\/\" target=\"_blank\" rel=\"noopener\">https:\/\/web.archive.org\/web\/20190921085910\/http:\/\/koptery.cz\/<\/a><\/li><li><a href=\"https:\/\/www.irozhlas.cz\/zpravy-domov\/proverovani-nasvedcuje-ze-se-na-sbirce-skupiny-d-na-drony-obohacovaly-spriznene_2603240500_hrk\" target=\"_blank\" rel=\"noopener\">https:\/\/www.irozhlas.cz\/zpravy-domov\/proverovani-nasvedcuje-ze-se-na-sbirce-skupiny-d-na-drony-obohacovaly-spriznene_2603240500_hrk<\/a><\/li><li><a href=\"https:\/\/www.novinky.cz\/clanek\/domaci-obohatili-se-sije-vojenska-policie-do-sbirky-na-drony-nesmysl-a-hluboka-urazka-brani-se-akteri-40575256\" target=\"_blank\" rel=\"noopener\">https:\/\/www.novinky.cz\/clanek\/domaci-obohatili-se-sije-vojenska-policie-do-sbirky-na-drony-nesmysl-a-hluboka-urazka-brani-se-akteri-40575256<\/a><\/li><li><a href=\"https:\/\/archiv.hn.cz\/c1-67868030-lezeli-jsme-v-zaludku-vlivnym-lidem-i-jinym-neziskovkam-rika-dodavatel-dronu-pro-skupinu-d-kterou-policie-vini-z-podvodu\" target=\"_blank\" rel=\"noopener\">https:\/\/archiv.hn.cz\/c1-67868030-lezeli-jsme-v-zaludku-vlivnym-lidem-i-jinym-neziskovkam-rika-dodavatel-dronu-pro-skupinu-d-kterou-policie-vini-z-podvodu<\/a><\/li><li><a href=\"https:\/\/rzp.gov.cz\/verejne-udaje\/cs\/udaje\/vyber-osoby;jmeno=Jana;prijmeni=Hrub%C3%A1;datumNarozeni=1994-08-16\/osoba;oid=A004753980e086859aed695ae4c0c426ceae8a550bacfa6da152b3e8754f90cfc1ba9;platne=true\/subjekt;ssarzp=A5aa8813d305b5097936605619ba36c91159f5ebee1737cd1ab1c3bee30bfca7f1ba9;historie=true\" target=\"_blank\" rel=\"noopener\">https:\/\/rzp.gov.cz\/verejne-udaje\/cs\/udaje\/vyber-osoby;jmeno=Jana;prijmeni=Hrub%C3%A1;datumNarozeni=1994-08-16\/osoba;oid=A004753980e086859aed695ae4c0c426ceae8a550bacfa6da152b3e8754f90cfc1ba9;platne=true\/subjekt;ssarzp=A5aa8813d305b5097936605619ba36c91159f5ebee1737cd1ab1c3bee30bfca7f1ba9;historie=true<\/a><\/li><li><a href=\"https:\/\/or.justice.cz\/ias\/ui\/vypis-sl-detail?dokument=82591081&amp;subjektId=1223838&amp;spis=1379286\" target=\"_blank\" rel=\"noopener\">https:\/\/or.justice.cz\/ias\/ui\/vypis-sl-detail?dokument=82591081&amp;subjektId=1223838&amp;spis=1379286<\/a><\/li><li><a href=\"https:\/\/or.justice.cz\/ias\/ui\/vypis-sl-detail?dokument=81181069&amp;subjektId=1237734&amp;spis=1395570\" target=\"_blank\" rel=\"noopener\">https:\/\/or.justice.cz\/ias\/ui\/vypis-sl-detail?dokument=81181069&amp;subjektId=1237734&amp;spis=1395570<\/a><\/li><li><a href=\"https:\/\/or.justice.cz\/ias\/ui\/vypis-sl-detail?dokument=86873105&amp;subjektId=988186&amp;spis=1093348\" target=\"_blank\" rel=\"noopener\">https:\/\/or.justice.cz\/ias\/ui\/vypis-sl-detail?dokument=86873105&amp;subjektId=988186&amp;spis=1093348<\/a><\/li><li><a href=\"https:\/\/or.justice.cz\/ias\/ui\/vypis-sl-detail?dokument=75086020&amp;subjektId=348838&amp;spis=85652\" target=\"_blank\" rel=\"noopener\">https:\/\/or.justice.cz\/ias\/ui\/vypis-sl-detail?dokument=75086020&amp;subjektId=348838&amp;spis=85652<\/a><\/li><li><a href=\"https:\/\/or.justice.cz\/ias\/ui\/vypis-sl-detail?dokument=68172763&amp;subjektId=1132930&amp;spis=1272718\" target=\"_blank\" rel=\"noopener\">https:\/\/or.justice.cz\/ias\/ui\/vypis-sl-detail?dokument=68172763&amp;subjektId=1132930&amp;spis=1272718<\/a><\/li><li><a href=\"https:\/\/or.justice.cz\/ias\/ui\/vypis-sl-detail?dokument=81181069&amp;subjektId=1237734&amp;spis=1395570\" target=\"_blank\" rel=\"noopener\">https:\/\/or.justice.cz\/ias\/ui\/vypis-sl-detail?dokument=81181069&amp;subjektId=1237734&amp;spis=1395570<\/a><\/li><li><a href=\"https:\/\/www.koptery.cz\/obchodni-podminky\/\" target=\"_blank\" rel=\"noopener\">https:\/\/www.koptery.cz\/obchodni-podminky\/<\/a><\/li><li><a href=\"https:\/\/or.justice.cz\/ias\/ui\/vypis-sl-firma?subjektId=1286425\" target=\"_blank\" rel=\"noopener\">https:\/\/or.justice.cz\/ias\/ui\/vypis-sl-firma?subjektId=1286425<\/a><\/li><\/ul><\/div>\n<h3>Zak\u00e1zky a Veverkovy alimenty<\/h3>\n<p>Jak ale vy\u0161lo najevo, Skupina D nebyla jedin\u00fdm zdrojem pen\u011bz, napojen\u00ed na vlivn\u00e9 osoby z prost\u0159ed\u00ed arm\u00e1dy ji podle zji\u0161t\u011bn\u00ed novinky.cz pootev\u0159elo dve\u0159e i do Vojensk\u00e9 policie. Hrub\u00e1 ji prodala 25 komer\u010dn\u00edch dron\u016f s n\u00e1hradn\u00edmi d\u00edly za cenu p\u0159es 29 tis\u00edc korun, dohromady za 733 tis\u00edc.<\/p>\n<p>Spole\u010dnost FPV SPACE v\u0161ak nebyla \u0161t\u011bdr\u00e1 pouze ke sv\u00fdm jednatel\u016fm a majitel\u016fm Jan\u011b Hrub\u00e9 a Zde\u0148ku Poulovi, z nezn\u00e1m\u00e9ho d\u016fvodu z \u00fa\u010dtu t\u00e9to firmy odch\u00e1zelo m\u011bs\u00ed\u010dn\u011b kolem 41 000 K\u010d b\u00fdval\u00e9 partnerce Jana Veverky a matky jeho dvou d\u011bt\u00ed. Celkem dostala 499 000 korun, ne\u017e policie obstavila \u00fa\u010det firmy.<\/p>\n<div class=\"nemesis-sources\"><p class=\"nemesis-sources-label\">Zdroje:<\/p><ul><li><a href=\"https:\/\/www.novinky.cz\/clanek\/domaci-dvoji-metr-vojenske-policie-pri-nakupu-dronu-pro-ukrajinu-predrazene-pro-nas-vyhodne-40568577\" target=\"_blank\" rel=\"noopener\">https:\/\/www.novinky.cz\/clanek\/domaci-dvoji-metr-vojenske-policie-pri-nakupu-dronu-pro-ukrajinu-predrazene-pro-nas-vyhodne-40568577<\/a><\/li><li><a href=\"https:\/\/www.irozhlas.cz\/zpravy-domov\/proverovani-nasvedcuje-ze-se-na-sbirce-skupiny-d-na-drony-obohacovaly-spriznene_2603240500_hrk\" target=\"_blank\" rel=\"noopener\">https:\/\/www.irozhlas.cz\/zpravy-domov\/proverovani-nasvedcuje-ze-se-na-sbirce-skupiny-d-na-drony-obohacovaly-spriznene_2603240500_hrk<\/a><\/li><\/ul><\/div>\n<\/div>\n<div id=\"karel-rehka\" class=\"nemesis-chapter\"><h2>Karel \u0158ehka<\/h2>\n<p>Dnes u\u017e b\u00fdval\u00fd n\u00e1\u010deln\u00edk gener\u00e1ln\u00edho \u0161t\u00e1bu Karel \u0158ehka je dal\u0161\u00ed v\u00fdznamn\u00fd a dlouholet\u00fd kamar\u00e1d Jana Veverky, ale tak\u00e9 Zde\u0148ka Poula a Milana Mikuleck\u00e9ho. Zat\u00edm nevy\u0161lo najevo, \u017ee by byl \u0158ehka p\u0159\u00edmo spojen s tokem financ\u00ed vybran\u00fdch ve sb\u00edrce na drony kon\u010d\u00edc\u00edch v \u201czisku, odm\u011bn\u00e1ch a n\u00e1kladech\u201d firem  FPV SPACE nebo POUL SPACE. O jeho vztahu a loajalit\u011b k Veverkovi ale nelze m\u00edt pochyby potom co vy\u0161lo najevo, \u017ee bydl\u00ed v dom\u011b, kter\u00fd pro n\u011bj koupil pr\u00e1v\u011b Veverka, kdy\u017e opustil t\u011b\u017ece nemocnou man\u017eelku a dal se dohromady s&nbsp;poslankyn\u00ed Opltovou.<\/p>\n<p>\u0158ehka a jeho nov\u00e1 partnerka Michaela Opltov\u00e1 &#8211; \u010dlenka a poslankyn\u011b hnut\u00ed STAN, se tak mohli p\u0159est\u011bhovat do nov\u00e9ho hn\u00edzde\u010dka na Plze\u0148sku. \u201eKarel \u0158ehka a jeho rodina jsou moji rodinn\u00ed p\u0159\u00e1tel\u00e9, kter\u00e9 zn\u00e1m mnoho let. To, \u017ee si rodinn\u00ed p\u0159\u00e1tel\u00e9 pom\u00e1haj\u00ed, je sou\u010d\u00e1st\u00ed slu\u0161n\u00e9ho vychov\u00e1n\u00ed,\u201c uvedl Veverka. \u201cJe to jedna z mnoha nemovitost\u00ed, kter\u00e9 jsem kupoval, v tomto konkr\u00e9tn\u00edm dom\u011b jsem ani nebyl, v\u0161e vy\u0159izoval m\u016fj finan\u010dn\u00ed \u0159editel. N\u00e1jemn\u00ed smlouva je naps\u00e1na jak na pana \u0158ehku, tak na pan\u00ed Opltovou,\u201c odvykl\u00e1dal v \u010dl\u00e1nku pro server Expres.cz svou historku Veverka. A p\u0159idal se i \u0158ehka, od n\u011bj Expres zjistil, \u017ee \u00fadajn\u011b plat\u00ed Veverkovi n\u00e1jem i s poplatky ve v\u00fd\u0161i 42 tis\u00edc korun. Slovo \u00fadajn\u011b je d\u016fle\u017eit\u00e9, smlouva o n\u00e1jmu nebyla nikdy zve\u0159ejn\u011bna, a \u010dl\u00e1nek nepsal nikdo men\u0161\u00ed, ne\u017e s\u00e1m \u0161\u00e9fredaktor Expresu Petr Kone\u010dn\u00fd, toho \u010dasu \u010dlen Veverkovy soukrom\u00e9 arm\u00e1dn\u00ed jednotky \u201cRed team\u201d v Aktivn\u00edch z\u00e1loh\u00e1ch, jednotky spadaj\u00edc\u00ed p\u0159\u00edmo pod \u0158ehku. Dodejme, \u017ee kohokoliv jin\u00e9ho v obdobn\u00e9 funkci by m\u00e9dia doslova roztrhala, kdyby vy\u0161lo najevo, \u017ee se nast\u011bhoval do domu \u0161\u00edbra form\u00e1tu Veverky s vazbami na Janou\u0161ka a spol., a kter\u00fd jej pro n\u011bj koupil. Jen tomuto \u201cmil\u00e1\u010dku\u201d m\u00e9di\u00ed to n\u00e1hodou pro\u0161lo. Michaela Opltov\u00e1 se u\u017e jmenuje \u0158ehkov\u00e1, svatba \u0158ehky a Opltov\u00e9 prob\u011bhla v \u010dervnu 2026.<\/p>\n<h3>P\u0159\u00edm\u00e1 linka na Hrad<\/h3>\n<p>\u0158ehka, do t\u00e9 doby mu\u017e s neposkvrn\u011bnou minulost\u00ed, tak\u00e9 sehr\u00e1l roli \u201cpatrona\u201d Skupiny D. Jej\u00edm aktivit\u00e1m dodal neb\u00fdvalou v\u00e1hu a pen\u011bzi nezaplatiteln\u00fd punc \u010distoty a poctivosti. Tak\u00e9 byl z podstaty v\u011bci jako n\u00e1\u010deln\u00edk gener\u00e1ln\u00edho \u0161t\u00e1bu schopen leccos za\u0159\u00eddit rozkazem p\u0159\u00edmo v arm\u00e1d\u011b, ale asi sta\u010dilo jen nazna\u010dit, nebo tak\u00e9 v\u00fdznamn\u011b tahat za nitky p\u0159es Radka Hasalu, kter\u00fd v sou\u010dasn\u00e9 dob\u011b vede Petru Pavlovi Hradn\u00ed vojenskou kancel\u00e1\u0159 a t\u00edm um\u00e9st cesti\u010dku Veverkova vlivu p\u0159\u00edmo k prezidentu Petru Pavlovi.<\/p>\n<p>Ostatn\u011b, u prezidenta Petra Pavla byl \u010dast\u00fdm hostem. \u201cMezi t\u00e9maty dal\u0161\u00edho z jejich pravideln\u00fdch jedn\u00e1n\u00ed by mohla b\u00fdt modernizace arm\u00e1dy nebo situace kolem Ukrajiny, kter\u00e1 \u010del\u00ed \u010dtvrt\u00fdm rokem rusk\u00e9 vojensk\u00e9 invazi. Prezident pov\u00fd\u0161il \u0158ehku letos v kv\u011btnu do hodnosti arm\u00e1dn\u00edho gener\u00e1la,\u201d p\u00ed\u0161e nap\u0159\u00edklad respekt.cz.<\/p>\n<p>Ale p\u0159\u00edm\u00e1 linka na Hrad se hodila i v t\u011b\u017ek\u00fdch \u010dasech: N\u00e1\u010deln\u00edk gener\u00e1ln\u00edho \u0161t\u00e1bu Karel \u0158ehka a prezident Petr Pavel cht\u011bj\u00ed po\u010dkat, a\u017e Vojensk\u00e1 policie do\u0161et\u0159\u00ed medializovan\u00e9 pochybnosti kolem spolku Skupina D, kter\u00fd po\u0159\u00e1d\u00e1 sb\u00edrku na drony a plastickou trhavinu pro ukrajinskou arm\u00e1du. \u201ePokud je na ud\u011blov\u00e1n\u00ed diplomatick\u00fdch pas\u016f nebo dod\u00e1v\u00e1n\u00ed dron\u016f n\u011bco \u0161patn\u011b, tak a\u0165 se to vy\u0161et\u0159\u00ed,\u201c \u0159ekl v ned\u011bli prezident, kter\u00fd iniciativu otev\u0159en\u011b podporuje, psal nap\u0159\u00edklad echo24.cz.<\/p>\n<p>Prezident se hodil i kdy\u017e vy\u0161lo najevo podez\u0159en\u00ed na obohacov\u00e1n\u00ed ze sb\u00edrky \u010dleny Skupiny D a napojen\u00fdch firem: \u201cVeverka na z\u00e1v\u011br uvedl, \u017ee sb\u00edrku kontroluje jak samotn\u00e1 arm\u00e1da, tak prob\u011bhl hloubkov\u00fd audit, jeho\u017e v\u00fdsledky byly p\u0159edlo\u017eeny prezidentovi Petru Pavlovi\u201d. Co\u017e je nesmysl, proto\u017ee arm\u00e1da nem\u00e1 pravomoci ke kontrole auditu hospoda\u0159en\u00ed \u017e\u00e1dn\u00e9ho spolku, ani Skupiny D a na ni p\u0159is\u00e1t\u00fdch firem Poula, Hrub\u00e9, pota\u017emo Veverky. Prezident Petr Pavel tak\u00e9 nikdy nic takov\u00e9ho nepotvrdil.<\/p>\n<p>P\u0159\u00edpadn\u011b p\u0159i st\u0159etech s problematickou a neposlu\u0161nou ministryn\u00ed obrany Janou \u010cernochovou: Do sporu \u0158ehka versus \u010cernochov\u00e1 u\u017e se zapojil i Pra\u017esk\u00fd hrad. Echo24 informovalo, \u017ee \u0161\u00e9fov\u00e9 dvou tajn\u00fdch slu\u017eeb ozna\u010dili zapojen\u00ed n\u00e1\u010deln\u00edka gener\u00e1ln\u00edho \u0161t\u00e1bu arm\u00e1dy Karla \u0158ehky ve sb\u00edrce na sto tun plastick\u00e9 trhaviny pro ukrajinskou arm\u00e1du za bezpe\u010dnostn\u00ed riziko. Podle serveru Novinky to n\u00e1sledn\u011b \u201evyvolalo zlou krev\u201c na Hrad\u011b. Kritika gener\u00e1la \u0158ehky je pr\u00fd \u00fa\u010delov\u00e1 a veden\u00e1 podle dvoj\u00edho metru.<\/p>\n<div class=\"nemesis-sources\"><p class=\"nemesis-sources-label\">Zdroje:<\/p><ul><li><a href=\"https:\/\/www.expres.cz\/zpravy\/anonymy-chodi-tak-uz-to-chodi-reaguje-rehka-na-udani-ohledne-jeho-noveho-bydleni.A240720_114244_dx-zpravy_bpet\" target=\"_blank\" rel=\"noopener\">https:\/\/www.expres.cz\/zpravy\/anonymy-chodi-tak-uz-to-chodi-reaguje-rehka-na-udani-ohledne-jeho-noveho-bydleni.A240720_114244_dx-zpravy_bpet<\/a><\/li><li><a href=\"https:\/\/cs.wikipedia.org\/wiki\/Michaela_%C5%98ehkov%C3%A1\" target=\"_blank\" rel=\"noopener\">https:\/\/cs.wikipedia.org\/wiki\/Michaela_%C5%98ehkov%C3%A1<\/a><\/li><li><a href=\"https:\/\/www.echo24.cz\/a\/HKbT7\/zpravy-drony-nemesis-iniciativa-ukrajina-skupina-d-ondrej-vetchy-karel-rehka-foltyn-prezident-pavel-spor-cernochova\" target=\"_blank\" rel=\"noopener\">https:\/\/www.echo24.cz\/a\/HKbT7\/zpravy-drony-nemesis-iniciativa-ukrajina-skupina-d-ondrej-vetchy-karel-rehka-foltyn-prezident-pavel-spor-cernochova<\/a><\/li><li><a href=\"https:\/\/www.respekt.cz\/informacni-servis\/pavel-prijme-sefa-vojaku-rehku-budou-jednat-o-modernizaci-armady-a-pomoci-ukrajine-2025-08-19-09-20?srsltid=AfmBOoqIEN5qWMQy8gySPxdcKO4ve_bp3d1kHRC6Ty3byGZLg53Aef7O\" target=\"_blank\" rel=\"noopener\">https:\/\/www.respekt.cz\/informacni-servis\/pavel-prijme-sefa-vojaku-rehku-budou-jednat-o-modernizaci-armady-a-pomoci-ukrajine-2025-08-19-09-20?srsltid=AfmBOoqIEN5qWMQy8gySPxdcKO4ve_bp3d1kHRC6Ty3byGZLg53Aef7O<\/a><\/li><li><a href=\"https:\/\/www.expres.cz\/zpravy\/drony-nemesis-ondrej-vetchy.A241205_151922_dx-zpravy_chlp\" target=\"_blank\" rel=\"noopener\">https:\/\/www.expres.cz\/zpravy\/drony-nemesis-ondrej-vetchy.A241205_151922_dx-zpravy_chlp<\/a><\/li><\/ul><\/div>\n<h3>Patron bez v\u00fdsluh a Veverk\u016fv sen\u00e1tor?<\/h3>\n<p>\u0158ehkovi z ot\u00e1zkek na dronovou iniciativu doslova tekly nervy. Dv\u011b osoby z okol\u00ed Karla \u0158ehky potvrdily, \u017ee jim vyhro\u017eoval pot\u00e9, co upozornily na mo\u017en\u00e9 podez\u0159en\u00ed z korupce spojen\u00e9 s jeho p\u016fsoben\u00edm. M\u00edstop\u0159edseda sn\u011bmovn\u00edho v\u00fdboru pro obranu Pavel R\u016f\u017ei\u010dka popsal pro Emko Angeliky Bazalov\u00e9 incident, k n\u011bmu\u017e m\u011blo doj\u00edt 3. z\u00e1\u0159\u00ed po jedn\u00e1n\u00ed v\u00fdboru. Tvrd\u00ed, \u017ee mu n\u00e1\u010deln\u00edk gener\u00e1ln\u00edho \u0161t\u00e1bu Karel \u0158ehka vyhro\u017eoval fyzick\u00fdm napaden\u00edm. Podle R\u016f\u017ei\u010dky ho \u0158ehka po\u017e\u00e1dal, aby s n\u00edm ode\u0161el do vedlej\u0161\u00ed m\u00edstnosti, kde mu \u00fadajn\u011b \u0159ekl: \u201eTak poslouchej, jestli bude\u0161 jebat do dron\u016f, m\u00e9ho bydlen\u00ed a bude\u0161 ohro\u017eovat moji rodinu, tak ti rozbiju dr\u017eku a roz\u0161lapu ksicht, to si pamatuj.\u201c<\/p>\n<p>Po zve\u0159ejn\u011bn\u00ed podez\u0159el\u00fdch finan\u010dn\u00edch tok\u016f ze sb\u00edrky Skupiny D a spole\u010dnosti FPV SPACE jeho kari\u00e9\u0159e v gener\u00e1ln\u00edm \u0161t\u00e1bu odzvonilo, s v\u00fdm\u011bnou vl\u00e1dy ho nahradil dosavadn\u00ed z\u00e1stupce Miroslav Hlav\u00e1\u010d. \u0158ehka hovo\u0159il o tom, \u017ee uva\u017euje o odchodu do civilu, a \u017ee chce kandidovat do Sen\u00e1tu. \u201eJedna z mo\u017enost\u00ed je, \u017ee bych kandidoval do Sen\u00e1tu jako nez\u00e1visl\u00fd kandid\u00e1t. Tak\u017ee to zva\u017euji a v nejbli\u017e\u0161\u00edch t\u00fddnech se budu muset n\u011bjak rozhodnout. Politick\u00e1 kari\u00e9ra nen\u00ed moje vysn\u011bn\u00e1 budoucnost, ale chci se d\u00e1l anga\u017eovat, nen\u00ed mi lhostejn\u00e9, co se tady d\u011bje,\u201c \u0159\u00edkal \u0158ehka. Z arm\u00e1dy ov\u0161em odch\u00e1zet nemusel, mohl v n\u00ed p\u016fsobit d\u00e1le. Jeho dal\u0161\u00ed kari\u00e9ra mohla v\u00e9st nap\u0159\u00edklad do NATO. I kdy\u017e zde by mohl m\u00edt probl\u00e9m s bezpe\u010dnostn\u00ed prov\u011brkou. Proto\u017ee ze sv\u00e9 pozice n\u00e1\u010deln\u00edka gener\u00e1ln\u00edho \u0161t\u00e1bu kryl Veverkovu soukromou jednotku a sv\u00fdmi v\u00fdjimkami umo\u017enil p\u0159\u00edstup ke \u0161pi\u010dk\u00e1m \u010desk\u00e9 arm\u00e1dy osob\u00e1m s vazbami na nep\u0159\u00e1telsk\u00e9 mocnosti. P\u0159\u00edpadn\u011b je ve h\u0159e sm\u011br Hrad, pokud nevyjde Sen\u00e1t, tam mu m\u016f\u017ee Petr Pavel vytvo\u0159it civiln\u00ed pozici.<\/p>\n<p>\u0158ehka u\u017e ale kandidaturu ofici\u00e1ln\u011b ohl\u00e1sil, bude kandidovat v Plzni s podporou STAN. Co\u017e nen\u00ed skute\u010dn\u011b \u017e\u00e1dn\u00e9 p\u0159ekvapen\u00ed, zapad\u00e1 do zbytku informac\u00ed. Raku\u0161anovo uskupen\u00ed STAN toti\u017e neodolateln\u011b p\u0159itahuje \u201c\u0161\u00edbry\u201d typu Michala Redla \u010di Ji\u0159\u00edho Fremra, ve\u0159ejnosti zn\u00e1m\u00fdch a\u017e z kauzy Dozimetr (mimochodem doned\u00e1vna byl Fremr, kter\u00fd do Prahy doputoval z Plzn\u011b, tak\u0159ka prav\u00e1 ruka Romana Janou\u0161ka a s medi\u00e1ln\u00edm mana\u017eerem Pisk\u00e1\u010dkem, dal\u0161\u00edm Janou\u0161kov\u00fdm \u010dlov\u011bkem, se potkali v TV Barrandov), kte\u0159\u00ed politik\u016fm STAN zaji\u0161\u0165uj\u00ed neposti\u017eiteln\u00e9 spojen\u00ed s byznysov\u00fdm podsv\u011bt\u00edm a v\u00fdt\u011b\u017eky z cinkl\u00fdch ve\u0159ejn\u00fdch zak\u00e1zek. Nav\u00edc jeho nov\u00e1 man\u017eelka je poslankyn\u00ed STAN, pro\u0161lap\u00e1n\u00ed jednoduch\u00e9 cesti\u010dky ke kandidatu\u0159e, tedy bez nutnosti doch\u00e1zky na \u00fanavn\u00e9 m\u00edstn\u00ed a okresn\u00ed stranick\u00e9 sed\u00e1nky, se tak samo nab\u00edzelo.<\/p>\n<p>\u0158ehkova kandidatura do Sen\u00e1tu nepochybn\u011b ud\u011blala velkou radost Janu Veverkovi, pokud o n\u00ed s\u00e1m velmi dob\u0159e nev\u011bd\u011bl a nestoj\u00ed za n\u00ed. Pokud \u0158ehka usp\u011bje, nebude se muset Veverka p\u0159i prosazov\u00e1n\u00ed z\u00e1kon\u016f uzp\u016fsoben\u00fdch na m\u00edru jeho Bigboardu obt\u011b\u017eovat s jin\u00fdmi sen\u00e1tory. Bude m\u00edt vlastn\u00edho. S billboardovou kampan\u00ed \u0158ehkovi jist\u011b pom\u016f\u017ee Bigboard a j\u00edm vlastn\u011bn\u00e1 m\u00e9dia nebo novin\u00e1\u0159i, kter\u00e9 skryt\u011b ovl\u00e1d\u00e1 Veverka. A tak\u00e9 bude zaj\u00edmav\u00e9 sledovat, jak se vyk\u00e1zan\u00e9 a povolen\u00e9 n\u00e1klady na sen\u00e1tn\u00ed kampa\u0148 budou shodovat s reklamn\u00edm monitoringem, a kdo ji bude platit.<\/p>\n<p>Motiv by ale mohl b\u00fdt daleko p\u0159\u00edzemn\u011bj\u0161\u00ed, \u0158ehka m\u00e1 toti\u017e po letech slu\u017eby nakro\u010deno po odchodu z arm\u00e1dy na v\u00fdsluhy ve v\u00fd\u0161i asi 100 000 korun m\u011bs\u00ed\u010dn\u011b \u010dist\u00e9ho. P\u0159ij\u00edt by o ni mohl ve dvou specifick\u00fdch situac\u00edch: Voj\u00e1k je propu\u0161t\u011bn z arm\u00e1dy z d\u016fvodu pravomocn\u00e9ho odsouzen\u00ed pro \u00famysln\u00fd trestn\u00fd \u010din. Nebo soud v trestn\u00edm \u0159\u00edzen\u00ed ulo\u017e\u00ed specifick\u00fd trest ztr\u00e1ty vojensk\u00e9 hodnosti (t\u00edm zanik\u00e1 status voj\u00e1ka i ve\u0161ker\u00e9 s n\u00edm spojen\u00e9 v\u00fdsluhy). Co\u017e se nestane, pokud \u0158ehka z arm\u00e1dy odejde s\u00e1m, v takov\u00e9m p\u0159\u00edpad\u011b by mu v\u00fdsluhu mohlo dodate\u010dn\u011b zastavit jen ministerstvo obrany. Ot\u00e1zkou je, zda by si to n\u011bkdo troufl ud\u011blat, kdy\u017e je \u0158ehka pod ochrann\u00fdmi k\u0159\u00eddly Veverky i prezidenta Petra Pavla.<\/p>\n<p>\u0158ehka m\u011bl toti\u017e na krku i dal\u0161\u00ed excesy, nap\u0159\u00edklad kauzu arm\u00e1dn\u00edho \u0161pehov\u00e1n\u00ed opozice a ob\u010dan\u016f projevuj\u00edc\u00edch ve\u0159ejn\u011b sv\u00e9 n\u00e1zory na citliv\u00e1 t\u00e9mata. Akce \u0161pehov\u00e1n\u00ed ob\u010dan\u016f nesla kryc\u00ed n\u00e1zev \u201eKarel\u201c a akce zac\u00edlen\u00e1 na opozi\u010dn\u00ed politiky \u201eVolby\u201c. Kdo by tak idiotsk\u00e9 kryc\u00ed n\u00e1zvy vymyslel, ne\u017e \u201czelen\u00fd mozek\u201d. N\u00e1\u010deln\u00edk gener\u00e1ln\u00edho \u0161t\u00e1bu \u0158ehka v\u0161ak p\u0159ekonal i s\u00e1m sebe, na tiskov\u00e9 konferenci nejd\u0159\u00edve v\u0161e kategoricky pop\u0159el, aby se n\u00e1sledn\u011b s\u00e1m usv\u011bd\u010dil ze l\u017ei a v\u0161e potvrdil s t\u00edm, \u017ee \u0161lo o cvi\u010den\u00ed. \u201eCht\u011bl bych kategoricky pop\u0159\u00edt, \u017ee by arm\u00e1da sledovala opozici, nebo \u017ee by sledovala jak\u00fdkoli jin\u00fd politick\u00fd subjekt nebo jak\u00e9koli jin\u00e9 ob\u010dany \u010cesk\u00e9 republiky. Tohle prost\u011b neprob\u00edh\u00e1, nikdy nebylo nic takov\u00e9ho na\u0159\u00edzeno a nem\u016f\u017ee to ani prob\u00edhat. Na nikoho nevedeme \u017e\u00e1dn\u00e9 slo\u017eky,\u201c uvedl na tiskov\u00e9 konferenci Karel \u0158ehka a vz\u00e1p\u011bt\u00ed \u0159ekl, \u017ee se v\u0161e konalo v r\u00e1mci cvi\u010den\u00ed.<\/p>\n<p>Server Aktu\u00e1ln\u011b.cz tak\u00e9 napsal, \u017ee elitn\u00ed voj\u00e1ci neleg\u00e1ln\u011b vozili drony na Ukrajinu. Uvedl, \u017ee trestn\u00ed \u0159\u00edzen\u00ed t\u00fdkaj\u00edc\u00ed se sou\u010dinnosti arm\u00e1dy se spolkem Skupina D se bezprost\u0159edn\u011b t\u00fdk\u00e1 speci\u00e1ln\u00edch sil. Mluv\u010d\u00ed vojensk\u00e9 policie Kate\u0159ina Ml\u00fdnkov\u00e1 serveru sd\u011blila, \u017ee se prov\u011b\u0159uje \u201emo\u017en\u00e9 neopr\u00e1vn\u011bn\u00e9 nakl\u00e1d\u00e1n\u00ed s majetkem ministerstva obrany a mo\u017en\u00e9 vyu\u017e\u00edv\u00e1n\u00ed p\u0159\u00edslu\u0161n\u00edk\u016f arm\u00e1dy nad r\u00e1mec \u00fakol\u016f ozbrojen\u00fdch sil\u201c. Podle informac\u00ed Aktu\u00e1ln\u011b.cz \u0161lo t\u0159eba o to, \u017ee vojensk\u00fd materi\u00e1l prov\u00e1zeli na Ukrajinu p\u0159\u00edslu\u0161n\u00edci 601. skupiny speci\u00e1ln\u00edch sil, ale nem\u011bli pro to povolen\u00ed Parlamentu. Skupina D m\u00e1 ke speci\u00e1ln\u00edm sil\u00e1m bl\u00edzko. Dva jej\u00ed spoluzakladatel\u00e9 jsou p\u0159\u00edslu\u0161n\u00edky aktivn\u00edch z\u00e1loh \u0158editelstv\u00ed speci\u00e1ln\u00edch sil, pod kter\u00e9 prost\u011bjovsk\u00e1 jednotka spad\u00e1. Jedn\u00edm z nich je podnikatel Jan Veverka, kter\u00fd o tom mluv\u00ed ve\u0159ejn\u011b. Nav\u00edc \u010destn\u00fd p\u0159edseda spolku Karel \u0158ehka velel 601. skupin\u011b a pozd\u011bji st\u00e1l v \u010dele \u0158editelstv\u00ed speci\u00e1ln\u00edch sil. Ale v aktivn\u00edch z\u00e1loh\u00e1ch p\u016fsob\u00ed i dal\u0161\u00ed, spojen\u00ed se Skupinou D, jako David \u0160pa\u010dek. Policie sice po prov\u011b\u0159en\u00ed v\u011bci konstatovala, \u017ee se trestn\u00fd \u010din nestal ale p\u0159edpisy poru\u0161eny byly. P\u0159edala tak v\u011bc ke k\u00e1ze\u0148sk\u00e9mu \u0159e\u0161en\u00ed a za k\u00e1ze\u0148sk\u00fd delikt m\u016f\u017ee voj\u00e1k p\u0159ij\u00edt o bezpe\u010dnostn\u00ed prov\u011brku i o zbrojn\u00ed pas. Podle neve\u0159ejn\u00fdch informac\u00ed u\u017e NB\u00da otev\u0159el bezpe\u010dnostn\u00ed prov\u011brky n\u011bkter\u00fdch voj\u00e1k\u016f i dal\u0161\u00edch osob, kte\u0159\u00ed v kauze figuruj\u00ed.<\/p>\n<div class=\"nemesis-sources\"><p class=\"nemesis-sources-label\">Zdroje:<\/p><ul><li><a href=\"https:\/\/www.parlamentnilisty.cz\/arena\/monitor\/General-Rehka-pry-ztraci-nervy-Poslanci-mel-vyhrozovat-rozslapanim-ksichtu-768138\" target=\"_blank\" rel=\"noopener\">https:\/\/www.parlamentnilisty.cz\/arena\/monitor\/General-Rehka-pry-ztraci-nervy-Poslanci-mel-vyhrozovat-rozslapanim-ksichtu-768138<\/a><\/li><li><a href=\"https:\/\/nasliberec.cz\/2017\/10\/03\/za-billboardovym-byznysem-stoji-byvaly-liberecky-politik-dalsi-mu-pak-pomahaji\/\" target=\"_blank\" rel=\"noopener\">https:\/\/nasliberec.cz\/2017\/10\/03\/za-billboardovym-byznysem-stoji-byvaly-liberecky-politik-dalsi-mu-pak-pomahaji\/<\/a><\/li><li><a href=\"https:\/\/www.seznamzpravy.cz\/clanek\/domaci-zivot-v-cesku-od-vojaku-do-politiky-sef-armady-rehka-zvazuje-karieru-v-senatu-309631\" target=\"_blank\" rel=\"noopener\">https:\/\/www.seznamzpravy.cz\/clanek\/domaci-zivot-v-cesku-od-vojaku-do-politiky-sef-armady-rehka-zvazuje-karieru-v-senatu-309631<\/a><\/li><li><a href=\"https:\/\/www.novinky.cz\/clanek\/domaci-rehka-jde-do-boje-o-senat-kandidovat-bude-v-plzni-40590491\" target=\"_blank\" rel=\"noopener\">https:\/\/www.novinky.cz\/clanek\/domaci-rehka-jde-do-boje-o-senat-kandidovat-bude-v-plzni-40590491<\/a><\/li><li><a href=\"https:\/\/cs.wikipedia.org\/wiki\/Kauza_Dozimetr\" target=\"_blank\" rel=\"noopener\">https:\/\/cs.wikipedia.org\/wiki\/Kauza_Dozimetr<\/a><\/li><li><a href=\"https:\/\/denikreferendum.cz\/clanek\/35621-vazba-jiriho-pospisila-na-kauzu-dozimetr-odhaluje-povahu-prazske-koalice\" target=\"_blank\" rel=\"noopener\">https:\/\/denikreferendum.cz\/clanek\/35621-vazba-jiriho-pospisila-na-kauzu-dozimetr-odhaluje-povahu-prazske-koalice<\/a><\/li><li><a href=\"https:\/\/www.info.cz\/zpravodajstvi-a-komentare\/byvaly-reditel-redakci-economie-piskacek-nastoupil-do-ex-soukupovy-empresy-bude-radit-s-restrukturalizaci\" target=\"_blank\" rel=\"noopener\">https:\/\/www.info.cz\/zpravodajstvi-a-komentare\/byvaly-reditel-redakci-economie-piskacek-nastoupil-do-ex-soukupovy-empresy-bude-radit-s-restrukturalizaci<\/a><\/li><li><a href=\"https:\/\/www.seznamzpravy.cz\/clanek\/domaci-kauzy-spojka-z-plzne-kdo-je-muz-ktery-v-kauze-dozimetr-zatapi-jirimu-pospisilovi-207236\" target=\"_blank\" rel=\"noopener\">https:\/\/www.seznamzpravy.cz\/clanek\/domaci-kauzy-spojka-z-plzne-kdo-je-muz-ktery-v-kauze-dozimetr-zatapi-jirimu-pospisilovi-207236<\/a><\/li><li><a href=\"https:\/\/ekonomickydenik.cz\/vojenske-renty-rostou\/\" target=\"_blank\" rel=\"noopener\">https:\/\/ekonomickydenik.cz\/vojenske-renty-rostou\/<\/a><\/li><li><a href=\"https:\/\/www.pracomat.cz\/poradna\/pro-pracujici\/376-platy-vojaku.html\" target=\"_blank\" rel=\"noopener\">https:\/\/www.pracomat.cz\/poradna\/pro-pracujici\/376-platy-vojaku.html<\/a><\/li><li><a href=\"https:\/\/www.parlamentnilisty.cz\/arena\/monitor\/Zniceni-vsech-dukazu-Armadni-zakrok-proti-opozici-vrcholi-777592\" target=\"_blank\" rel=\"noopener\">https:\/\/www.parlamentnilisty.cz\/arena\/monitor\/Zniceni-vsech-dukazu-Armadni-zakrok-proti-opozici-vrcholi-777592<\/a><\/li><li><a href=\"https:\/\/zpravy.aktualne.cz\/domaci\/specialni-sily-nelegalne-vozily-drony-z-vetcheho-sbirky-az-n\/r~b06163d0e3c611ef80bfac1f6b220ee8\/\" target=\"_blank\" rel=\"noopener\">https:\/\/zpravy.aktualne.cz\/domaci\/specialni-sily-nelegalne-vozily-drony-z-vetcheho-sbirky-az-n\/r~b06163d0e3c611ef80bfac1f6b220ee8\/<\/a><\/li><li><a href=\"https:\/\/denik.to\/prevoz-dronu-na-ukrajinu-i-za-prestupek-hrozi-vojakum-otevreni-proverky\/\" target=\"_blank\" rel=\"noopener\">https:\/\/denik.to\/prevoz-dronu-na-ukrajinu-i-za-prestupek-hrozi-vojakum-otevreni-proverky\/<\/a><\/li><\/ul><\/div>\n<\/div>\n<div id=\"petr-pavel\" class=\"nemesis-chapter\"><h2>Petr Pavel<\/h2>\n<p>Prezident n\u011bkolikr\u00e1t sehr\u00e1l roli f\u00edkov\u00e9ho listu a podez\u0159el\u00e9 aktivity Skupiny D p\u0159ikryl. Asi lze naprosto vylou\u010dit, \u017ee by na sb\u00edrce jakkoliv profitoval, jeho podpora jist\u011b vedla k udr\u017een\u00ed dod\u00e1vek dron\u016f na Ukrajinu. Jen\u017ee podporou z po\u010d\u00e1tku bohulib\u00e9 aktivity se ocitl v s\u00edti Veverkovy chobotnice, s \u010d\u00edm si zahr\u00e1v\u00e1 mohl v\u011bd\u011bt, poradc\u016f m\u00e1 na to dost.<\/p>\n<p>Pravd\u011bpodobn\u011bj\u0161\u00ed ale je, \u017ee ne\u0161lo o nev\u011bdomost. Prov\u00e1zanost a vliv Veverkovy Skupiny D na prezidenta jsou nesm\u00edrn\u011b siln\u00e9. Kl\u00ed\u010dovou postavou a spojkou je Radek Hasala, \u0161\u00e9f Hradn\u00ed vojensk\u00e9 kancel\u00e1\u0159e hlavy st\u00e1tu, na kter\u00e9ho Pavel spol\u00e9h\u00e1, ostatn\u011b kdy\u017e byl \u0161\u00e9fem vojensk\u00e9ho v\u00fdboru NATO, Hasala mu vedl kabinet. Do t\u011bchto neform\u00e1ln\u00edch vazeb velmi siln\u011b zasahuje i dnes u\u017e exn\u00e1\u010deln\u00edk gener\u00e1ln\u00edho \u0161t\u00e1bu Karel \u0158ehka a jeho poradce Otakar Folt\u00fdn. Samoz\u0159ejm\u011b nelze opomenout ani spojen\u00ed p\u0159es 601. skupinu speci\u00e1ln\u00edch sil, kter\u00e1 je pro Pavla srde\u010dn\u00ed z\u00e1le\u017eitost\u00ed, v tomto pluku str\u00e1vil p\u011bt let, mezi roky 1997 \u2013 1999 mu dokonce velel. Tyto vazby na konci roku 2023 p\u0159irozen\u011b vedly k tomu, \u017ee Jan Veverka jako organiz\u00e1tor p\u0159izval gener\u00e1la Hasalu, aby nad novou dronovou iniciativou p\u0159evzal ofici\u00e1ln\u00ed \u010destnou z\u00e1\u0161titu. \u010cestn\u00e1 z\u00e1\u0161tita Hasaly, jeden ze zakladatel\u016f Skupiny D Otakar Folt\u00fdn z Vojensk\u00e9 kancel\u00e1\u0159e prezidenta republiky a koordin\u00e1tor vl\u00e1dn\u00ed strategick\u00e9 komunikace. A kone\u010dn\u011b v\u00fdznamn\u00e1 podpora projektu vyj\u00e1d\u0159en\u00e1 p\u0159\u00edmo prezidentem Petrem Pavlem, kter\u00fd se k iniciativ\u011b ve\u0159ejn\u011b p\u0159ihl\u00e1sil a v \u00fanoru 2024 se dokonce osobn\u011b z\u00fa\u010dastnil jej\u00edho p\u0159edstaven\u00ed. To v\u0161e m\u011blo obrovskou v\u00e1hu a kolem projektu vznikla atmosf\u00e9ra, v n\u00ed\u017e byly jak\u00e9koliv ot\u00e1zky, pochyby \u010di snad dokonce kritika vn\u00edm\u00e1ny jako \u201ezrada dobr\u00e9 v\u011bci\u201c.<\/p>\n<p>O tom ale a\u017e d\u00e1le, d\u016fle\u017eit\u011bj\u0161\u00ed je, \u017ee role f\u00edkov\u00e9ho listu nebyla pro Petra Pavla je\u0161t\u011b zcela vy\u010derp\u00e1na. \u010clenov\u00e9 skupiny D a s n\u00ed spojen\u00e9 osoby \u010del\u00edc\u00ed trestn\u00edmu \u0159\u00edzen\u00ed toti\u017e spol\u00e9haj\u00ed na prezidentskou abolici &#8211; tedy zastaven\u00ed trestn\u00edho \u0159\u00edzen\u00ed. Stejn\u011b jako abolici prezident poskytnul n\u011bkter\u00fdm p\u0159\u00edslu\u0161n\u00edk\u016fm 601. skupiny speci\u00e1ln\u00edch sil v&nbsp;souvislosti s&nbsp;incidentem v&nbsp;Afgh\u00e1nist\u00e1nu, kter\u00fd skon\u010dil nep\u0159\u00edpustn\u00fdm mu\u010den\u00edm a smrt\u00ed zajat\u00e9ho afgh\u00e1nsk\u00e9ho voj\u00e1ka Vahidull\u00e1ha Ch\u00e1na. Mimochodem jeden z t\u011bchto voj\u00e1k\u016f po omilostn\u011bn\u00ed Pavlem po\u017eaduje od st\u00e1tu od\u0161kodn\u011bn\u00ed za obvin\u011bn\u00ed, takov\u00e9 je jejich my\u0161lenkov\u00e9 nastaven\u00ed. K abolici by sice prezident pot\u0159eboval kontrasignaci premi\u00e9ra Babi\u0161e nebo n\u011bkter\u00e9ho z j\u00edm pov\u011b\u0159en\u00fdch ministr\u016f, to by ale vzhledem ke spleti vlivu Veverky do ANO, nemusel b\u00fdt nep\u0159ekonateln\u00fd probl\u00e9m. A Hnut\u00ed ANO se jist\u011b budou tak\u00e9 hodit billboardy Bigboardu p\u0159ed p\u0159\u00ed\u0161t\u00edmi volbami, a\u0165 u\u017e do Sen\u00e1tu, komun\u00e1lu nebo t\u011bch Sn\u011bmovn\u00edch. Abolice by byl ide\u00e1ln\u00ed stav, \u017e\u00e1dn\u00fd soud, \u017e\u00e1dn\u00e9 prokazov\u00e1n\u00ed a d\u016fkazy, \u017e\u00e1dn\u00e1 ostuda pro \u201chrdiny\u201d.  A i kdyby byl probl\u00e9m s kontrasignac\u00ed, v z\u00e1loze z\u016fstane prezidentsk\u00e1 agrigace a rehabilitace, tedy odpu\u0161t\u011bn\u00ed a zahlazen\u00ed trestu, ke kter\u00e9mu prezident nepot\u0159ebuje v\u016fbec nic, jen by se kone\u010dn\u011b v\u011bd\u011blo, kdo jsou ve skute\u010dnosti za\u010d.<\/p>\n<p>Ale zp\u011bt k dosud odehran\u00fdm rol\u00edm pana \u201cf\u00edkovn\u00edka\u201d, po hv\u011bzdn\u00e9m p\u0159edstaven\u00ed Skupiny D a sb\u00edrky, u\u017e to \u0161lo jenom k hor\u0161\u00edmu. Kdy\u017e vy\u0161ly najevo machinace s diplomatick\u00fdmi pasy a o aktivity skupiny D se za\u010dala zaj\u00edmat Vojensk\u00e1 policie, prezident se j\u00ed zastal: Spekuluje se o tom, \u017ee k tomu pou\u017e\u00edvali diplomatick\u00e9 pasy, kter\u00e9 dost\u00e1vali proti podpisu velitele speci\u00e1ln\u00edch sil Miroslava Hof\u00edrka. Prezident Petr Pavel se v\u0161ak podle \u010cernochov\u00e9 Hof\u00edrka zastal, stejn\u011b tak n\u00e1\u010deln\u00edk gener\u00e1ln\u00edho \u0161t\u00e1bu Karel \u0158ehka, kter\u00fd iniciativu na n\u00e1kup dron\u016f za\u0161ti\u0165uje. \u201e\u017d\u00e1dala jsem pana prezidenta, aby se mnou n\u011bjak tu z\u00e1le\u017eitost \u0159e\u0161il, proto\u017ee se to t\u00fdkalo velitele 601. skupiny pana gener\u00e1la Hof\u00edrka. Bohu\u017eel jsem dostala informaci, \u017ee pan Hof\u00edrek d\u011bl\u00e1 asi svoji pr\u00e1ci v o\u010d\u00edch pana prezidenta dob\u0159e a \u017ee nem\u00e1 b\u00fdt pan Hof\u00edrek mnou \u0159e\u0161en, co\u017e jsem cht\u011bla ud\u011blat na z\u00e1klad\u011b tohoto zji\u0161t\u011bn\u00ed. Nen\u00ed mo\u017en\u00e9, aby se vyd\u00e1valy diplomatick\u00e9 pasy na ministerstvu zahrani\u010d\u00ed proti podpisu neopr\u00e1vn\u011bn\u00e9 osoby, pana Hof\u00edrka,\u201c \u0159ekla \u010cernochov\u00e1.<\/p>\n<p>N\u00e1\u010deln\u00edk gener\u00e1ln\u00edho \u0161t\u00e1bu Karel \u0158ehka a prezident Petr Pavel cht\u011bli po\u010dkat, a\u017e Vojensk\u00e1 policie do\u0161et\u0159\u00ed medializovan\u00e9 pochybnosti kolem spolku Skupina D, kter\u00fd po\u0159\u00e1d\u00e1 sb\u00edrku na drony a plastickou trhavinu pro ukrajinskou arm\u00e1du. \u201ePokud je na ud\u011blov\u00e1n\u00ed diplomatick\u00fdch pas\u016f nebo dod\u00e1v\u00e1n\u00ed dron\u016f n\u011bco \u0161patn\u011b, tak a\u0165 se to vy\u0161et\u0159\u00ed,\u201c \u0159ekl prezident, kter\u00fd iniciativu otev\u0159en\u011b podporuje. \u201eZa m\u011b je to u\u017eite\u010dn\u00e1 v\u011bc,\u201c dodal \u0158ehka pro \u010cT s t\u00edm, \u017ee se nepl\u00e1nuje st\u00e1hnout z pozice \u010destn\u00e9ho p\u0159edsedy spolku. A kdy\u017e bylo t\u0159eba, nev\u00e1hal prezident usm\u011brnit probl\u00e9movou ministryni \u010cernochovou, kter\u00e1 si pochybn\u00e9 postupy v Arm\u00e1d\u011b necht\u011bla nechat l\u00edbit: Petr Pavel ozna\u010dil sou\u010dasn\u011b za nestandardn\u00ed a \u0161kodliv\u00e9, kdy\u017e se po ozn\u00e1men\u00ed takov\u00e9ho podez\u0159en\u00ed v dob\u011b vy\u0161et\u0159ov\u00e1n\u00ed do p\u0159\u00edpadu \u201evn\u00e1\u0161ej\u00ed nov\u00e9 informace a spekulace\u201c. Pavel varoval p\u0159ed hrozbou po\u0161kozov\u00e1n\u00ed dobr\u00e9ho jm\u00e9na arm\u00e1dy, ministerstva a cel\u00e9ho \u010ceska. O v\u011bci jednal s premi\u00e9rem, a premi\u00e9r Fiala kr\u00e1tce na to avizoval, \u017ee se sejde s ministerstvem obrany a z\u00e1stupci Skupiny D, aby se vyjasnily v\u011bci, kter\u00e9 se objevuj\u00ed v m\u00e9di\u00edch. U \u010deho\u017e asistoval Tom\u00e1\u0161 Pojar, dal\u0161\u00ed \u010dlen Veverkovy soukrom\u00e9 jednotky v Aktivn\u00edch z\u00e1loh\u00e1ch.<\/p>\n<p>Svou podporu nest\u00e1hl ani kdy\u017e vy\u0161la najevo siln\u00e1 podez\u0159en\u00ed: Prezident Petr Pavel po\u017eaduje, aby spory ohledn\u011b v\u00fdvozu dron\u016f na Ukrajinu byly rychle, transparentn\u011b vy\u0161et\u0159eny a v\u00fdsledky zve\u0159ejn\u011bny. \u0158ekl to v po\u0159adu \u010cesk\u00e9 televize Ot\u00e1zky V\u00e1clava Moravce. Prezident uvedl, \u017ee mimo\u0159\u00e1dn\u00e1 situace, jakou konflikt na Ukrajin\u011b je, si \u017e\u00e1d\u00e1 mimo\u0159\u00e1dn\u00e1 opat\u0159en\u00ed. \u201eNevedeme utajen\u00e1 jedn\u00e1n\u00ed, nic co by bylo v rozporu se z\u00e1konem, nato\u017e \u00fastavou,\u201c uvedl Pavel k v\u00fdrok\u016fm ohledn\u011b \u00fa\u010dasti n\u011bkter\u00fdch sv\u00fdch spolupracovn\u00edk\u016f v kauze.<\/p>\n<p>Kdy\u017e bylo nejh\u016f\u0159e a na ve\u0159ejnost se dostaly potvrzen\u00e9 informace o n\u00e1kupu luxusn\u00edch vozidel ze sb\u00edrkov\u00fdch pen\u011bz, zapojil se i Otakar Folt\u00fdn: \u201eSamotn\u00fd fakt, \u017ee v tom n\u011bkdo probl\u00e9m vid\u00ed, je pro m\u011b \u0161okuj\u00edc\u00ed a neuv\u011b\u0159iteln\u00fd, jakkoliv nezpochyb\u0148uji pr\u00e1vo kohokoliv ve st\u00e1tn\u00ed sf\u00e9\u0159e cokoliv kontrolovat. N\u011bkdo n\u00e1m bude p\u0159edhazovat, \u017ee si z toho kupujeme luxusn\u00ed auta? To je p\u0159ece naprosto absurdn\u00ed \u2013 fakt se v dob\u011b v\u00e1lky bav\u00edme o tom, \u017ee si n\u011bkdo bude hr\u00e1t na punt\u00ed\u010dk\u00e1\u0159e p\u0159i vypl\u0148ov\u00e1n\u00ed a kontrole v\u0161ech p\u0159edpis\u016f?\u201c prohl\u00e1sil v rozhovoru Folt\u00fdn. Folt\u00fdn d\u00e1le zm\u00ednil, \u017ee se Skupina D sna\u017e\u00ed dodr\u017eovat ve\u0161ker\u00e9 pot\u0159ebn\u00e9 p\u0159edpisy a pravidla, ale z\u00e1rove\u0148 doplnil, \u017ee jich v na\u0161\u00ed kultu\u0159e je a\u017e takov\u00e9 mno\u017estv\u00ed, \u017ee \u201ed\u016fsledn\u00e9 lp\u011bn\u00ed na ka\u017ed\u00e9m p\u00edsmenu znamen\u00e1, \u017ee se k ni\u010demu nedostanete\u201c.<\/p>\n<p>A prezident skupinu svou podporou kryl d\u00e1l i po z\u00e1sahu Vojensk\u00e9 policie, zadr\u017een\u00ed podez\u0159el\u00fdch a obstaven\u00ed \u00fa\u010dtu Skupiny D a na ni napojen\u00e9 firmy. Neprotestoval ani proti pou\u017e\u00edv\u00e1n\u00ed sv\u00e9ho jm\u00e9na ke kryt\u00ed machinac\u00ed, vy\u0161l\u00fdch najevo po soudn\u00edm jedn\u00e1n\u00ed: \u201cVeverka na z\u00e1v\u011br uvedl, \u017ee sb\u00edrku kontroluje jak samotn\u00e1 arm\u00e1da, tak prob\u011bhl hloubkov\u00fd audit, jeho\u017e v\u00fdsledky byly p\u0159edlo\u017eeny prezidentovi Petru Pavlovi\u201d. Znovu, arm\u00e1da nem\u016f\u017ee sb\u00edrku kontrolovat, co\u017e i Pavel nepochybn\u011b v\u00ed, a nikdy se proti tomu neohradil. Stejn\u011b jako proti \u00fadajn\u00e9mu p\u0159edlo\u017een\u00ed auditu hospoda\u0159en\u00ed spolku, kter\u00fd ale jinak nikdo nikdy nevid\u011bl. Z dokument\u016f \u00dastavn\u00edho soudu nav\u00edc vypl\u00fdv\u00e1, \u017ee nen\u00ed relevantn\u00ed, a m\u00e1 v\u00e1hu pr\u00e1v\u011b jen Veverkou vy\u0159\u010den\u00fdch tvrzen\u00ed. Dobr\u00e9 \u017ee?<\/p>\n<p>Po tomto ty\u00e1tru p\u016fsob\u00ed demonstrativn\u00ed p\u0159ed\u00e1v\u00e1n\u00ed ceny Arno\u0161ta Lustiga Vetch\u00e9mu 21. dubna 2026 prezidentem Pavlem bu\u010f jako dal\u0161\u00ed \u201cmajstr\u0161tyk\u201d spin doctora Han\u010de, nebo p\u0159edehra k ud\u011blov\u00e1n\u00ed dal\u0161\u00ed ceny s n\u00e1zvem \u201cAbolice prezidenta Petra Pavla\u201d. Na ka\u017ed\u00fd p\u00e1d je t\u011b\u017eko v\u011b\u0159it, \u017ee se v\u0161e odehr\u00e1lo bez v\u011bdom\u00ed hlavy st\u00e1tu, daleko v\u011brohodn\u011bji p\u016fsob\u00ed \u201cdr\u017een\u00ed voj\u00e1k\u016f p\u0159i sob\u011b\u201d a v p\u0159\u00edpad\u011b p\u0159\u00ed\u0161t\u00ed prezidentsk\u00e9 kampan\u011b Petra Pavla, pak jistota, \u017ee jeho plak\u00e1ty budou m\u00edt na billboardech Bigboardu p\u0159ednost, a na konkurenty se mo\u017en\u00e1 ani nedostane.<\/p>\n<div class=\"nemesis-sources\"><p class=\"nemesis-sources-label\">Zdroje:<\/p><ul><li><a href=\"https:\/\/www.novinky.cz\/clanek\/domaci-hradni-vojenskou-kancelar-povede-general-hasala-40421858\" target=\"_blank\" rel=\"noopener\">https:\/\/www.novinky.cz\/clanek\/domaci-hradni-vojenskou-kancelar-povede-general-hasala-40421858<\/a><\/li><li><a href=\"https:\/\/cs.wikipedia.org\/wiki\/Skupina_D\" target=\"_blank\" rel=\"noopener\">https:\/\/cs.wikipedia.org\/wiki\/Skupina_D<\/a><\/li><li><a href=\"https:\/\/www.facebook.com\/prezidentpavel\/posts\/prost%C4%9Bjov-a-601-skupina-speci%C3%A1ln%C3%ADch-sil-jsou-pro-m%C4%9B-srde%C4%8Dn%C3%AD-z%C3%A1le%C5%BEitost%C3%ADp%C4%9Bt-let-k\/1473559264775053\/\" target=\"_blank\" rel=\"noopener\">https:\/\/www.facebook.com\/prezidentpavel\/posts\/prost%C4%9Bjov-a-601-skupina-speci%C3%A1ln%C3%ADch-sil-jsou-pro-m%C4%9B-srde%C4%8Dn%C3%AD-z%C3%A1le%C5%BEitost%C3%ADp%C4%9Bt-let-k\/1473559264775053\/<\/a><\/li><li><a href=\"https:\/\/www.irozhlas.cz\/zpravy-domov\/cesti-vojaci-afghanistan-specialni-jednotky-smrt-vojaka-biti_1908040600_kno\" target=\"_blank\" rel=\"noopener\">https:\/\/www.irozhlas.cz\/zpravy-domov\/cesti-vojaci-afghanistan-specialni-jednotky-smrt-vojaka-biti_1908040600_kno<\/a><\/li><li><a href=\"https:\/\/www.respekt.cz\/tydenik\/2020\/8\/kdo-umucil-vezne-v-ch?srsltid=AfmBOormlLQ0zPo7EGZBuWDw6A3XYpBrIRB_7ZuhrVA5MOie6JmfRdD4\" target=\"_blank\" rel=\"noopener\">https:\/\/www.respekt.cz\/tydenik\/2020\/8\/kdo-umucil-vezne-v-ch?srsltid=AfmBOormlLQ0zPo7EGZBuWDw6A3XYpBrIRB_7ZuhrVA5MOie6JmfRdD4<\/a><\/li><li><a href=\"https:\/\/www.irozhlas.cz\/zpravy-domov\/elitni-vojak-omilostneny-pavlem-po-obzalobe-kvuli-smrti-afghanskeho-zajatce-chce_2605220600_hrk\" target=\"_blank\" rel=\"noopener\">https:\/\/www.irozhlas.cz\/zpravy-domov\/elitni-vojak-omilostneny-pavlem-po-obzalobe-kvuli-smrti-afghanskeho-zajatce-chce_2605220600_hrk<\/a><\/li><li><a href=\"https:\/\/www.super.cz\/clanek\/celebrity-prezident-pavel-se-vyznal-ondreji-vetchemu-a-predal-mu-cenu-fanousci-sileli-hejtri-radeji-vyklidili-pole-1524012\" target=\"_blank\" rel=\"noopener\">https:\/\/www.super.cz\/clanek\/celebrity-prezident-pavel-se-vyznal-ondreji-vetchemu-a-predal-mu-cenu-fanousci-sileli-hejtri-radeji-vyklidili-pole-1524012<\/a><\/li><li><a href=\"https:\/\/www.idnes.cz\/zpravy\/domaci\/cena-arnosta-lustiga-2025-herec-ondrej-vetchy-prezident.A260422_092414_domaci_linh\/foto\" target=\"_blank\" rel=\"noopener\">https:\/\/www.idnes.cz\/zpravy\/domaci\/cena-arnosta-lustiga-2025-herec-ondrej-vetchy-prezident.A260422_092414_domaci_linh\/foto<\/a><\/li><li><a href=\"https:\/\/www.parlamentnilisty.cz\/arena\/monitor\/Drony-Nemesis-Dalsi-dil-Nove-informace-z-policejnich-spisu-789498\" target=\"_blank\" rel=\"noopener\">https:\/\/www.parlamentnilisty.cz\/arena\/monitor\/Drony-Nemesis-Dalsi-dil-Nove-informace-z-policejnich-spisu-789498<\/a><\/li><li><a href=\"https:\/\/www.echo24.cz\/a\/HB3JP\/zpravy-domaci-diplomaticke-pasy-hofirek-prezident-pavel-cernochova-rehka-nemesis\" target=\"_blank\" rel=\"noopener\">https:\/\/www.echo24.cz\/a\/HB3JP\/zpravy-domaci-diplomaticke-pasy-hofirek-prezident-pavel-cernochova-rehka-nemesis<\/a><\/li><li><a href=\"https:\/\/www.echo24.cz\/a\/HKbT7\/zpravy-drony-nemesis-iniciativa-ukrajina-skupina-d-ondrej-vetchy-karel-rehka-foltyn-prezident-pavel-spor-cernochova\" target=\"_blank\" rel=\"noopener\">https:\/\/www.echo24.cz\/a\/HKbT7\/zpravy-drony-nemesis-iniciativa-ukrajina-skupina-d-ondrej-vetchy-karel-rehka-foltyn-prezident-pavel-spor-cernochova<\/a><\/li><li><a href=\"https:\/\/ct24.ceskatelevize.cz\/clanek\/domaci\/fiala-resil-s-obranou-a-skupinou-d-udajny-nelegalni-dovoz-dronu-na-ukrajinu-358433\" target=\"_blank\" rel=\"noopener\">https:\/\/ct24.ceskatelevize.cz\/clanek\/domaci\/fiala-resil-s-obranou-a-skupinou-d-udajny-nelegalni-dovoz-dronu-na-ukrajinu-358433<\/a><\/li><li><a href=\"https:\/\/ekonomickydenik.cz\/prezident-pozaduje-kauzu-kolem-vyvozu-dronu-n-ukrajinu-vysetrit-rychle-a-transparentne\/\" target=\"_blank\" rel=\"noopener\">https:\/\/ekonomickydenik.cz\/prezident-pozaduje-kauzu-kolem-vyvozu-dronu-n-ukrajinu-vysetrit-rychle-a-transparentne\/<\/a><\/li><li><a href=\"https:\/\/cnn.iprima.cz\/skupina-d-a-drony-nemesis-reakce-na-partii-s-cernochovou-465659\" target=\"_blank\" rel=\"noopener\">https:\/\/cnn.iprima.cz\/skupina-d-a-drony-nemesis-reakce-na-partii-s-cernochovou-465659<\/a><\/li><li><a href=\"https:\/\/www.idnes.cz\/zpravy\/domaci\/nemesis-drony-policie-prosetrovani.A251211_133452_domaci_aoc\" target=\"_blank\" rel=\"noopener\">https:\/\/www.idnes.cz\/zpravy\/domaci\/nemesis-drony-policie-prosetrovani.A251211_133452_domaci_aoc<\/a><\/li><li><a href=\"https:\/\/www.expres.cz\/zpravy\/drony-nemesis-ondrej-vetchy.A241205_151922_dx-zpravy_chlp\" target=\"_blank\" rel=\"noopener\">https:\/\/www.expres.cz\/zpravy\/drony-nemesis-ondrej-vetchy.A241205_151922_dx-zpravy_chlp<\/a><\/li><li><a href=\"https:\/\/www.super.cz\/clanek\/celebrity-prezident-pavel-se-vyznal-ondreji-vetchemu-a-predal-mu-cenu-fanousci-sileli-hejtri-radeji-vyklidili-pole-1524012\" target=\"_blank\" rel=\"noopener\">https:\/\/www.super.cz\/clanek\/celebrity-prezident-pavel-se-vyznal-ondreji-vetchemu-a-predal-mu-cenu-fanousci-sileli-hejtri-radeji-vyklidili-pole-1524012<\/a><\/li><li><a href=\"https:\/\/www.idnes.cz\/zpravy\/domaci\/cena-arnosta-lustiga-2025-herec-ondrej-vetchy-prezident.A260422_092414_domaci_linh\/foto\" target=\"_blank\" rel=\"noopener\">https:\/\/www.idnes.cz\/zpravy\/domaci\/cena-arnosta-lustiga-2025-herec-ondrej-vetchy-prezident.A260422_092414_domaci_linh\/foto<\/a><\/li><\/ul><\/div>\n<\/div>\n<div id=\"ondrej-vetchy\" class=\"nemesis-chapter\"><h2>Ond\u0159ej Vetch\u00fd<\/h2>\n<p>Herec a medi\u00e1ln\u00ed tv\u00e1\u0159 Skupiny D, dal\u0161\u00ed postava, kter\u00e1 dala aktivit\u00e1m skupiny neoceniteln\u00fd punc \u010distoty a dobrodin\u00ed. Co do pen\u011bz u Vetch\u00e9ho nejde nic hledat, je to poctiv\u00fd chlap a\u017e do morku kost\u00ed. Nemohl tu\u0161it s k\u00fdm se dal dohromady, a jak moc cynicky byl pou\u017eit hlavn\u00edmi akt\u00e9ry v pozad\u00ed skupiny &#8211; Veverkou, Mikuleck\u00fdm a Poulem. Ti si z n\u011bj ud\u011blali u\u017eite\u010dn\u00e9ho idiota a dal\u0161\u00ed f\u00edkov\u00fd list, kter\u00fd p\u0159ikryl jejich k\u0161efty v pozad\u00ed. Koho by tak\u00e9 napadlo zaj\u00edmat se o pozad\u00ed aktivit Skupiny D, kdy\u017e je tam Vetch\u00fd.<\/p>\n<p>Jen\u017ee i spr\u00e1v\u0148\u00e1k Vetch\u00fd m\u00e1 sv\u00e9 mouchy. Je to dost labiln\u00ed jedinec. V roce 2006 se nap\u0159\u00edklad vrhnul a zml\u00e1til na ruzy\u0148sk\u00e9m leti\u0161ti fotografa Blesku, kter\u00fd jen d\u011blal svou pr\u00e1ci, fotil jej s kolegy herci p\u0159i n\u00e1vratu z nat\u00e1\u010den\u00ed. \u201cMo\u017en\u00e1 trp\u00ed maniodepresivn\u00edmi stavy, ale surov\u011b zach\u00e1zet se slu\u0161n\u00fdmi lidmi nemus\u00ed,&#8230; V hercov\u011b hlav\u011b se z\u0159ejm\u011b n\u011bco skute\u010dn\u011b d\u011bje, kdy\u017e ve sv\u00e9 hysterii dok\u00e1\u017ee \u0159\u00edct novin\u00e1\u0159ce v\u011btu: &#8222;Tak, a odte\u010fka budu ml\u00e1tit i \u017eensk\u00fd,&#8220;\u201d komentoval Vetch\u00e9ho chov\u00e1n\u00ed Blesk. Agresivn\u00ed v\u00fdpad Vetch\u00e9ho, kter\u00fd se naprosto p\u0159estal ovl\u00e1dat, musel na m\u00edst\u011b ukon\u010dit a\u017e policista, a nepoda\u0159ilo se mu to na prvn\u00ed pokus. Vetch\u00fd m\u00e1 toti\u017e nutkav\u00e9 pocity, \u017ee jej n\u011bkdo pron\u00e1sleduje, a tak u sebe st\u00e1le nos\u00ed sadu bojov\u00fdch no\u017e\u016f. S\u00e1m Vetch\u00fd se sklony k agresivit\u011b netaj\u00ed ani t\u00edm, co se mu skute\u010dn\u011b odehr\u00e1v\u00e1 v hlav\u011b: \u201cO tom, \u017ee herec rozhodn\u011b nelhal, sv\u011bd\u010d\u00ed i to, \u017ee se dlouh\u00e1 l\u00e9ta v\u011bnoval bojov\u00fdm sport\u016fm a nejedno jeho agresivn\u00ed chov\u00e1n\u00ed bylo vid\u011bno i na ve\u0159ejnosti. S\u00e1m Ond\u0159ej se p\u0159iznal, \u017ee v ml\u00e1d\u00ed dokonce p\u0159em\u00fd\u0161lel o tom, \u017ee zabije na\u0161eho tehdej\u0161\u00edho prezidenta Gustava Hus\u00e1ka.\u201d Osobami s emo\u010dn\u00ed labilitou a jinak naru\u0161en\u00fdm my\u0161len\u00edm je velmi snadn\u00e9 manipulovat, a Veverka s&nbsp;Mikuleck\u00fdm um\u00ed s&nbsp;lidmi manipulovat naprosto bravurn\u011b.<\/p>\n<p>Kdyby Vetch\u00fd na za\u010d\u00e1tku v\u011bd\u011bl n\u011bco o minulosti Veverky a Mikuleck\u00e9ho, a z\u00e1zra\u010dn\u00e9m bohatnut\u00ed lampas\u00e1ka Poula na dronech pro Skupinu D, okam\u017eit\u011b by pr\u00e1sknul dve\u0159mi. Vetch\u00fd v\u0161ak zprvu nemohl v\u011bd\u011bt s k\u00fdm se dal dohromady, proto\u017ee Veverka a spol. m\u011bli v medi\u00e1ln\u00edm prostoru \u201evy\u010di\u0161t\u011bnou minulost\u201c, ale dnes u\u017e ty informace o tom, co jsou za\u010d prosakuj\u00ed na ve\u0159ejnost, a jeho postoje se tak st\u00e1vaj\u00ed neudr\u017eiteln\u00fdmi. \u010clov\u011bk na ur\u010dit\u00e9m stupni inteligence a rozpozn\u00e1vac\u00edch schopnost\u00ed nem\u016f\u017ee zve\u0159ejn\u011bn\u00e1 fakta a soudn\u00ed rozhodnut\u00ed \u00fapln\u011b pominout. Jen\u017ee Vetch\u00e9mu to bu\u010fto nedoch\u00e1z\u00ed, nebo si uv\u011bdomil, \u017ee po spojen\u00ed jeho jm\u00e9na se Skupinou D a sb\u00edrkou mu jde o vlastn\u00ed reputaci. A tak po tom, co se objevily pochybnosti o skupin\u011b D, Vetch\u00fd p\u0159es Veverkovu a Mikuleck\u00e9ho s\u00ed\u0165 medi\u00e1ln\u00edch kontakt\u016f a podporou brat\u0159\u00ed Kroup\u016f, v\u0161e vehementn\u011b a\u017e agresivn\u011b obhajuje. A m\u00e9dia jeho tvrzen\u00ed zcela nekriticky publikuj\u00ed. M\u00e9dia, kter\u00e1 se tv\u00e1\u0159\u00ed profesion\u00e1ln\u011b a nez\u00e1visle jako Den\u00edk N, Seznam Zpr\u00e1vy, Aktu\u00e1ln\u011b, atd.) v n\u011bkter\u00fdch p\u0159\u00edpadech v\u011bdom\u011b kryj\u00ed \u0161pinavosti a mafi\u00e1nsk\u00e9 praktiky, a zcela rezignuj\u00ed na jakoukoliv novin\u00e1\u0159skou etiku a pravidla.<\/p>\n<p>M\u00edsto toho aby se Vetch\u00fd chytil za nos a zachr\u00e1nil co se d\u00e1, tak se roz\u010diluje, napad\u00e1 ostatn\u00ed, kte\u0159\u00ed mu p\u0159ipom\u00ednaj\u00ed realitu a pod\u00e1v\u00e1 trestn\u00ed ozn\u00e1men\u00ed nepadaj\u00edc\u00ed na \u00farodnou p\u016fdu: Herec a spoluzakladatel skupiny D Ond\u0159ej Vetch\u00fd mimo\u0159\u00e1dn\u011b promluvil ohledn\u011b prov\u011b\u0159ov\u00e1n\u00ed vojenskou policii. \u201eN\u011bkdo se sna\u017e\u00ed opakovan\u011b vzbuzovat dojem, \u017ee na\u0161e pomoc je nejenom podez\u0159el\u00e1, ale m\u00e1 dokonce vyvolat pocit, \u017ee se prost\u0159ednictv\u00edm na\u0161\u00ed ob\u010dansk\u00e9 aktivity chceme obohatit,\u201c napsal Vetch\u00fd, kter\u00fd takov\u00e1 na\u0159\u010den\u00ed vz\u00e1p\u011bt\u00ed odm\u00edtl. \u201eHluboce n\u00e1s to ur\u00e1\u017e\u00ed a znev\u011brohod\u0148uje v o\u010d\u00edch desetitis\u00edc\u016f spoluob\u010dan\u016f, kte\u0159\u00ed n\u00e1m d\u016fv\u011b\u0159uj\u00ed a v\u016f\u010di kter\u00fdm m\u00e1me obrovsk\u00fd mor\u00e1ln\u00ed z\u00e1vazek. Respektujeme prob\u00edhaj\u00edc\u00ed prov\u011b\u0159ov\u00e1n\u00ed a nebudeme a ani nem\u016f\u017eeme do n\u011bj zasahovat,\u201c \u0159ekl d\u00e1le. \u2026St\u00e1tn\u00ed zastupitelstv\u00ed ud\u011blalo definitivn\u00ed te\u010dku v kauze \u00fadajn\u00e9 pomluvy, kter\u00e9 se m\u011bl v\u016f\u010di spolku Skupina D organizuj\u00edc\u00edmu sb\u00edrku na n\u00e1kup dron\u016f pro Ukrajinu dopustit poslanec Pavel R\u016f\u017ei\u010dka (ANO). Trestn\u00ed ozn\u00e1men\u00ed podal jeden za zakladatel\u016f a hlavn\u00ed tv\u00e1\u0159 Skupiny D Ond\u0159ej Vetch\u00fd. Policie v\u011bc odlo\u017eila. A jak zjistil iROZHLAS.cz, z\u00e1v\u011br kriminalist\u016f nyn\u00ed potvrdilo st\u00e1tn\u00ed zastupitelstv\u00ed. Kauza je t\u00edm pravomocn\u011b skon\u010den\u00e1. \u201eZ osobn\u00ed diskuse a z ve\u0159ejn\u011b dostupn\u00fdch zdroj\u016f v\u00edm, \u017ee ve smyslu narativu o \u00fadajn\u00e9 problemati\u010dnosti \u010dinnosti Skupiny D, a tedy i m\u00e9, opakovan\u011b hovo\u0159ila ministryn\u011b obrany \u010cR Jana \u010cernochov\u00e1, poslanec Poslaneck\u00e9 sn\u011bmovny Parlamentu \u010cR Pavel R\u016f\u017ei\u010dka, \u0159editel Vojensk\u00e9ho zpravodajstv\u00ed Petr Bartovsk\u00fd.\u201c Tak\u00e9 t\u00edmto zp\u016fsobem argumentoval v trestn\u00edm ozn\u00e1men\u00ed Vetch\u00fd, na jeho\u017e pod\u00e1n\u00ed loni v \u00fanoru upozornil Seznam Zpr\u00e1vy. P\u0159edseda spolku se vymezoval p\u0159edev\u0161\u00edm v\u016f\u010di tomu, \u017ee ve\u0159ejn\u00fdm prostorem koluj\u00ed podle n\u011bj nepravdiv\u00e9 informace o tom, jak Skupina D na sb\u00edrce neopr\u00e1vn\u011bn\u011b vyd\u011bl\u00e1v\u00e1 nebo \u017ee cenu dron\u016f um\u011ble navy\u0161uje. Dodejme, \u017ee aktivity Skupiny D ozna\u010dili za bezpe\u010dnostn\u00ed riziko i \u0159editel\u00e9 BIS Michal Koudelka a Vojensk\u00e9ho zpravodajstv\u00ed Petr Bartovsk\u00fd.<\/p>\n<div class=\"nemesis-sources\"><p class=\"nemesis-sources-label\">Zdroje:<\/p><ul><li><a href=\"https:\/\/www.blesk.cz\/clanek\/celebrity\/44545\/vetchy-v-amoku-zmlatil-cloveka-na-letisti.html\" target=\"_blank\" rel=\"noopener\">https:\/\/www.blesk.cz\/clanek\/celebrity\/44545\/vetchy-v-amoku-zmlatil-cloveka-na-letisti.html<\/a><\/li><li><a href=\"https:\/\/www.kafe.cz\/celebrity\/ondrej-vetchy-vrazdy.html\" target=\"_blank\" rel=\"noopener\">https:\/\/www.kafe.cz\/celebrity\/ondrej-vetchy-vrazdy.html<\/a><\/li><li><a href=\"https:\/\/www.idnes.cz\/zpravy\/domaci\/herec-ondrej-vetchy-skupina-d-drony-mimoradne-vyjadreni-svolani-tiskove-konference.A251215_172425_domaci_vank\" target=\"_blank\" rel=\"noopener\">https:\/\/www.idnes.cz\/zpravy\/domaci\/herec-ondrej-vetchy-skupina-d-drony-mimoradne-vyjadreni-svolani-tiskove-konference.A251215_172425_domaci_vank<\/a><\/li><li><a href=\"https:\/\/www.irozhlas.cz\/zpravy-domov\/hotovo-poslanec-ano-ruzicka-vetcheho-skupinu-d-a-drony-nemesis-nepomluvil_2606031628_hrk\" target=\"_blank\" rel=\"noopener\">https:\/\/www.irozhlas.cz\/zpravy-domov\/hotovo-poslanec-ano-ruzicka-vetcheho-skupinu-d-a-drony-nemesis-nepomluvil_2606031628_hrk<\/a><\/li><li><a href=\"https:\/\/www.novinky.cz\/clanek\/domaci-sefove-tajnych-sluzeb-nastvali-hrad-kritikou-sbirky-pro-ukrajinu-40502051\" target=\"_blank\" rel=\"noopener\">https:\/\/www.novinky.cz\/clanek\/domaci-sefove-tajnych-sluzeb-nastvali-hrad-kritikou-sbirky-pro-ukrajinu-40502051<\/a><\/li><\/ul><\/div>\n<\/div><div id=\"bratri-kroupove\" class=\"nemesis-chapter\"><h2>Brat\u0159i Kroupov\u00e9<\/h2>\n<p>Mikul\u00e1\u0161 Kroupa je zn\u00e1m\u00fd jako \u0159editel a zakladatel neziskov\u00e9 organizace Post Bellum a projektu Pam\u011b\u0165 n\u00e1roda. Martin Kroupa je jeho mlad\u0161\u00ed bratr a nejbli\u017e\u0161\u00ed spolupracovn\u00edk, kter\u00fd v organizaci p\u016fsob\u00ed jako dokumentarista, editor a autor historick\u00fdch \u010dl\u00e1nk\u016f. T\u011b\u017eko hledat d\u016fv\u011bryhodn\u011bj\u0161\u00ed osobnosti do rol\u00ed \u010dlen\u016f p\u0159edsednictva Skupiny D, kter\u00e1 m\u00e1 jako hlavn\u00ed c\u00edl uspo\u0159\u00e1dat ve\u0159ejnou sb\u00edrku. Druhou devizou je jejich neb\u00fdval\u00fd vliv na pra\u017esk\u00e9 novin\u00e1\u0159e, pro n\u011b jsou z\u00e1rukou v\u011brohodnosti. A ti tak psali, co psali &#8211; nepokryt\u011b oslavn\u00e9 \u010dl\u00e1nky. V moment\u011b, kdy se objevily pochybnosti, pak m\u00edsto hled\u00e1n\u00ed fakt\u016f, p\u0159eb\u00edrali bez konfrontace a ov\u011b\u0159ov\u00e1n\u00ed l\u017ei z \u00fast p\u0159edstavitel\u016f Skupiny D.<\/p>\n<p>Jen\u017ee v\u011b\u0159it, \u017ee brat\u0159i Kroupov\u00e9 nev\u011bd\u011bli kdo je Jan Veverka, by bylo chybou. Brat\u0159i toti\u017e velmi dob\u0159e v\u00ed \u201ckudy b\u011b\u017e\u00ed zaj\u00edc\u201d, a um\u00ed si v\u011bci za\u0159\u00eddit. Z neziskov\u00e9ho a medi\u00e1ln\u00edho prost\u0159ed\u00ed si ud\u011blali rodinn\u00fd a velmi v\u00fdnosn\u00fd byznys. Mikul\u00e1\u0161 p\u0159\u00edjmy z \u0159editelsk\u00e9ho postu v neziskovce, autorsk\u00fdch honor\u00e1\u0159\u016f \u010cesk\u00e9ho rozhlasu a publika\u010dn\u00ed \u010dinnosti, uloupne \u010d\u00e1ste\u010dn\u011b z ve\u0159ejn\u00fdch pen\u011bz n\u011bkolik milion\u016f korun ro\u010dn\u011b. Brat\u0159i maj\u00ed holt s \u010derp\u00e1n\u00edm letit\u00e9 zku\u0161enosti, m\u011bli tak Veverkovi co p\u0159edat, v\u010detn\u011b propojen\u00ed s dal\u0161\u00ed \u201cp\u00e1kou\u201d na prezidenta Petra Pavla.<\/p>\n<p>Mikul\u00e1\u0161e Kroupu toti\u017e finan\u010dn\u011b i funk\u010dn\u011b velmi siln\u011b propojuje neziskovka Post Bellum s investi\u010dn\u00ed skupinou BPD Partners, ta se dokonce \u201cprs\u00ed\u201d Kroupou na sv\u00e9m webu, a jej\u00edm spoluzakladatelem, miliard\u00e1\u0159em a lobbistou Janem Dobrovsk\u00fdm. Jde o figuru s nesm\u00edrn\u00fdm vlivem, jak v m\u00e9di\u00edch (b\u00fdval\u00fd z\u00e1stupce \u0161\u00e9fredaktora zpravodajstv\u00ed \u010cesk\u00e9 televize), tak na Pra\u017esk\u00e9m hrad\u011b v roli \u201cob\u010dasn\u00e9ho poradce\u201d prezidenta Petra Pavla. Dobrovsk\u00fd nap\u0159\u00edklad instaloval do funkce kancl\u00e9\u0159ky prezidenta kontroverzn\u00ed Janu Vohral\u00edkovou, kter\u00e1 za\u010dala \u010dile osek\u00e1vat okruh prezidentov\u00fdch nejbli\u017e\u0161\u00edch spolupracovn\u00edk\u016f z dob kampan\u011b, a posilovat tak mocenskou pozici v hradn\u00edm apar\u00e1tu svou a Dobrovsk\u00e9ho. Postaven\u00ed prezidenta v z\u00e1kulisn\u00edm d\u011bn\u00ed na Hrad\u011b vystihovala jeho vlastn\u00ed reakce: \u201cPavel m\u011bl uv\u00e9st, \u017ee si \u00fadajn\u00e1 rizika uv\u011bdomuje, ale \u017ee se situac\u00ed nem\u00e1 s\u00edlu cokoliv ud\u011blat.\u201d Dobrovsk\u00fd, co by \u201e\u0161ed\u00e1 eminence\u201c po boku diplomata Petra Kol\u00e1\u0159e, tak m\u00e1 p\u0159\u00edm\u00fd vliv na hradn\u00ed politiku. Jan Dobrovsk\u00fd tak\u00e9 ovliv\u0148uje ve\u0159ejn\u00e9 m\u00edn\u011bn\u00ed p\u0159\u00edmo &#8211; komentuje kroky Petra Pavla pravideln\u011b ve sv\u00e9m politick\u00e9m podcastu Dobrovsk\u00fd &amp; \u0160\u00eddlo na Seznam Zpr\u00e1v\u00e1ch.<\/p>\n<p>Co jsou za\u010d? P\u016fvod bohatstv\u00ed spoluzakladatel\u016f \u201cfamily office\u201d BPD Partners, uhlobaron\u016f Dobrovsk\u00e9ho, Petra Pudila a Vasila Bobela \u00fazce souvis\u00ed s kauzou privatizace Mosteck\u00e9 uheln\u00e9. Vasil Bobela a Petr Pudil nastupuj\u00ed v 90. letech do Mosteck\u00e9 uheln\u00e9 na mana\u017eersk\u00e9 pozice. Bobela jako zku\u0161en\u00fd finan\u010dn\u00edk a Pudil jako drav\u00fd mana\u017eer. Do roku 2003 se oba st\u00e1vaj\u00ed kl\u00ed\u010dov\u00fdmi postavami pod kontrolou vlastn\u00edk\u016f z polistopadov\u00e9 divok\u00e9 privatizace Anton\u00edna Kol\u00e1\u010dka a Lubo\u0161e M\u011bkoty. Koncem roku 2005 do hry vstupuje Jan Dobrovsk\u00fd, tehdy vlivn\u00fd poradce a investor s vynikaj\u00edc\u00edmi konexemi v politice. Rok na to trojice zakl\u00e1d\u00e1 konsorcium, skrze lichten\u0161tejnsk\u00e9 struktury a spole\u010dnost Czech Coal N.V. registrovanou v Nizozemsku p\u0159ebrali nad skupinou kontrolu a Kol\u00e1\u010dka s M\u011bkotou z firmy definitivn\u011b vy\u0161plouchli. V prosinci 2010 prodali sv\u00e9 pod\u00edly Pavlu Tyka\u010dovi, dle odhad\u016f za 10 a\u017e 19 miliard korun.<\/p>\n<p>Av\u0161ak zp\u011bt ke Kroup\u016fm a Post Bellum, respektive projektu Pam\u011b\u0165 n\u00e1roda. V tomto spojen\u00ed nen\u00ed Veverk\u016fv Bigboard zdaleka nezn\u00e1mou firmou, jak uv\u00e1d\u00ed nap\u0159\u00edklad V\u00fdro\u010dn\u00ed zpr\u00e1va BigBoard Praha, a.s. za rok 2024: \u201dV roce 2024 tak\u00e9 zah\u00e1jil Nada\u010dn\u00ed fond BigBoard potenci\u00e1ln\u011b dlouhodobou spolupr\u00e1ci s organizac\u00ed Pam\u011b\u0165 n\u00e1roda, kter\u00e1 se v\u011bnuje uchov\u00e1v\u00e1n\u00ed vzpom\u00ednek pam\u011btn\u00edk\u016f kl\u00ed\u010dov\u00fdch historick\u00fdch ud\u00e1lost\u00ed. Podpora t\u00e9to organizace je d\u016fle\u017eit\u00e1 nejen kv\u016fli ochran\u011b historie, ale tak\u00e9 kv\u016fli vzd\u011bl\u00e1v\u00e1n\u00ed budouc\u00edch generac\u00ed. Prost\u0159ednictv\u00edm sv\u00fdch reklamn\u00edch ploch pom\u00e1h\u00e1 Nada\u010dn\u00ed fond BigBoard \u0161\u00ed\u0159it pov\u011bdom\u00ed o jej\u00edch projektech, dokument\u00e1rn\u00edch v\u00fdpov\u011bd\u00edch a kampan\u00edch zam\u011b\u0159en\u00fdch na uchov\u00e1n\u00ed \u010desk\u00e9 historie.\u201d<\/p>\n<p>Ne\u0161lo o plan\u00e9 \u0159e\u010di, spolupr\u00e1ce se rozb\u011bhla hned z kraje toho roku, v dubnu u\u017e m\u00e1 na webu nadace n\u00e1sleduj\u00edc\u00ed: \u201cV r\u00e1mci dlouhodob\u00e9ho partnerstv\u00ed jsme poskytli v pr\u016fb\u011bhu dubna zdarma na\u0161e plochy pro propagaci akce B\u011bh pro Pam\u011b\u0165 n\u00e1roda, kter\u00fd organizuje stejnojmenn\u00e1 organizace.\u201d<\/p>\n<p>Napojen\u00ed na Veverk\u016fv Bigboard v tomto kontextu p\u016fsob\u00ed pon\u011bkud \u201cvy\u010d\u016fran\u011b\u201d. Tuto spole\u010dnost rozhodn\u011b nejde p\u0159ehl\u00e9dnout, dle monitoringu kampan\u00ed v cen\u00edkov\u00fdch cen\u00e1ch je i nad\u00e1le v\u00fdrazn\u011b nejv\u011bt\u0161\u00edm oper\u00e1torem venkovn\u00ed reklamy v \u010cR. Aktu\u00e1ln\u00ed pod\u00edl na trhu \u010din\u00ed p\u0159es 74 %, a je velmi nestandardn\u00ed, \u017ee \u00da\u0159ad pro ochranu hospod\u00e1\u0159sk\u00e9 sout\u011b\u017ee (\u00daOHS) p\u0159ipustil, aby soukrom\u00fd subjekt dos\u00e1hl takov\u00e9ho stupn\u011b tr\u017en\u00ed dominance. Svou velmi \u0161patnou pov\u011bst\u00ed dominantn\u00edho hr\u00e1\u010de na trhu venkovn\u00ed reklamy a s&nbsp;pofid\u00e9rn\u00edmi praktikami se sna\u017e\u00ed vylep\u0161ovat \u201cpomoc\u00ed\u201d neziskov\u00fdm organizac\u00edm \u2013 bezplatn\u00fdm poskytov\u00e1n\u00edm reklamn\u00edch ploch. \u201eSpole\u010dnost BigBoard (prost\u0159ednictv\u00edm sv\u00e9ho Nada\u010dn\u00edho fondu BigBoard) v\u011bnuje na podporu neziskov\u00fdch, charitativn\u00edch a kulturn\u00edch projekt\u016f bezplatn\u00e9 reklamn\u00ed plochy v hodnot\u011b des\u00edtek milion\u016f korun ro\u010dn\u011b. Celkov\u00e1 hodnota takto podpo\u0159en\u00fdch projekt\u016f ji\u017e p\u0159es\u00e1hla hranici 200 milion\u016f korun\u201c. Nelze zpochybnit, \u017ee Bigboard neziskov\u00fdm organizac\u00edm plochy poskytuje, jen ty stovky milion\u016f re\u00e1ln\u00e9 nejsou. D\u011bl\u00e1 se to tak, \u017ee poskytnut\u00fdmi plochami se vypln\u00ed obdob\u00ed, kdy je z\u00e1jem o venkovn\u00ed reklamu n\u00edzk\u00fd a neprodaly by se, co\u017e z&nbsp;obchodn\u00edho hlediska nep\u016fsob\u00ed dob\u0159e. Plochy se tak nab\u00eddnou neziskov\u00e9mu sektoru, \u010d\u00edm\u017e se vylep\u0161\u00ed pochrouman\u00e1 image a z\u00e1rove\u0148 pos\u00edl\u00ed vliv. A v \u00fa\u010detn\u00edch v\u00fdkazech pak tyto bartery trochu p\u0159ifouknou obrat, co\u017e p\u016fsob\u00ed v\u017edycky dob\u0159e a zvy\u0161uje nacen\u011bn\u00ed firmy.<\/p>\n<p>Velmi pozoruhodn\u011b pak p\u016fsob\u00ed role t\u0159et\u00edho z bratr\u016f Kroupov\u00fdch. Kdy\u017e se objevily otazn\u00edky ohledn\u011b vyu\u017e\u00edv\u00e1n\u00ed zdroj\u016f \u010desk\u00e9 arm\u00e1dy v\u010detn\u011b testov\u00e1n\u00ed ve vojensk\u00fdch prostorech, pou\u017e\u00edv\u00e1n\u00ed arm\u00e1dn\u00edch trhavin a vyu\u017e\u00edv\u00e1n\u00ed diplomatick\u00fdch pas\u016f k cest\u00e1m spolku na Ukrajinu. Do likvidace medi\u00e1ln\u00edch \u0161kod se zapojil i Janek Kroupa. V Seznam Zpr\u00e1v\u00e1ch p\u0159inesl s\u00e9rii text\u016f (p\u0159ipome\u0148me, \u017ee majitel Ivo Luka\u010dovi\u010d m\u00e1 velmi bl\u00edzko k Milanu Mikuleck\u00e9mu, dal\u0161\u00ed vlivn\u00e9 osob\u011b ve Skupin\u011b D), ve kter\u00fdch znev\u011brohod\u0148oval alarmuj\u00edc\u00ed z\u00e1v\u011bry arm\u00e1dn\u00ed inspekce. A v\u0161e korunoval sd\u011blen\u00edm, \u017ee je bratrem dvou \u010dlen\u016f spolku, ale s jeho psan\u00edm to nijak nesouvis\u00ed. Kdo mu ty myln\u00e9 informace asi na\u0161ept\u00e1val, Veverka nebo n\u011bkter\u00fd z bratr\u016f &#8211; Mikul\u00e1\u0161 \u010di Martin? Janek Kroupa m\u00e1 ale tak\u00e9 siln\u00fd vliv i v Den\u00edku N, dlouh\u00e1 l\u00e9ta spolupracuje s Filipem Titlbachem, kter\u00fd je autorem zpravodajsko-publicistick\u00e9ho podcastu Studio N. Tak\u017ee i zde do\u0161lo na obhajov\u00e1n\u00ed nena\u017eranosti Veverkovy party, tentokr\u00e1t za pomoci f\u00edkov\u00e9ho listu Vetch\u00e9ho.<\/p>\n<p>Martin Kroupa u\u017e v\u0161ak ozn\u00e1mil, \u017ee se rozhodl vystoupit ze st\u00ednu sv\u00e9ho bratra, neziskovku opou\u0161t\u00ed a zalo\u017eil si vlastn\u00ed &#8211; Strong Europe.<\/p>\n<div class=\"nemesis-sources\"><p class=\"nemesis-sources-label\">Zdroje:<\/p><ul><li><a href=\"https:\/\/fsv.cuni.cz\/sites\/default\/files\/uploads\/files\/brezen_2017_monitoring_fsv_uk.pdf\" target=\"_blank\" rel=\"noopener\">https:\/\/fsv.cuni.cz\/sites\/default\/files\/uploads\/files\/brezen_2017_monitoring_fsv_uk.pdf<\/a><\/li><li><a href=\"https:\/\/www.bpdpartners.cz\/en\/leading-figures\" target=\"_blank\" rel=\"noopener\">https:\/\/www.bpdpartners.cz\/en\/leading-figures<\/a><\/li><li><a href=\"https:\/\/www.bpdpartners.cz\/zakladatele\" target=\"_blank\" rel=\"noopener\">https:\/\/www.bpdpartners.cz\/zakladatele<\/a><\/li><li><a href=\"https:\/\/www.idnes.cz\/zpravy\/domaci\/prezident-petr-pavel-tym-hrad-vlada-kolar-vohralikova-dobrovsky.A230918_191517_domaci_albe\" target=\"_blank\" rel=\"noopener\">https:\/\/www.idnes.cz\/zpravy\/domaci\/prezident-petr-pavel-tym-hrad-vlada-kolar-vohralikova-dobrovsky.A230918_191517_domaci_albe<\/a><\/li><li><a href=\"https:\/\/cnn.iprima.cz\/kolar-dobrovsky-ci-vohralikova-kdo-z-tymu-petra-pavla-je-skutecnym-sefem-hradu-412597\" target=\"_blank\" rel=\"noopener\">https:\/\/cnn.iprima.cz\/kolar-dobrovsky-ci-vohralikova-kdo-z-tymu-petra-pavla-je-skutecnym-sefem-hradu-412597<\/a><\/li><li><a href=\"https:\/\/www.seznamzpravy.cz\/sekce\/audio-podcast-dobrovsky-sidlo-321\" target=\"_blank\" rel=\"noopener\">https:\/\/www.seznamzpravy.cz\/sekce\/audio-podcast-dobrovsky-sidlo-321<\/a><\/li><li><a href=\"https:\/\/cs.wikipedia.org\/wiki\/Kauza_Mosteck%C3%A1_uheln%C3%A1\" target=\"_blank\" rel=\"noopener\">https:\/\/cs.wikipedia.org\/wiki\/Kauza_Mosteck%C3%A1_uheln%C3%A1<\/a><\/li><li><a href=\"https:\/\/cs.wikipedia.org\/wiki\/Petr_Pudil\" target=\"_blank\" rel=\"noopener\">https:\/\/cs.wikipedia.org\/wiki\/Petr_Pudil<\/a><\/li><li><a href=\"https:\/\/prezi.com\/p\/cerrcl_v3sl4\/privatizacni-umelec-pudil\/\" target=\"_blank\" rel=\"noopener\">https:\/\/prezi.com\/p\/cerrcl_v3sl4\/privatizacni-umelec-pudil\/<\/a><\/li><li><a href=\"https:\/\/byznys.hn.cz\/c1-48641850-prodej-czech-coal-tykacovi-je-podepsan-zaplati-pres-deset-miliard\" target=\"_blank\" rel=\"noopener\">https:\/\/byznys.hn.cz\/c1-48641850-prodej-czech-coal-tykacovi-je-podepsan-zaplati-pres-deset-miliard<\/a><\/li><li><a href=\"https:\/\/or.justice.cz\/ias\/ui\/vypis-sl-detail?dokument=89512654&amp;subjektId=701627&amp;spis=89192\" target=\"_blank\" rel=\"noopener\">https:\/\/or.justice.cz\/ias\/ui\/vypis-sl-detail?dokument=89512654&amp;subjektId=701627&amp;spis=89192<\/a><\/li><li><a href=\"https:\/\/nadacebigboard.cz\/cs\/aktuality\/beh-pro-pamet-naroda\" target=\"_blank\" rel=\"noopener\">https:\/\/nadacebigboard.cz\/cs\/aktuality\/beh-pro-pamet-naroda<\/a><\/li><li><a href=\"https:\/\/www.parlamentnilisty.cz\/arena\/monitor\/Drony-Vetchy-nepomohl-Vysetrovat-se-ma-jeste-vice-padlo-doporuceni-784439\" target=\"_blank\" rel=\"noopener\">https:\/\/www.parlamentnilisty.cz\/arena\/monitor\/Drony-Vetchy-nepomohl-Vysetrovat-se-ma-jeste-vice-padlo-doporuceni-784439<\/a><\/li><li><a href=\"https:\/\/www.seznamzpravy.cz\/clanek\/domaci-kauzy-dokazte-ze-rehka-lze-inspektori-z-obrany-si-stezuji-na-natlak-vedeni-271121\" target=\"_blank\" rel=\"noopener\">https:\/\/www.seznamzpravy.cz\/clanek\/domaci-kauzy-dokazte-ze-rehka-lze-inspektori-z-obrany-si-stezuji-na-natlak-vedeni-271121<\/a><\/li><li><a href=\"https:\/\/denikn.cz\/2142386\/ondrej-vetchy-cimrmana-budeme-hrat-i-kdyby-sverak-nesouhlasil-smolari-cekaji-na-listek-treba-dvacet-let\/\" target=\"_blank\" rel=\"noopener\">https:\/\/denikn.cz\/2142386\/ondrej-vetchy-cimrmana-budeme-hrat-i-kdyby-sverak-nesouhlasil-smolari-cekaji-na-listek-treba-dvacet-let\/<\/a><\/li><li><a href=\"https:\/\/www.ceskenoviny.cz\/zpravy\/2796903\" target=\"_blank\" rel=\"noopener\">https:\/\/www.ceskenoviny.cz\/zpravy\/2796903<\/a><\/li><\/ul><\/div>\n<\/div>\n<div id=\"roman-janousek\" class=\"nemesis-chapter\"><h2>Roman Janou\u0161ek<\/h2>\n<p>\u010cesk\u00fd politick\u00fd podnikatel, kter\u00fd se stal miliard\u00e1\u0159em d\u00edky za\u0159izov\u00e1n\u00edm k\u0161eft\u016f v dob\u011b Pavla B\u00e9ma. A je jeden z nejvlivn\u011bj\u0161\u00edch lobbist\u016f spojen\u00fd s&nbsp;\u010desk\u00fdm podnikatelsk\u00fdm podsv\u011bt\u00edm. Zaslou\u017e\u00ed si samostatnou kapitolu, jeho p\u0159\u00edb\u011bh se v minulosti v\u00fdznamn\u011b prol\u00edn\u00e1 s Janem Veverkou, a s dal\u0161\u00edmi super toxick\u00fdmi hr\u00e1\u010di tvo\u0159\u00ed v\u00fdznamnou \u010d\u00e1st Veverkovy vlivov\u00e9 s\u00edt\u011b.<\/p>\n<p>Zm\u00ednky o spojen\u00ed t\u00e9to dvojice se linou od Veverkova neblaze proslul\u00e9ho p\u016fsoben\u00ed v \u010cesk\u00fdch drah\u00e1ch: \u017delezni\u010dn\u00ed odbor\u00e1\u0159 Du\u0161ek tehdy \u0159ekl: \u201e\u010cesk\u00e9 dr\u00e1hy zcela ovl\u00e1dl klientelismus, kter\u00fd naprosto koordinuje a ovl\u00e1d\u00e1 v\u0161emocn\u00fd tajemn\u00edk pana \u017daludy, pozounista Veverka.\u201c \u0160lo v tomto ohledu o pom\u011brn\u011b divok\u00e9 doby. V pam\u011bti mnoh\u00fdch mo\u017en\u00e1 z\u016fstal hotovost\u00ed placen\u00fd \u201egolfov\u00fd v\u00fdlet\u201c do Dubaje, kter\u00e9ho se v \u00fanoru 2011 \u00fa\u010dastnil tehdej\u0161\u00ed \u0161\u00e9f sn\u011bmovn\u00edho rozpo\u010dtov\u00e9ho v\u00fdboru Such\u00e1nek (ODS), a spolu s n\u00edm tehdej\u0161\u00ed \u0161\u00e9f \u010cEZu Martin Roman, \u0159editel DP Praha Martin Dvo\u0159\u00e1k, lobbista Roman Janou\u0161ek, a tak\u00e9 Petr \u017daluda, tehdy st\u00e1le je\u0161t\u011b \u0161\u00e9f \u010cD.<\/p>\n<p>Jejich propleten\u00ed bohat\u011b popsal i reflex.cz: Kdy\u017e se v roce 2010 vl\u00e1dy nad Prahou chopil Bohuslav Svoboda, za\u010daly se po m\u011bst\u011b okam\u017eit\u011b \u0161\u00ed\u0159it zaru\u010den\u00e9 klepy o tom, kdo stoj\u00ed za n\u00edm. Jedn\u00edm ze zmi\u0148ovan\u00fdch Svobodov\u00fdch \u00fadajn\u00fdch \u201eloutk\u00e1\u0159\u016f\u201c m\u011bl b\u00fdt i dne\u0161n\u00ed \u0161\u00e9f dozor\u010d\u00ed rady st\u00e1tem ovl\u00e1dan\u00e9 energetick\u00e9 spole\u010dnosti \u010cEZ Martin Roman. \u2026V srpnu 2011 vzal podnikatel Marek Dospiva do sv\u00e9 vily na ostrov\u011b Korfu partu p\u0159\u00e1tel z pra\u017esk\u00e9ho byznysu. Spolu se \u0161\u00e9fem investi\u010dn\u00ed skupiny Penta tak priv\u00e1tn\u00edm trysk\u00e1\u010dem odcestoval i \u201epolitick\u00fd podnikatel\u201c Roman Janou\u0161ek, jeho bl\u00edzk\u00fd obchodn\u00ed partner Tom\u00e1\u0161 Hrdli\u010dka, pr\u00e1vn\u00edk Robert Pergl a starosta Prahy 10 Milan Richter\u2026.Pr\u00e1v\u011b v t\u00e9 dob\u011b se v\u0161ak kolem prim\u00e1tora za\u010dali pohybovat lid\u00e9, kte\u0159\u00ed k n\u011bmu maj\u00ed dodnes bl\u00edzko. \u201eV m\u00e9m p\u0159edpokoji nesed\u00ed chobotnice v podob\u011b pana Han\u010de, trafikanta na v\u00fdplatn\u00ed listin\u011b bulharsk\u00fdch \u010cEZ. Spolu s jeho kolegou Janem Veverkou mu zaji\u0161\u0165uj\u00ed medi\u00e1ln\u00ed podporu,\u201c \u0159ekl dnes u\u017e b\u00fdval\u00fd pra\u017esk\u00fd zastupitel za ODS Boris \u0160\u0165astn\u00fd\u2026. S Martinem Romanem se Veverka setkal v dob\u011b, kdy \u0161\u00e9f dozor\u010d\u00ed rady \u010cEZ p\u016fsobil i v dozor\u010d\u00ed rad\u011b \u010cesk\u00fdch drah. Se \u017daludou se sezn\u00e1mil b\u011bhem sv\u00e9ho p\u016fsoben\u00ed v Citibank. Pozd\u011bj\u0161\u00ed \u0159editel drah si ho s sebou nejprve vyt\u00e1hl do poji\u0161\u0165ovac\u00ed skupiny Axa a posl\u00e9ze i do \u010cesk\u00fdch drah, kde mu Veverka de facto sestavil cel\u00fd management. Mlad\u00fd, velmi schopn\u00fd, nesm\u00edrn\u011b inteligentn\u00ed a soci\u00e1ln\u011b zdatn\u00fd Veverka p\u0159i spole\u010dn\u00fdch setk\u00e1n\u00edch zaujal i Romana. Veverka si kr\u00e1tce pot\u00e9 po\u0159\u00eddil se spole\u010dn\u00edkem strategicky polo\u017eenou Wald\u0161tejnskou hospodu, situovanou mezi sn\u011bmovnou a Sen\u00e1tem, kam \u010dasto chod\u00ed posed\u011bt vlivn\u00ed lid\u00e9. Poslanci, sen\u00e1to\u0159i a na n\u011b nav\u00e1zan\u00ed d\u016fle\u017eit\u00ed \u201eservisn\u00ed pracovn\u00edci\u201c. P\u0159edev\u0161\u00edm v\u0161ak v roce 2012 vstoupil do firmy BigBoard, kde se stal v\u00fdznamn\u00fdm akcion\u00e1\u0159em i Martin Roman, p\u0159esto\u017ee ofici\u00e1ln\u011b nem\u011bl s podnikem nic spole\u010dn\u00e9ho. Krom\u011b Veverkova jm\u00e9na ve statut\u00e1rn\u00edch org\u00e1nech firmy, kter\u00e1 vlastn\u00ed plochy pro reklamn\u00ed billboardy, figuroval je\u0161t\u011b Richard Fuxa a majetkov\u00fd pod\u00edl dr\u017e\u00ed tak\u00e9 investi\u010dn\u00ed skupina J&amp;T. BigBoard b\u00fdval v minulosti spojov\u00e1n p\u0159edev\u0161\u00edm s pra\u017esk\u00fdm \u201epolitick\u00fdm podnikatelem\u201c Romanem Janou\u0161kem. Mezi obvykle dob\u0159e informovan\u00fdmi lidmi z pra\u017esk\u00e9ho byznysu si v podniku Janou\u0161ek dodnes udr\u017euje minoritn\u00ed pod\u00edl, ale ani on mezi ofici\u00e1ln\u00edmi akcion\u00e1\u0159i uv\u00e1d\u011bn nen\u00ed. Zat\u00edmco radn\u00ed v \u010dele s prim\u00e1torem Svobodou \u010delili trestn\u00edmu ozn\u00e1men\u00ed za to, \u017ee prodlou\u017eili smlouvu firm\u011b Haguess v jednac\u00edm \u0159\u00edzen\u00ed bez uve\u0159ejn\u011bn\u00ed, byla podle informac\u00ed Reflexu na spadnut\u00ed dal\u0161\u00ed v\u00fdznamn\u00e1 majetkov\u00e1 zm\u011bna, ovl\u00e1dnut\u00ed provozovatele Opencard skupinou J&amp;T. V p\u0159\u00edpad\u011b, \u017ee ovl\u00e1dne firmu Haguess skupina J&amp;T, m\u011bl transakci domlouvat \u010derstv\u00fd spolumajitel J&amp;T a bl\u00edzk\u00fd obchodn\u00ed partner Jana Veverky Du\u0161an Palcr.<\/p>\n<p>Respekt pak zachytil dal\u0161\u00ed propojen\u00ed p\u0159es Bigboard:  \u201cV poslaneck\u00fdch schr\u00e1nk\u00e1ch se objevil hromadn\u00fd email, kter\u00fd obsahoval p\u0159epis \u00fadajn\u00fdch odposlech\u016f ze sch\u016fzky Romana Janou\u0161ka, advok\u00e1ta Miroslava Jansty a Richarda Fuxy,  spolumajitele spole\u010dnosti BigBoard, nejv\u011bt\u0161\u00ed \u010desk\u00e9 firmy zab\u00fdvaj\u00edc\u00ed se venkovn\u00ed reklamou. V hotelu Hilton se bavili o \u00faplatc\u00edch, kter\u00e9 byly nebo m\u011bly b\u00fdt vyplaceny za schv\u00e1len\u00ed m\u00edrn\u011bj\u0161\u00ed verze z\u00e1kona\u201d.<\/p>\n<p>Vztah\u016fm Veverky se v\u011bnoval i T\u00fdden: Prvn\u00ed devades\u00e1timilionovou zak\u00e1zku, kterou pozd\u011bji ozna\u010dil za nev\u00fdhodnou i s\u00e1m B\u00e9m, z\u00edskala firma Haguess Jaroslava Turka, jen\u017e se dob\u0159e znal s n\u011bkdej\u0161\u00edm \u0159editelem magistr\u00e1tu Pavlem \u0164ahanem pokl\u00e1dan\u00fdm za B\u00e9mova \u010dlov\u011bka. Turek se s \u0164ahanem p\u0159\u00e1tel\u00ed od d\u011btstv\u00ed, kdy spolu veslovali (jejich dal\u0161\u00edmi par\u0165\u00e1ky b\u00fdvali politick\u00fd podnikatel Ivo Rittig a Ev\u017een Hart, jen\u017e p\u016fsobil v PPF a pak pracoval pro TOP 09). A v\u0161ichni \u2013 nejen v Praze \u2013 si vypr\u00e1v\u011bli, \u017ee za projektem stoj\u00ed i Roman Janou\u0161ek, dal\u0161\u00ed politick\u00fd podnikatel a B\u00e9m\u016fv p\u0159\u00edtel, by\u0165 to nikdy nikdo nedok\u00e1zal. Postupem let se z Opencard stala \u010dern\u00e1 d\u00edra, do n\u00ed\u017e nakonec \u201ezahu\u010delo\u201c asi 1,7 miliardy korun.<\/p>\n<p>Nebo tak\u00e9 respekt.cz: Faktem je, \u017ee \u0161edes\u00e1tiprocentn\u00edm majitelem spole\u010dnosti BigBoard je podle ofici\u00e1ln\u00ed odpov\u011bdi z firmy slovensk\u00fd podnikatel Richard Flimel, dvacet procent vlastn\u00ed spole\u010dnost Touzimsky Media, za n\u00ed\u017e stoj\u00ed politik z ODS Jan Veverka a dal\u0161\u00edch dvacet procent pat\u0159\u00ed podnikateli a \u0161\u00e9fovi firmy Richardu Fuxovi\u2026.. Richard Fuxa zase figuroval ve statut\u00e1rn\u00edch org\u00e1nech spole\u010dnosti Tardus, spojovan\u00e9 s Romanem Janou\u0161kem. \u017de by m\u011bli Martin Roman nebo Roman Janou\u0161ek n\u011bco spole\u010dn\u00e9ho s firmou BigBoard, jej\u00ed majitel\u00e9 d\u016frazn\u011b vylu\u010duj\u00ed.<\/p>\n<p>A tak\u00e9 Lidov\u00e9 noviny op\u011bt p\u0159es firmu Bigboard: \u201eD\u00edky na\u0161emu \u010dlenstv\u00ed v asociaci jsme byli osloveni podplukovn\u00edkem Ivem Zelinkou, velitelem 43. v\u00fdsadkov\u00e9ho praporu v Chrudimi, s \u017e\u00e1dost\u00ed o podporu jejich n\u00e1borov\u00e9 kampan\u011b,\u201c popsal LN \u0161\u00e9f p\u0159edstavenstva firmy Richard Fuxa. Spolupr\u00e1ce firmy s vojskem ale m\u016f\u017ee m\u00edt je\u0161t\u011b jin\u00e9 ko\u0159eny. Podle informac\u00ed LN je zn\u00e1m\u00fd investor Jan Veverka, \u010dlen p\u0159edstavenstva reklamn\u00edho obra, p\u0159\u00edslu\u0161n\u00edkem aktivn\u00edch z\u00e1loh \u010desk\u00e9 arm\u00e1dy. \u201ePan Veverka je \u010dlenem p\u0159edstavenstva spole\u010dnosti BigBoard Praha a.s., nicm\u00e9n\u011b k jeho soukrom\u00fdm aktivit\u00e1m a ostatn\u00edm obchodn\u00edm aktivit\u00e1m se nec\u00edt\u00edme b\u00fdt opr\u00e1vn\u011bni jakkoliv vyjad\u0159ovat,\u201c uvedl Fuxa\u2026. Zn\u00e1mosti na nejvy\u0161\u0161\u00edch m\u00edstech m\u00e1 ale i tvrd\u00fd byznysmen Fuxa. K jeho p\u0159\u00e1tel\u016fm pat\u0159\u00ed i zn\u00e1m\u00fd z\u00e1kulisn\u00ed hybatel pra\u017esk\u00e9 politiky Roman Janou\u0161ek, mnohdy p\u0159ezd\u00edvan\u00fd \u201elord Voldemort\u201c podle postavy zloducha z Harryho Pottera.<\/p>\n<p>A nakonec se hezky propletenec vztah\u016f Janou\u0161ek &#8211; Petr \u017daluda, Jan Veverka, Karel \u0158ehka a Milan Mikuleck\u00fd nebo Martin Roman vykrystalizoval v podob\u011b Davida Netuky a Lu\u010fka H\u00e1ny. Netuka je\u0161t\u011b ned\u00e1vno hork\u00fd kandid\u00e1t na \u0159editele \u00dast\u0159edn\u00ed vojensk\u00e9 nemocnice sehr\u00e1l roli v propu\u0161t\u011bn\u00ed Janou\u0161ka z v\u011bzen\u00ed, kde si odpyk\u00e1val trest za v\u011bdom\u00e9 sra\u017een\u00ed \u017eeny autem. Ta tenkr\u00e1t let\u011bla 13 metr\u016f vzduchem: \u201cZ\u00e1zrak medic\u00edny, dalo by se \u0159\u00edci. Ned\u00e1vno byl lobbista Roman Janou\u0161ek podle soudn\u00edch znalc\u016f v termin\u00e1ln\u00edm stadiu nevyl\u00e9\u010diteln\u00e9 nemoci,\u201d psaly SeznamZpr\u00e1vy. Te\u010f z\u00e1vod\u00ed na ly\u017e\u00edch a na kole s profesion\u00e1ly. V pelotonu pou\u017e\u00edv\u00e1 kryc\u00ed jm\u00e9no Zilvar. \u201cTak\u00e9 l\u00e9ka\u0159 David Netuka, kter\u00fd je nyn\u00ed p\u0159ednostou neurochirurgick\u00e9 a neuroonkologick\u00e9 kliniky pra\u017esk\u00e9 \u00dast\u0159edn\u00ed vojensk\u00e9 nemocnice, v roce 2021 zjistil, \u017ee se Janou\u0161k\u016fv stav d\u00e1l zhor\u0161uje. Do jedn\u00e9 z l\u00e9ka\u0159sk\u00fdch zpr\u00e1v, kter\u00e9 pak citoval soud, uvedl, \u017ee kv\u016fli men\u0161\u00ed stabilit\u011b \u010d\u00e1sti lebky m\u00e1 Janou\u0161ek zv\u00fd\u0161en\u00e9 riziko krv\u00e1cen\u00ed do mozku a pravd\u011bpodobn\u011b i po\u0161kozen\u00ed centr\u00e1ln\u00edho nervov\u00e9ho syst\u00e9mu.\u201d Na oslav\u011b Netukov\u00fdch 50. narozenin se objevil nap\u0159\u00edklad Martin Roman, jeho \u0159editelskou kandidaturu v\u0161ak zhatilo napojen\u00ed na Janou\u0161ka. \u00daVN nicm\u00e9n\u011b z\u016fstala v \u201crodin\u011b\u201d, jak se v mafii \u0159\u00edk\u00e1, nov\u00fdm \u0159editelem nemocnice se stal Lud\u011bk H\u00e1na: \u201cV posledn\u00edch dnech se nav\u00edc objevila je\u0161t\u011b jedna zaj\u00edmav\u00e1 informace. Za Lu\u010fkem H\u00e1nou, kter\u00fd je podle n\u011bkter\u00fdch zdroj\u016f aktu\u00e1ln\u011b nejv\u00e1\u017en\u011bj\u0161\u00edm kandid\u00e1tem na post \u0159editele, m\u00e1 st\u00e1t n\u00e1\u010deln\u00edk Gener\u00e1ln\u00edho \u0161t\u00e1bu Arm\u00e1dy \u010cesk\u00e9 republiky Karel \u0158ehka \u010di bezpe\u010dnostn\u00ed analytik Milan Mikuleck\u00fd.\u201d<\/p>\n<div class=\"nemesis-sources\"><p class=\"nemesis-sources-label\">Zdroje:<\/p><ul><li><a href=\"https:\/\/cs.wikipedia.org\/wiki\/Roman_Janou%C5%A1ek\" target=\"_blank\" rel=\"noopener\">https:\/\/cs.wikipedia.org\/wiki\/Roman_Janou%C5%A1ek<\/a><\/li><li><a href=\"https:\/\/www.securitymagazin.cz\/defence\/veverka-skupina-d-drony-nemesi-1404073161.html\" target=\"_blank\" rel=\"noopener\">https:\/\/www.securitymagazin.cz\/defence\/veverka-skupina-d-drony-nemesi-1404073161.html<\/a><\/li><li><a href=\"http:\/\/www.reflex.cz\/clanek\/50339\/prazska-lobby-martina-romana\" target=\"_blank\" rel=\"noopener\">http:\/\/www.reflex.cz\/clanek\/50339\/prazska-lobby-martina-romana<\/a><\/li><li><a href=\"https:\/\/www.respekt.cz\/spolecnost\/pod-ceskou-vlajkou-boj-o-billboardy-vrcholi?srsltid=AfmBOop41pVXPfk1mPBrY3M7VFrFm-EUoRpgitCSLLmf4nZxusAPRGuM\" target=\"_blank\" rel=\"noopener\">https:\/\/www.respekt.cz\/spolecnost\/pod-ceskou-vlajkou-boj-o-billboardy-vrcholi?srsltid=AfmBOop41pVXPfk1mPBrY3M7VFrFm-EUoRpgitCSLLmf4nZxusAPRGuM<\/a><\/li><li><a href=\"http:\/\/respekt.ihned.cz\/c1-63328160-mesto-nebo-megaboard\" target=\"_blank\" rel=\"noopener\">http:\/\/respekt.ihned.cz\/c1-63328160-mesto-nebo-megaboard<\/a><\/li><li>Lidov\u00e9 noviny, 13. 1. 2020<p><\/p>\n<p><a href=\"https:\/\/ct24.ceskatelevize.cz\/clanek\/domaci\/detaily-janouskovy-nehody-odtajneny-zena-letela-13-metru-307228\" target=\"_blank\" rel=\"noopener\">https:\/\/ct24.ceskatelevize.cz\/clanek\/domaci\/detaily-janouskovy-nehody-odtajneny-zena-letela-13-metru-307228<\/a><\/p><\/li><li><a href=\"https:\/\/www.seznamzpravy.cz\/clanek\/domaci-kauzy-muze-zemrit-psali-lekari-janousek-vsak-jezdi-zavody-pod-smyslenym-jmenem-307302\" target=\"_blank\" rel=\"noopener\">https:\/\/www.seznamzpravy.cz\/clanek\/domaci-kauzy-muze-zemrit-psali-lekari-janousek-vsak-jezdi-zavody-pod-smyslenym-jmenem-307302<\/a><\/li><li><a href=\"https:\/\/www.sinmed.cz\/aktuality\/oslava-na-lodi-namestek-uvn-po-boku-byznysmenu-i-klicovych-postav-zeme-759.html\" target=\"_blank\" rel=\"noopener\">https:\/\/www.sinmed.cz\/aktuality\/oslava-na-lodi-namestek-uvn-po-boku-byznysmenu-i-klicovych-postav-zeme-759.html<\/a><\/li><li><a href=\"https:\/\/www.sinmed.cz\/aktuality\/na-sefa-uvn-zustali-ctyri-kandidati-sili-role-generalu-rehky-a-hlavace-869.html\" target=\"_blank\" rel=\"noopener\">https:\/\/www.sinmed.cz\/aktuality\/na-sefa-uvn-zustali-ctyri-kandidati-sili-role-generalu-rehky-a-hlavace-869.html<\/a><\/li><li><a href=\"https:\/\/www.sinmed.cz\/aktuality\/na-sefa-uvn-zustali-ctyri-kandidati-sili-role-generalu-rehky-a-hlavace-869.html\" target=\"_blank\" rel=\"noopener\">https:\/\/www.sinmed.cz\/aktuality\/na-sefa-uvn-zustali-ctyri-kandidati-sili-role-generalu-rehky-a-hlavace-869.html<\/a><\/li><li><a href=\"https:\/\/www.zdravotnickydenik.cz\/2026\/07\/ustredni-vojenska-nemocnice-v-praze-novy-reditel\/\" target=\"_blank\" rel=\"noopener\">https:\/\/www.zdravotnickydenik.cz\/2026\/07\/ustredni-vojenska-nemocnice-v-praze-novy-reditel\/<\/a><\/li><li><a href=\"https:\/\/www.sinmed.cz\/kauzy\/bitva-o-uvn-vrcholi-zakulisim-koluje-dokument-o-jednom-z-favoritu-800.html\" target=\"_blank\" rel=\"noopener\">https:\/\/www.sinmed.cz\/kauzy\/bitva-o-uvn-vrcholi-zakulisim-koluje-dokument-o-jednom-z-favoritu-800.html<\/a><\/li><\/ul><\/div>\n<\/div>\n<div id=\"jan-veverka\" class=\"nemesis-chapter\"><h2>Jan Veverka<\/h2>\n<p>Veverkovi se posledn\u00ed roky da\u0159\u00ed v m\u00e9di\u00edch p\u011bstovat  image \u201c\u00fasp\u011b\u0161n\u00e9ho investora, podnikatele a veter\u00e1na z bojov\u00fdch mis\u00ed v Afgh\u00e1nist\u00e1nu jako p\u0159\u00edslu\u0161n\u00edka aktivn\u00edch z\u00e1loh\u201d. Svou minulost \u0161\u00edbra prov\u00e1zan\u00e9ho s politiky ODS \u010di hnut\u00ed ANO, podez\u0159el\u00e9 k\u0161efty a napojen\u00ed na pra\u017esk\u00e9 \u201ckmotry\u201d t\u00edm ale zakr\u00fdt nedok\u00e1\u017ee.<\/p>\n<p>Vystudovan\u00fd u\u010ditel hudby, hra na pozoun, za\u010dal po \u0161kole pracovat ve spole\u010dnosti \u010cesk\u00fd mobil provozovatele s\u00edt\u011b Oskar. Od roku 2004 pracoval pro Citigroup, pak spole\u010dnost AXA. V roce 2005 u\u017e Veverka p\u016fsob\u00ed v Liberci jako vlivn\u00fd \u010dlen ODS a pozd\u011bji zastupitel. Tady za\u010d\u00edn\u00e1 jeho cesta za bohatstv\u00edm, prov\u00e1zen\u00e1 pozoruhodn\u00fdmi n\u00e1hodami a souhrami okolnost\u00ed.<\/p>\n<h3>Pozemky u Je\u0161t\u011bdu pod cenou<\/h3>\n<p>V dubnu 2007 zastupitel\u00e9 m\u011bsta Liberec, v\u010detn\u011b Veverky, rozhodli o prodeji pozemku pod Je\u0161t\u011bdem bez v\u00fdb\u011brov\u00e9 ho\u0159\u00edzen\u00ed. Pozemek m\u011bl v\u00fdm\u011bru 3344 metr\u016f a cenu 1 499 575 K\u010d, tedy cca 450 K\u010d za metr. P\u0159itom v roce 2007 se ceny podobn\u00fdch pozemk\u016f v Liberci pohybovaly mezi 1400 a 1800 K\u010d za metr \u010dtvere\u010dn\u00ed. M\u011bstu tak m\u011bla vzniknout \u0161koda 3,5 milionu korun. Nabyvatel\u00e9 nemovitost\u00ed, man\u017eel\u00e9 Volavkovi, vlastn\u00edci hr\u00e1deck\u00e9 firmy Autotrend byli v t\u00e9 dob\u011b gener\u00e1ln\u00edm dodavatelem automobil\u016f pro libereckou radnici. Podez\u0159el\u00fdm prodejem se zab\u00fdvaly policie a soudy sedm let. Nakonec byli zastupitel\u00e9 osvobozeni. &#8222;Se z\u00e1v\u011bry se krajsk\u00fd soud ztoto\u017e\u0148uje, soud prvn\u00edho stupn\u011b se ale dopustil form\u00e1ln\u00edho pochyben\u00ed,&#8220; zd\u016fvodnila rozhodnut\u00ed soudkyn\u011b odvolac\u00edho soudu Zde\u0148ka Mito\u0161inkov\u00e1.<\/p>\n<div class=\"nemesis-sources\"><p class=\"nemesis-sources-label\">Zdroje:<\/p><ul><li><a href=\"https:\/\/nasliberec.cz\/2015\/10\/16\/vsech-23-zalovanych-zastupitelu-dostalo-u-libereckeho-soudu-podmineny-trest\/\" target=\"_blank\" rel=\"noopener\">https:\/\/nasliberec.cz\/2015\/10\/16\/vsech-23-zalovanych-zastupitelu-dostalo-u-libereckeho-soudu-podmineny-trest\/<\/a><\/li><li><a href=\"https:\/\/liberecka.drbna.cz\/krimi\/13488-zastupitele-liberce-trestny-cin-nespachali-rozhodl-dnes-soud.html\" target=\"_blank\" rel=\"noopener\">https:\/\/liberecka.drbna.cz\/krimi\/13488-zastupitele-liberce-trestny-cin-nespachali-rozhodl-dnes-soud.html<\/a><\/li><\/ul><\/div>\n<h3>Zlat\u00e9 \u010cesk\u00e9 dr\u00e1hy<\/h3>\n<p>Veverkova dr\u00e1ha k miliard\u00e1m v\u0161ak za\u010d\u00edn\u00e1 nab\u00edrat na rychlosti v roce 2008, kdy p\u0159e\u0161el s \u0161\u00e9fem AXA Petrem \u017daludou do \u010cesk\u00fdch drah. \u017daluda si ho p\u0159ivedl jako sv\u00e9ho tajemn\u00edka. Nov\u00e1 pozice tajemn\u00edka gener\u00e1ln\u00edho \u0159editele, bez kter\u00e9ho pr\u00fd neud\u011blal \u017daluda \u017e\u00e1dn\u00e9 d\u016fle\u017eit\u00e9 rozhodnut\u00ed, vznikla kv\u016fli Veverkovi. &#8222;Ta pozice p\u0159edt\u00edm neexistovala. Vytvo\u0159ila se, aby se n\u011bjak\u00fdm zp\u016fsobem institucionalizovala moje pozice na dr\u00e1ze,&#8220; p\u0159izn\u00e1val Veverka.<\/p>\n<p>S odstupem \u010dasu za\u010daly na povrch vyplouvat zaj\u00edmav\u00e9 podrobnosti. V\u00fdplaty nejvy\u0161\u0161\u00edho managementu p\u0159estaly obstar\u00e1vat \u010cesk\u00e9 dr\u00e1hy. Mzdov\u00e9 toky byly &#8222;odklon\u011bny&#8220; p\u0159es libereckou firmu Kodap. Podle zdroj\u016f den\u00edku to tehdy za\u0159\u00eddil vlivn\u00fd tajemn\u00edk Jan Veverka, kter\u00fd z Liberce poch\u00e1z\u00ed. Zat\u00edmco podle odbor\u00e1\u0159e Jarom\u00edra Du\u0161ka bylo d\u016fvodem zast\u0159en\u00ed skute\u010dn\u00fdch mana\u017eersk\u00fdch plat\u016f a odm\u011bn, dr\u00e1hy to ofici\u00e1ln\u011b vysv\u011btlovaly jako &#8222;test outsourcingu t\u00e9to agendy&#8220;.<\/p>\n<p>D\u016fvod byl prost\u00fd, \u010cesk\u00e9 dr\u00e1hy si v t\u00e9 dob\u011b vrcholov\u00e9 mana\u017eery, v\u010detn\u011b Veverky, h\u00fd\u010dkaly extr\u00e9mn\u011b vysok\u00fdmi platy, p\u0159esto\u017ee byly ve ztr\u00e1t\u011b. I tajemn\u00edk Veverka byl n\u00e1le\u017eit\u011b ocen\u011bn. \u201eBere polovinu toho, co n\u00e1m\u011bstci. Tedy asi 200 tis\u00edc bez bonus\u016f,\u201c \u0159ekl Blesku dob\u0159e informovan\u00fd zdroj z drah. A to m\u011bl je\u0161t\u011b p\u0159\u00edjem za \u00fa\u010dast v r\u016fzn\u00fdch org\u00e1nech spole\u010dnosti. Jeho \u0161\u00e9f Petr \u017daluda m\u011bl plat p\u016fl milionu, ani to jim ale nesta\u010dilo. Kodap tak \u201cp\u0159ikryl\u201d skute\u010dnost, \u017ee st\u00e1tn\u00ed dr\u00e1hy nav\u00edc pos\u00edlaly \u017daludovi 100 tis\u00edc m\u011bs\u00ed\u010dn\u011b na kapit\u00e1lov\u00e9 \u017eivotn\u00ed poji\u0161t\u011bn\u00ed! A tuto sumu pos\u00edlaly pr\u00e1v\u011b poji\u0161\u0165ovn\u011b AXA, kde p\u0159edt\u00edm \u017daluda \u0161\u00e9foval. A stejn\u011b tak i dal\u0161\u00ed des\u00edtce mana\u017eer\u016f. Ka\u017ed\u00e9mu z des\u00edtky \u0161\u00e9f\u016f \u010cesk\u00e9 dr\u00e1hy p\u0159isp\u00edvaly na \u017eivotn\u00ed poji\u0161t\u011bn\u00ed 85 tis\u00edc a k tomu je\u0161t\u011b 13 tis\u00edc na rizikov\u00e9 poji\u0161t\u011bn\u00ed. T\u0159\u00edletou smlouvu m\u011bly podle informac\u00ed Blesku a\u017e na dva sjednanou prakticky v\u0161ichni \u0161\u00e9fov\u00e9 u spole\u010dnosti AXA. \u0160\u00e9fov\u00e9 \u010cD pozd\u011bji p\u0159i\u0161li o zlat\u00e9 pad\u00e1ky, tedy a\u017e o \u010dty\u0159iadvacet m\u011bs\u00ed\u010dn\u00edch plat\u016f. Krom hezk\u00e9ho p\u0159\u00edsp\u011bvku ke kr\u00e1lovsk\u00e9 v\u00fdplat\u011b, \u0161lo u \u017eivotek zejm\u00e9na o pod\u00edl na proviz\u00edch z&nbsp;uzav\u0159en\u00fdch smluv. V roce 2008 se toti\u017e provize za sjedn\u00e1n\u00ed \u017eivotn\u00edho poji\u0161t\u011bn\u00ed b\u011b\u017en\u011b pohybovaly v rozmez\u00ed 150 % a\u017e 200 % celkov\u00e9ho ro\u010dn\u00edho pojistn\u00e9ho. A byly vypl\u00e1ceny hned p\u0159i sjedn\u00e1n\u00ed smlouvy. Tato bonanza sko\u010dila a\u017e v&nbsp;roce 2016. Provize z \u017daludova poji\u0161t\u011bn\u00ed 100 tis\u00edc korun m\u011bs\u00ed\u010dn\u011b tak mohla dos\u00e1hnout a\u017e 2,4 milionu kroun, des\u00edtka mana\u017eer\u016f po 85 tis\u00edc\u00edch m\u011bs\u00ed\u010dn\u011b hodila na proviz\u00edch dal\u0161\u00edch a\u017e 20,4 milionu korun. Celkem tedy \u201cn\u011bkdo\u201d zkas\u00edroval provizi a\u017e 22,8 milionu. Kdo asi, kdy\u017e z&nbsp;poji\u0161tovny Axa p\u0159i\u0161el \u017daluda s&nbsp;Veverkou? Ti si jist\u011b um\u011bli sjednat provizi na horn\u00ed hranici, a za\u0159\u00eddit, aby p\u0159iplula na jejich \u00fa\u010dty. Mal\u00e1, tedy sp\u00ed\u0161 velk\u00e1 dom\u016f a solidn\u00ed z\u00e1klad pro dal\u0161\u00ed investov\u00e1n\u00ed Veverky.<\/p>\n<p>V samotn\u00fdch \u010cesk\u00fdch drah\u00e1ch byl nav\u00edc Veverkovi p\u0159isuzov\u00e1n daleko v\u011bt\u0161\u00ed vliv, ne\u017e mu form\u00e1ln\u011b n\u00e1le\u017eel. Opakovan\u011b jej kritizoval nap\u0159\u00edklad \u017eelezni\u010dn\u00ed odbor\u00e1\u0159 Jarom\u00edr Du\u0161ek, n\u011bkdej\u0161\u00ed n\u00e1m\u011bstek ministra dopravy Zden\u011bk \u017d\u00e1k \u010di b\u00fdval\u00fd \u0159editel \u010cD Cargo Josef Bazala. \u201c\u010cesk\u00e9 dr\u00e1hy zcela ovl\u00e1dl klientelismus, kter\u00fd naprosto koordinuje a ovl\u00e1d\u00e1 v\u0161emocn\u00fd tajemn\u00edk pana \u017daludy, pozounista Veverka,\u201d uvedl Du\u0161ek.<\/p>\n<p>Kdy\u017e pod tlakem tehdej\u0161\u00edho ministra dopravy V\u00edta B\u00e1rty a jeho n\u00e1m\u011bstka Radka \u0160merdy skon\u010dil Veverka ve funkci tajemn\u00edka \u0159editele \u010cD (konec roku 2010), psala o n\u011bm m\u00e9dia jako o \u201e\u017daludov\u011b Dal\u00edkovi\u201c.<\/p>\n<div class=\"nemesis-sources\"><p class=\"nemesis-sources-label\">Zdroje:<\/p><ul><li><a href=\"https:\/\/www.securitymagazin.cz\/defence\/veverka-skupina-d-drony-nemesis-zaluda-dalik-1404073161.html\" target=\"_blank\" rel=\"noopener\">https:\/\/www.securitymagazin.cz\/defence\/veverka-skupina-d-drony-nemesis-zaluda-dalik-1404073161.html<\/a><\/li><li><a href=\"https:\/\/www.idnes.cz\/zpravy\/domaci\/personalni-zemetreseni-na-draze-ma-odborar-dusek-v-necem-pravdu.A100309_213314_domaci_abr\" target=\"_blank\" rel=\"noopener\">https:\/\/www.idnes.cz\/zpravy\/domaci\/personalni-zemetreseni-na-draze-ma-odborar-dusek-v-necem-pravdu.A100309_213314_domaci_abr<\/a><\/li><li><a href=\"https:\/\/ct24.ceskatelevize.cz\/clanek\/ekonomika\/nejvyssi-manazeri-ceskych-drah-prijdou-o-zlate-padaky-256995\" target=\"_blank\" rel=\"noopener\">https:\/\/ct24.ceskatelevize.cz\/clanek\/ekonomika\/nejvyssi-manazeri-ceskych-drah-prijdou-o-zlate-padaky-256995<\/a><\/li><li><a href=\"https:\/\/www.blesk.cz\/clanek\/zpravy-udalosti-domaci\/115542\/prava-ruka-sefa-ceskych-drah-bere-200-tisic-a-stiha-ho-policie.html\" target=\"_blank\" rel=\"noopener\">https:\/\/www.blesk.cz\/clanek\/zpravy-udalosti-domaci\/115542\/prava-ruka-sefa-ceskych-drah-bere-200-tisic-a-stiha-ho-policie.html<\/a><\/li><li><a href=\"https:\/\/www.idnes.cz\/spotrebitel\/test\/regulace-provizi-otazky-a-odpovedi.A161102_105052_test_nio\" target=\"_blank\" rel=\"noopener\">https:\/\/www.idnes.cz\/spotrebitel\/test\/regulace-provizi-otazky-a-odpovedi.A161102_105052_test_nio<\/a><\/li><li><a href=\"https:\/\/ekonom.cz\/c1-49224790-zaludova-prava-ruka-useknuta\" target=\"_blank\" rel=\"noopener\">https:\/\/ekonom.cz\/c1-49224790-zaludova-prava-ruka-useknuta<\/a><\/li><li><a href=\"https:\/\/www.blesk.cz\/clanek\/zpravy-udalosti-domaci\/128771\/drahy-plati-zaludovi-na-pojisteni-100-tisic-mesicne.html\" target=\"_blank\" rel=\"noopener\">https:\/\/www.blesk.cz\/clanek\/zpravy-udalosti-domaci\/128771\/drahy-plati-zaludovi-na-pojisteni-100-tisic-mesicne.html<\/a><\/li><\/ul><\/div>\n<h3>RailReklam a Bigboard<\/h3>\n<p>S \u010cesk\u00fdmi drahami se poj\u00ed je\u0161t\u011b jeden zaj\u00edmav\u00fd moment. Veverka v nich sice od konce roku 2010 ofici\u00e1ln\u011b nep\u016fsobil, na Ministerstvo dopravy m\u011bl dokonce zak\u00e1z\u00e1n vstup, Petr \u017daluda ale \u0161\u00e9fem \u010cD z\u016fstal. A tak v roce 2012 \u017daluda zmi\u0148uje z\u00e1m\u011br prodeje spole\u010dnosti ReailReklam, zaji\u0161\u0165uj\u00edc\u00ed byznys drah s reklamou na n\u00e1dra\u017e\u00edch, \u017eelezni\u010dn\u00edch mostech \u010di ve vlac\u00edch. &#8222;O prodeji Railreklam u\u017e \u010cD jednaj\u00ed,&#8220; \u0159ekl den\u00edku gener\u00e1ln\u00ed \u0159editel drah Petr \u017daluda. \u010cD dr\u017eely v RailReklam 51% pod\u00edl. P\u0159edkupn\u00ed pr\u00e1vo m\u011bl druh\u00fd vlastn\u00edk, spole\u010dnost Expiria se 49% pod\u00edlem, za n\u00ed\u017e st\u00e1la spole\u010dnost BigBoard, v n\u00ed\u017e dr\u017eela pod\u00edl slovensk\u00e1 firma Joj Media House.<\/p>\n<p>Prodej se \u201cprocesoval\u201d, v roce 2013 ho ale zarazilo Ministerstvo dopravy kv\u016fli prodeji pod cenou. Cena byla stanovena na 60 milion\u016f korun, p\u0159esto\u017ee existovala podstatn\u011b vy\u0161\u0161\u00ed nab\u00eddka od konkuren\u010dn\u00ed spole\u010dnosti JCDecaux. \u201eNab\u00eddli jsme \u010cD 100 milion\u016f korun, nebo\u0165 jsme byli p\u0159esv\u011bd\u010deni, \u017ee tato \u010d\u00e1stka odpov\u00edd\u00e1 hodnot\u011b tohoto 51% obchodn\u00edho pod\u00edlu a v\u00fdnos\u016fm RailReklamu. Jak\u00e1koli ni\u017e\u0161\u00ed cena by byla pod \u00farovn\u00ed t\u00e9 tr\u017en\u00ed,\u201c uvedl tehdy jednatel JCDecaux Pavel Slab\u00fd.<\/p>\n<p>Shodou n\u00e1hod ve stejn\u00e9m roce vstupuje majetkov\u011b do spole\u010dnosti BigBoard Praha Jan Veverka, p\u011btinov\u00fd pod\u00edl koupil od spole\u010dnosti Joj Media House, prost\u0159ednictv\u00edm firmy Touzimsky Media. Firmu Touzimsky Media, vlastn\u00ed investi\u010dn\u00ed spole\u010dnost Touzimsky Kapital se s\u00eddlem v Curychu, prost\u0159ednictv\u00edm stejnojmenn\u00e9 pra\u017esk\u00e9 dce\u0159in\u00e9 pobo\u010dky. Za majitele tehdy trochu spekulativn\u011b t\u00fdden\u00edk Reflex ozna\u010dil Jana Veverku. A\u017e pozd\u011bji Veverka potvrdil spojitost s firmou webu iHNed.cz:  \u201eVe \u0160v\u00fdcarsku m\u00e1m \u010d\u00e1st rodiny, jmenuj\u00ed se Touzimsky a spole\u010dnost, kterou jsem zalo\u017eil, m\u011b stoj\u00ed nemal\u00e9 pen\u00edze,\u201c \u0159ekl. A v tomto nelhal, z\u0159\u00edzen\u00ed a provoz firmy ve \u0160v\u00fdcarsku toti\u017e s sebou skute\u010dn\u011b nese v\u00fdrazn\u011b vy\u0161\u0161\u00ed n\u00e1klady ne\u017e z\u0159\u00edzen\u00ed a provoz firmy v&nbsp;\u010cesku. Pr\u00e1vn\u00edci, \u00fa\u010detn\u00ed, spr\u00e1vci, to v\u0161echno stoj\u00ed ve \u0160v\u00fdcarsku \u0159\u00e1dov\u011b v\u00edce pen\u011bz ne\u017e v \u010cesku. A tak\u00e9 se tam \u010das od \u010dasu mus\u00ed zajet n\u011bco vy\u0159\u00eddit, podepsat\u2026 Pro\u010d to v\u0161echno platil a slo\u017eit\u011b vy\u0159izoval, kdy\u017e m\u011bl p\u0159edm\u011bt podnik\u00e1n\u00ed v&nbsp;\u010cesk\u00e9 republice? V&nbsp;prv\u00e9 \u0159ad\u011b je to anonymita a diskr\u00e9tnost. Na podnik\u00e1n\u00ed nen\u00ed tolik vid\u011bt jako v \u010cR, l\u00e9pe se skr\u00fdvaj\u00ed skute\u010dn\u00ed vlastn\u00edci a investo\u0159i. Co\u017e se m\u016f\u017ee hodit, kdy\u017e p\u016fsob\u00ed ve st\u00e1tn\u00edch firm\u00e1ch, nebo jsou to ji\u017e prova\u0159en\u00ed \u201ckmot\u0159i\u201d. Dal\u0161\u00edm skv\u011bl\u00fdm d\u016fvodem je vyh\u00fdb\u00e1n\u00ed se placen\u00ed dan\u00ed v&nbsp;\u010cesku, kter\u00e9mu se vzne\u0161en\u011b \u0159\u00edk\u00e1 da\u0148ov\u00e1 optimalizace. A jako bonus na n\u011bj nem\u016f\u017ee \u010desk\u00fd finan\u010dn\u00ed \u00fa\u0159ad ani policie. A kdy\u017e tak velmi slo\u017eit\u011b cestou mezin\u00e1rodn\u00ed pr\u00e1vn\u00ed pomoci. V&nbsp;neposledn\u00ed \u0159ad\u011b otev\u00edr\u00e1 mo\u017enost vyvol\u00e1n\u00ed mezin\u00e1rodn\u00ed arbitr\u00e1\u017ee proti \u010desk\u00e9mu st\u00e1tu, kdyby mu n\u00e1hodou n\u011bkdo \u0161l\u00e1pnul na ku\u0159\u00ed oko, nebo ud\u011blal chybu v&nbsp;n\u011bjak\u00e9 vykut\u00e1len\u00e9 kauze, jako se to stalo nap\u0159\u00edklad v&nbsp;kauze Diag Human, \u010di p\u0159\u00edmo ve Veverkov\u011b p\u0159\u00edpad\u011b pokusu o vyvol\u00e1n\u00ed arbitr\u00e1\u017ee mezi jeho spole\u010dnost\u00ed Bigboard a Prahou z roku 2014, viz kapitola V\u00e1lka o Bilboardy. Prost\u011b ide\u00e1ln\u00ed z\u00e1klad pro podnik\u00e1n\u00ed Jana Veverky a jeho skryt\u00fdch kump\u00e1n\u016f. Pozd\u011bj\u0161\u00ed p\u0159echod firem do \u010ceska signalizuje, \u017ee to, co bylo pot\u0159eba na po\u010d\u00e1tku skr\u00fdvat, u\u017e bylo mezit\u00edm pravd\u011bpodobn\u011b legalizov\u00e1no a pen\u00edze vypr\u00e1ny.<\/p>\n<p>Nicm\u00e9n\u011b \u010cesk\u00e9 dr\u00e1hy nakonec sv\u016fj 51% pod\u00edl ve spole\u010dnosti Railreklam prodaly a\u017e v roce 2017. Kupuj\u00edc\u00edm byla spole\u010dnost Expiria ovl\u00e1dan\u00e1 Bigboardem, to u\u017e v n\u011bm dr\u017eel Veverka pod\u00edl p\u0159\u00edmo a ve\u0159ejn\u011b. \u010cD odm\u00edtly prodejn\u00ed cenu zve\u0159ejnit, podle informac\u00ed Zdopravy.cz \u0161lo o zhruba 60 milion\u016f korun. \u201eSmluvn\u011b byl p\u0159evod pod\u00edlu potvrzen v prosinci 2017,\u201c \u0159ekl mluv\u010d\u00ed Jokl\u00edk. Cena tak byla stanovena \u201cznaleck\u00fdm posudkem\u201d o 40 milion\u016f n\u00ed\u017e, ne\u017e p\u0159ed \u010dty\u0159mi lety konkuren\u010dn\u00ed spole\u010dnost\u00ed. Ale i on\u011bch 100 milion\u016f by byla cena nedostate\u010dn\u00e1, v roce 2019 byl podle ve\u0159ejn\u00fdch rejst\u0159\u00edk\u016f pod\u00edl v ReailReklam zastaven spole\u010dnosti J &amp; T BANKA z\u00e1stavn\u00ed smlouvou do celkov\u00e9 v\u00fd\u0161e 3,6 miliardy korun.<\/p>\n<div class=\"nemesis-sources\"><p class=\"nemesis-sources-label\">Zdroje:<\/p><ul><li><a href=\"https:\/\/www.tyden.cz\/rubriky\/byznys\/cesko\/ceske-drahy-se-zbavi-podilu-ve-firme-railreklam_246785.html\" target=\"_blank\" rel=\"noopener\">https:\/\/www.tyden.cz\/rubriky\/byznys\/cesko\/ceske-drahy-se-zbavi-podilu-ve-firme-railreklam_246785.html<\/a><\/li><li><a href=\"https:\/\/www.novinky.cz\/clanek\/ekonomika-ceske-drahy-chtely-nevyhodne-prodat-prosperujici-spolecnost-railreklam-212343\" target=\"_blank\" rel=\"noopener\">https:\/\/www.novinky.cz\/clanek\/ekonomika-ceske-drahy-chtely-nevyhodne-prodat-prosperujici-spolecnost-railreklam-212343<\/a><\/li><li><a href=\"https:\/\/www.mediar.cz\/petinu-v-bigboard-praha-ziskala-firma-jana-veverky-tajemnika-byvaleho-sefa-ceskych-drah\/\" target=\"_blank\" rel=\"noopener\">https:\/\/www.mediar.cz\/petinu-v-bigboard-praha-ziskala-firma-jana-veverky-tajemnika-byvaleho-sefa-ceskych-drah\/<\/a><\/li><li><a href=\"https:\/\/zdopravy.cz\/ceske-drahy-prodaly-railreklam-novy-majitel-musi-odstranit-nelegalni-plochy-6629\/\" target=\"_blank\" rel=\"noopener\">https:\/\/zdopravy.cz\/ceske-drahy-prodaly-railreklam-novy-majitel-musi-odstranit-nelegalni-plochy-6629\/<\/a><\/li><li><a href=\"https:\/\/or.justice.cz\/ias\/ui\/rejstrik-firma.vysledky?subjektId=700354&amp;typ=UPLNY\" target=\"_blank\" rel=\"noopener\">https:\/\/or.justice.cz\/ias\/ui\/rejstrik-firma.vysledky?subjektId=700354&amp;typ=UPLNY<\/a><\/li><\/ul><\/div>\n<h3 id=\"chobotnice-prazskeho-magistratu\">Chobotnice pra\u017esk\u00e9ho magistr\u00e1tu<\/h3>\n<p>Mezi t\u00edm ale Veverka nezah\u00e1l\u00ed. V roce 2010 se vl\u00e1dy nad Prahou chopil l\u00e9ka\u0159 Bohuslav Svoboda (ODS), v jeho bl\u00edzkosti se za\u010daly pohybovat lid\u00e9, ozna\u010dovan\u00ed spojenci exprim\u00e1tora Pavla B\u00e9ma jako \u201cchobotnice\u201d. \u201eV m\u00e9m p\u0159edpokoji nesed\u00ed chobotnice v podob\u011b pana Han\u010de, trafikanta na v\u00fdplatn\u00ed listin\u011b bulharsk\u00fdch \u010cEZ. Spolu s jeho kolegou Janem Veverkou mu zaji\u0161\u0165uj\u00ed medi\u00e1ln\u00ed podporu,\u201c \u0159ekl tehdy b\u00fdval\u00fd pra\u017esk\u00fd zastupitel za ODS Boris \u0160\u0165astn\u00fd a v rozhovoru pro LN svou my\u0161lenku rozvedl. \u201ePo Praze se \u0159\u00edk\u00e1, \u017ee pan Marek Han\u010d a jeho bl\u00edzk\u00fd kolega Jan Veverka za\u0159\u00edd\u00ed u Svobody cokoli. P\u0159itom ani jeden z nich nen\u00ed \u00fa\u0159edn\u00edkem magistr\u00e1tu a nepodl\u00e9h\u00e1 z\u00e1konu o st\u0159etu z\u00e1jm\u016f. Takovou netransparentnost nemohu podporovat. Svoboda by m\u011bl sv\u00e9 chobotnice \u0159\u00e1dn\u011b zam\u011bstnat nebo jim zak\u00e1zat vstup na radnici. To bych na jeho m\u00edst\u011b ud\u011blal j\u00e1.\u201c Marek Han\u010d, pozd\u011bji vlivn\u00fd market\u00e9r hnut\u00ed ANO se odm\u00edtl k v\u011bci vyj\u00e1d\u0159it. Veverka s tvrzen\u00edm o chobotnici kategoricky nesouhlasil. \u201eNev\u00edm, jak na to pan \u0160\u0165astn\u00fd v\u0161echno p\u0159i\u0161el, p\u0159ijde mi to jako z jin\u00e9 planety. J\u00e1 ne\u017eiju \u017eivot Borise \u0160\u0165astn\u00e9ho,\u201c \u0159ekl Veverka Reflexu. U\u017e tehdy ale platil Han\u010d za v\u00fdznamnou spojku do spole\u010dnosti BigBoard a dobr\u00fd prost\u0159edek pro zaji\u0161t\u011bn\u00ed politick\u00e9ho vlivu. Kdo cht\u011bl b\u00fdt vid\u011bt na billboardech, nap\u0159\u00edklad p\u0159ed volbami, musel j\u00edt do BigBoardu. Mezi byznysmeny se tak nap\u0159\u00edklad vypr\u00e1v\u011blo, jak v dob\u011b prezidentsk\u00e9 kampan\u011b nosili do BigBoardu lid\u00e9 z okol\u00ed Tom\u00e1\u0161e Hrdli\u010dky \u2013 podporuj\u00edc\u00edho spolu s Martinem Nejedl\u00fdm z firmy Lukoil Aviation Milo\u0161e Zemana \u2013 pen\u00edze za v\u00fdlep Zemanov\u00fdch plak\u00e1t\u016f. V\u0161ichni z\u00fa\u010dastn\u011bn\u00ed to na dotaz Reflexu pochopiteln\u011b pop\u0159eli, ale je fakt, \u017ee Zemanovy plak\u00e1ty na ploch\u00e1ch BigBoardu p\u0159ed volbami visely.<\/p>\n<p>Marek Han\u010d se pozd\u011bji stal v\u00fdznamn\u00fdm PR poradcem samotn\u00e9ho Andreje Babi\u0161e. V jeho t\u00fdmu byl specialistou na praktiku medi\u00e1ln\u00ed manipulace zvan\u00e9 spin doctoring &#8211; tedy medi\u00e1ln\u00ed manipulac\u00ed p\u0159ekryje n\u011bjak\u00fd nebezpe\u010dn\u00fd skand\u00e1l. Tedy do t\u00e9 doby, ne\u017e ho Babi\u0161 za\u010d\u00e1tkem ledna 2022 vyhodil, pot\u00e9 co zjistil, \u017ee prost\u0159ednictv\u00edm Martina Nejedl\u00e9ho don\u00e1\u0161el informace o n\u011bm prezidentu Zemanovi. Co\u017e se na ve\u0159ejnost provalilo a\u017e s odstupem, don\u00e1\u0161en\u00ed Han\u010de toti\u017e zachytila Bezpe\u010dnostn\u00ed a informa\u010dn\u00ed slu\u017eba, podle kontrarozv\u011bdky existovalo podez\u0159en\u00ed, \u017ee Nejedl\u00fd informace z\u00edskan\u00e9 od Han\u010de p\u0159ed\u00e1val do Ruska.<\/p>\n<div class=\"nemesis-sources\"><p class=\"nemesis-sources-label\">Zdroje:<\/p><ul><li><a href=\"https:\/\/www.reflex.cz\/clanek\/archiv\/50339\/prazska-lobby-martina-romana.html\" target=\"_blank\" rel=\"noopener\">https:\/\/www.reflex.cz\/clanek\/archiv\/50339\/prazska-lobby-martina-romana.html<\/a><\/li><li><a href=\"https:\/\/zpravy.aktualne.cz\/domaci\/babisuv-poradce-donasel-nejedlemu-upozornila-bis-informace-m\/r~da64ff7a2f9611ed82b7ac1f6b220ee8\/\" target=\"_blank\" rel=\"noopener\">https:\/\/zpravy.aktualne.cz\/domaci\/babisuv-poradce-donasel-nejedlemu-upozornila-bis-informace-m\/r~da64ff7a2f9611ed82b7ac1f6b220ee8\/<\/a><\/li><li><a href=\"https:\/\/www.seznamzpravy.cz\/clanek\/ekonomika-firmy-lide-z-okruhu-romana-janouska-maji-vliv-i-v-podcastove-platforme-vlny-309394\" target=\"_blank\" rel=\"noopener\">https:\/\/www.seznamzpravy.cz\/clanek\/ekonomika-firmy-lide-z-okruhu-romana-janouska-maji-vliv-i-v-podcastove-platforme-vlny-309394<\/a><\/li><li><a href=\"https:\/\/www.seznamzpravy.cz\/clanek\/tohle-jsou-babisovi-mladi-marketeri-na-iluze-ma-premier-sve-lidi-44092\" target=\"_blank\" rel=\"noopener\">https:\/\/www.seznamzpravy.cz\/clanek\/tohle-jsou-babisovi-mladi-marketeri-na-iluze-ma-premier-sve-lidi-44092<\/a><\/li><li><a href=\"https:\/\/www.echo24.cz\/a\/iKZfs\/zmeny-v-babisove-marketingovem-tymu-opousti-ho-klicovy-expert-marek-hanc\" target=\"_blank\" rel=\"noopener\">https:\/\/www.echo24.cz\/a\/iKZfs\/zmeny-v-babisove-marketingovem-tymu-opousti-ho-klicovy-expert-marek-hanc<\/a><\/li><li><a href=\"https:\/\/zpravy.aktualne.cz\/domaci\/babisuv-poradce-donasel-nejedlemu-upozornila-bis-informace-m\/r~da64ff7a2f9611ed82b7ac1f6b220ee8\/\" target=\"_blank\" rel=\"noopener\">https:\/\/zpravy.aktualne.cz\/domaci\/babisuv-poradce-donasel-nejedlemu-upozornila-bis-informace-m\/r~da64ff7a2f9611ed82b7ac1f6b220ee8\/<\/a><\/li><\/ul><\/div>\n<h3>Kauza Opencard<\/h3>\n<p>Veverkovo jm\u00e9no se objevuje i ve spojen\u00ed s kouzou Opencard, respektive v obdob\u00ed p\u016fsoben\u00ed prim\u00e1tora Bohuslava Svobody (ODS). Jeho c\u00edlem bylo mimo jin\u00e9 i vy\u0159e\u0161it \u201eprobl\u00e9m Opencard\u201c tedy p\u0159edra\u017een\u00e9 karty do MHD. Svoboda se za vydatn\u00e9 podpory spolupracovn\u00edk\u016f Han\u010de a Veverky rozhodl zbavit sv\u00fdch n\u011bkdej\u0161\u00edch \u201eloutk\u00e1\u0159\u016f\u201c v \u010dele s tehdej\u0161\u00edm kmotrem pra\u017esk\u00e9 ODS Tom\u00e1\u0161em Hrdli\u010dkou. Nov\u00e9 \u0159e\u0161en\u00ed \u201eprobl\u00e9mu Opencard\u201c Veverka s Han\u010dem nena\u0161li. A\u017e pozd\u011bji vyjde najevo pro\u010d, Veverka by t\u00edm \u0161el p\u0159\u00edmo proti sv\u00e9mu extr\u00e9mn\u011b d\u016fle\u017eit\u00e9mu kontaktu a spojenci Romanu Janou\u0161kovi. M\u00edsto toho tak Svoboda s novou radou v dubnu 2012 prosadil prodlou\u017een\u00ed smlouvy s firmou Haguess o dal\u0161\u00ed dva roky, kv\u016fli \u010demu\u017e pra\u017e\u0161t\u00ed radn\u00ed dlouho \u010delili soudn\u00edm tahanic\u00edm.<\/p>\n<div class=\"nemesis-sources\"><p class=\"nemesis-sources-label\">Zdroje:<\/p><ul><li>T\u00fdden \u010d. 11\/2016<p><\/p>\n<p><a href=\"https:\/\/www.novinky.cz\/clanek\/domaci-audit-opencard-prisla-na-17-miliardy-je-predrazena-a-zastarala-296195\" target=\"_blank\" rel=\"noopener\">https:\/\/www.novinky.cz\/clanek\/domaci-audit-opencard-prisla-na-17-miliardy-je-predrazena-a-zastarala-296195<\/a><\/p><\/li><li><a href=\"https:\/\/ct24.ceskatelevize.cz\/clanek\/domaci\/na-opencard-se-pasli-janousek-rittig-i-bem-tvrdi-byvala-zastupitelka-329894\" target=\"_blank\" rel=\"noopener\">https:\/\/ct24.ceskatelevize.cz\/clanek\/domaci\/na-opencard-se-pasli-janousek-rittig-i-bem-tvrdi-byvala-zastupitelka-329894<\/a><\/li><\/ul><\/div>\n<h3>V\u00e1lka o billboardy<\/h3>\n<p>V roce 2014 se zm\u011bnily Pra\u017esk\u00e9 stavebn\u00ed p\u0159edpisy, krom\u011b toho, \u017ee daly alespo\u0148 jak\u00e1si civilizovan\u00e1 pravidla developersk\u00e9 v\u00fdstavb\u011b, zak\u00e1zaly tak\u00e9 velkoplo\u0161nou reklamu. Veverk\u016fv BigBoard by jejich z\u00e1sluhou p\u0159i\u0161el ro\u010dn\u011b v Praze o miliardov\u00fd obchod. P\u0159edpisy platily u\u017e t\u0159i m\u011bs\u00edce v dob\u011b, kdy bylo m\u011bsto ve v\u00edru p\u0159edvolebn\u00edho boje a spole\u010dnost BigBoard jej\u00ed\u017e ob\u0159\u00ed reklamn\u00ed tabule vyu\u017e\u00edvala v\u011bt\u0161ina soupe\u0159\u00edc\u00edch politick\u00fdch stran, najednou za\u010dala p\u0159elepovat billboardy prim\u00e1tora Hude\u010dka, kter\u00fd se o zm\u011bnu zasadil. Majitel\u00e9 BigBoardu si tehdy dok\u00e1zali sjednat podporu na nejvy\u0161\u0161\u00edch m\u00edstech &#8211; \u00fa\u0159edn\u00edci z Ministerstva pro m\u00edstn\u00ed rozvoj v\u010detn\u011b ministryn\u011b Karly \u0160lechtov\u00e9 (za ANO) se chystali platnost p\u0159edpis\u016f pozastavit. A do hry v jejich prosp\u011bch vstoupila po volb\u00e1ch i nov\u00e1 prim\u00e1torka Adriana Krn\u00e1\u010dov\u00e1 (za ANO). Za mocnou spole\u010dnost\u00ed BigBoard tehdy st\u00e1la jedna z nejvlivn\u011bj\u0161\u00edch finan\u010dn\u00edch skupin J&amp;T, dvacet procent ale vlastnila spole\u010dnost Touzimsky Media, za n\u00ed\u017e st\u00e1l onen politik z ODS Jan Veverka.<\/p>\n<p>Ve h\u0159e byla tehdy i arbitr\u00e1\u017e, kterou BigBoard zah\u00e1jila proti Praze. Pod arbitr\u00e1\u017e\u00ed byli podeps\u00e1ni dva \u0161v\u00fdcar\u0161t\u00ed spoluvlastn\u00edci firmy, First Swiss Holderbank AG a Touzimsky Kapital AG. Za druhou jmenovanou st\u00e1l Jan Veverka, n\u011bkdej\u0161\u00ed spolupracovn\u00edk exprim\u00e1tora Bohuslava Svobody a b\u00fdval\u00e1 prav\u00e1 ruka n\u011bkdej\u0161\u00edho gener\u00e1ln\u00edho \u0159editele \u010cesk\u00fdch drah Petra \u017daludy.<\/p>\n<div class=\"nemesis-sources\"><p class=\"nemesis-sources-label\">Zdroje:<\/p><ul><li><a href=\"https:\/\/www.respekt.cz\/tydenik\/2015\/2\/mesto-nebo-megaboard\" target=\"_blank\" rel=\"noopener\">https:\/\/www.respekt.cz\/tydenik\/2015\/2\/mesto-nebo-megaboard<\/a><\/li><li><a href=\"https:\/\/domaci.hn.cz\/c1-63056460-nad-prahou-visi-dalsi-arbitraz-nyni-kvuli-kauze-s-billboardy\" target=\"_blank\" rel=\"noopener\">https:\/\/domaci.hn.cz\/c1-63056460-nad-prahou-visi-dalsi-arbitraz-nyni-kvuli-kauze-s-billboardy<\/a><\/li><\/ul><\/div>\n<h3>Falt\u00fdnk\u016fv di\u00e1\u0159 a miliardov\u00fd k\u0161eft s DPP<\/h3>\n<p>Jaroslav Falt\u00fdnek m\u011bl ve vl\u00e1dn\u00edm hnut\u00ed premi\u00e9ra Andreje Babi\u0161e zcela mimo\u0159\u00e1dn\u00e9 pole p\u016fsobnosti a ke sv\u00fdm podez\u0159el\u00fdm aktivit\u00e1m si vedl nechvaln\u011b proslul\u00fd di\u00e1\u0159. I v n\u011bm m\u00e1 Jan Veverka se spole\u010dnost\u00ed Bigboard \u010destn\u00e9 m\u00edsto. Falt\u00fdnka zaj\u00edmal miliardov\u00fd obchodn\u00ed spor o pron\u00e1jem reklamn\u00edch ploch v hromadn\u00e9 doprav\u011b pra\u017esk\u00e9m dopravn\u00edm podniku. V tomto p\u0159\u00edb\u011bhu \u0161lo o to, \u017ee pra\u017esk\u00fd dopravn\u00ed podnik vypov\u011bd\u011bl nejprve smlouvu na pron\u00e1jem reklamn\u00edch ploch spole\u010dnosti Rencar. A to p\u0159esto, \u017ee byl v t\u00e9to firm\u011b \u010d\u00e1ste\u010dn\u00fdm vlastn\u00edkem. Pot\u00e9, co Rencar o smlouvu p\u0159i\u0161el, z\u00edskala ji spole\u010dnost BigBoard, kterou vede a spoluvlastn\u00ed Falt\u00fdnk\u016fv kamar\u00e1d. \u201eRencar (\u0161ipka) B. B. (Han\u010d), Adriana. M\u016f\u017ee se postoupit? Jak\u00fd je z\u00e1jem,\u201c zn\u00ed z\u00e1pisek na \u010dtvere\u010dkovan\u00e9m archu pap\u00edru Falt\u00fdnkova di\u00e1\u0159e.<\/p>\n<p>Marek Han\u010d uveden\u00fd v z\u00e1pisku byl b\u00fdval\u00fdm pracovn\u00edkem BigBoardu (B.B.) a v dob\u011b pozn\u00e1mky tak\u00e9 PR poradcem hnut\u00ed ANO. Adriana Krn\u00e1\u010dov\u00e1, byla prim\u00e1torkou Prahy za hnut\u00ed ANO a odchod Rencaru pat\u0159il k jej\u00edm c\u00edl\u016fm. Podobn\u011b je \u010das zaps\u00e1n\u00ed pozoruhodn\u00fd u dal\u0161\u00ed pozn\u00e1mky z \u201edi\u00e1\u0159e\u201c: \u201eJC Deco (majoritn\u00ed vlastn\u00edk Rencaru, pozn. red.) \u2013 \u0161ipka \u2013 BigBoard.\u201c A o kousek d\u00e1l potom za poml\u010dkou: \u201eM\u00e1 b\u00fdt v\u00fdhodn\u011bj\u0161\u00ed.\u201c To znamen\u00e1, \u017ee je\u0161t\u011b ne\u017e v\u016fbec dopravn\u00ed podnik smlouvu Rencaru vypov\u011bd\u011bl, poznamen\u00e1v\u00e1 si Jaroslav Falt\u00fdnek budouc\u00edho v\u00edt\u011bze v\u00fdb\u011brov\u00e9ho \u0159\u00edzen\u00ed. S t\u00edm, \u017ee m\u00e1 b\u00fdt n\u011b\u010d\u00edm v\u00fdhodn\u011bj\u0161\u00ed.<\/p>\n<p>Hnut\u00ed ANO tak\u00e9 p\u0159ed volbami do Sn\u011bmovny v roce 2017 utratilo za billboardy 14 milion\u016f, t\u00e9m\u011b\u0159 v\u0161e tehdy objednalo od skupiny BigMedia, ovl\u00e1dan\u00e9 spole\u010dnost\u00ed BigBoard. \u00dadaje analytick\u00e9 spole\u010dnosti Nielsen Admosphere hovo\u0159ily o tom, \u017ee re\u00e1ln\u00e1 hodnota slu\u017eeb byla mnohem vy\u0161\u0161\u00ed: za rok 2017 \u0161lo o 51,6 milionu korun. Ve skupin\u011b BigMedia, kter\u00e1 po zru\u0161en\u00ed smlouvy s Rencarem trh s reklamou v pra\u017esk\u00e9m metru \u010di tramvaj\u00edch ovl\u00e1dla, m\u011bli tehdy pod\u00edl Richard Fuxa, Jan Veverka a finan\u010dn\u00edci z J&amp;T. JCDecaux tak ostrouhal, nyn\u00ed m\u00e1 reklamu v&nbsp;pra\u017esk\u00e9m metru MetroZoom dal\u0161\u00ed \u010dlen skupiny BigBoard. Marek Han\u010d v\u0161ak v t\u00e9 dob\u011b u\u017e pat\u0159il k nejbli\u017e\u0161\u00edm lidem kolem premi\u00e9ra Andreje Babi\u0161e.<\/p>\n<div class=\"nemesis-sources\"><p class=\"nemesis-sources-label\">Zdroje:<\/p><ul><li><a href=\"https:\/\/www.seznamzpravy.cz\/clanek\/z-diare-sefposlance-do-boje-o-reklamu-povolal-faltynek-svachulu-149567\" target=\"_blank\" rel=\"noopener\">https:\/\/www.seznamzpravy.cz\/clanek\/z-diare-sefposlance-do-boje-o-reklamu-povolal-faltynek-svachulu-149567<\/a><\/li><\/ul><\/div>\n<h3>Neleg\u00e1ln\u00ed billboardy kryt\u00e9 vlajkou \u010cR<\/h3>\n<p>Pramal\u00fd respekt k z\u00e1kon\u016fm kryt\u00fd patriotismem a schopnost p\u0159inutit politiky prosazovat z\u00e1jmy sv\u00e9ho byznysu se projevily i po zm\u011bn\u011b pravidel pro billboardy, um\u00edst\u011bn\u00e9 nebezpe\u010dn\u011b bl\u00edzko silnic a d\u00e1lnic. Spole\u010dnost BigBoard je i rok po term\u00ednu (2017) odm\u00edtala odstranit, jedin\u00fd hlavn\u00ed konkurent je st\u00e1hl. BigBoard, respektive spole\u010dnost Czech Outdoor, pat\u0159\u00edc\u00ed pod zna\u010dku BigBoard, se vyv\u011b\u0161ov\u00e1n\u00edm vlajek \u010cesk\u00e9 republiky na sv\u00e9 billboardy sna\u017eila obej\u00edt z\u00e1kon (vlajku nelze podle z\u00e1kona odstranit), a vyhnout se likvidaci neleg\u00e1ln\u00edch pouta\u010d\u016f.<\/p>\n<p>Foto: vlajka1<\/p>\n<p>Popisek k foto: P\u0159ekryjte to \u0161m\u00e9\u010dko vlajkou \u010cesk\u00e9 republiky, to pom\u016f\u017ee!<\/p>\n<p><a href=\"https:\/\/d15-a.sdn.cz\/d_15\/c_img_E_E\/KBVmq8.jpeg\" target=\"_blank\" rel=\"noopener\">https:\/\/d15-a.sdn.cz\/d_15\/c_img_E_E\/KBVmq8.jpeg<\/a><\/p>\n<p>Vznikla i iniciativa sedmn\u00e1cti \u010desk\u00fdch sen\u00e1tor\u016f, kte\u0159\u00ed se tehdy obr\u00e1tili na \u00dastavn\u00ed soud s n\u00e1vrhem, aby v platn\u00e9 novele z\u00e1kona zru\u0161il doty\u010dn\u00e9 \u010d\u00e1sti, kter\u00e9 omezuj\u00ed v\u00fdskyt billboard\u016f u silnic a d\u00e1lnic. Ve firm\u011b BigBoard, kter\u00e1 dlouhodob\u011b odm\u00edtala odstranit protiz\u00e1konn\u011b setrv\u00e1vaj\u00edc\u00ed billboardy u silnic m\u011bl u\u017e pod\u00edl i Jan Veverka, pra\u017esk\u00fd \u201cpodnikatel\u201d, n\u011bkdej\u0161\u00ed libereck\u00fd zastupitel za ODS a tehdej\u0161\u00ed \u010dlen jej\u00ed zdej\u0161\u00ed oblastn\u00ed rady. Do st\u0159etu se z\u00e1konem omezuj\u00edc\u00edm byznys s reklamou se Veverk\u016fv BigBoard dostal i p\u0159es pod\u00edl v tehdy je\u0161t\u011b polost\u00e1tn\u00ed spole\u010dnosti RailReklam, kter\u00e1 v t\u00e9 dob\u011b pat\u0159ila \u010cesk\u00fdm drah\u00e1m z 51 %, a zbytek spole\u010dnosti vlastnil BigBoard. Ani Railreklam neodstranila reklamn\u00ed za\u0159\u00edzen\u00ed ze \u017eelezni\u010dn\u00edch most\u016f p\u0159es tuzemsk\u00e9 d\u00e1lnice a silnice I. t\u0159\u00eddy.<\/p>\n<p>V souvislosti ale nelze nezm\u00ednit i p\u0159edchoz\u00ed pokusy na odvr\u00e1cen\u00ed z\u00e1kazu billboard\u016f u d\u00e1lnic, respektive se \u201csv\u00fdm\u201d n\u00e1vrhem, kter\u00fd odlo\u017eil jejich odstran\u011bn\u00ed o p\u011bt let, p\u0159i\u0161la sen\u00e1torka Veronika Vrecionov\u00e1 (ODS). \u201cJen\u017ee ne\u017e se novela s pozm\u011b\u0148ovac\u00edmi n\u00e1vrhy dostala do doln\u00ed komory k nov\u00e9mu projedn\u00e1n\u00ed, v poslaneck\u00fdch schr\u00e1nk\u00e1ch se objevil hromadn\u00fd email, kter\u00fd obsahoval p\u0159epis \u00fadajn\u00fdch odposlech\u016f ze sch\u016fzky Romana Janou\u0161ka, advok\u00e1ta Miroslava Jansty a Richarda Fuxy,  spolumajitele spole\u010dnosti BigBoard, nejv\u011bt\u0161\u00ed \u010desk\u00e9 firmy zab\u00fdvaj\u00edc\u00ed se venkovn\u00ed reklamou. V hotelu Hilton se bavili o \u00faplatc\u00edch, kter\u00e9 byly nebo m\u011bly b\u00fdt vyplaceny za schv\u00e1len\u00ed m\u00edrn\u011bj\u0161\u00ed verze z\u00e1kona v podob\u011b, v jak\u00e9 ji Sen\u00e1t na n\u00e1vrh Vrecionov\u00e9 do sn\u011bmovny vr\u00e1til,\u201d popsal Respekt. Informac\u00edm se v\u0161ak nev\u011b\u0159ilo a prezident V\u00e1clav Klaus z\u00e1kon podepsal.<\/p>\n<div class=\"nemesis-sources\"><p class=\"nemesis-sources-label\">Zdroje:<\/p><ul><li><a href=\"https:\/\/nasliberec.cz\/2018\/08\/17\/podnikatele-opreni-za-zlobbovane-senatory-nadale-nedodrzuji-zakony\/\" target=\"_blank\" rel=\"noopener\">https:\/\/nasliberec.cz\/2018\/08\/17\/podnikatele-opreni-za-zlobbovane-senatory-nadale-nedodrzuji-zakony\/<\/a><\/li><li><a href=\"https:\/\/nasliberec.cz\/2017\/10\/03\/za-billboardovym-byznysem-stoji-byvaly-liberecky-politik-dalsi-mu-pak-pomahaji\/\" target=\"_blank\" rel=\"noopener\">https:\/\/nasliberec.cz\/2017\/10\/03\/za-billboardovym-byznysem-stoji-byvaly-liberecky-politik-dalsi-mu-pak-pomahaji\/<\/a><\/li><li><a href=\"http:\/\/zdopravy.cz\/statni-firma-ignoruje-zakon-reklamu-na-zeleznicnich-mostech-neodstranila-1904\/\" target=\"_blank\" rel=\"noopener\">http:\/\/zdopravy.cz\/statni-firma-ignoruje-zakon-reklamu-na-zeleznicnich-mostech-neodstranila-1904\/<\/a><\/li><li><a href=\"https:\/\/www.respekt.cz\/spolecnost\/pod-ceskou-vlajkou-boj-o-billboardy-vrcholi?srsltid=AfmBOop41pVXPfk1mPBrY3M7VFrFm-EUoRpgitCSLLmf4nZxusAPRGuM\" target=\"_blank\" rel=\"noopener\">https:\/\/www.respekt.cz\/spolecnost\/pod-ceskou-vlajkou-boj-o-billboardy-vrcholi?srsltid=AfmBOop41pVXPfk1mPBrY3M7VFrFm-EUoRpgitCSLLmf4nZxusAPRGuM<\/a><\/li><\/ul><\/div>\n<h3>IZIP<\/h3>\n<p>Kauza IZIP, nebo-li syst\u00e9m elektronick\u00fdch zdravotn\u00edch kn\u00ed\u017eek pro poji\u0161\u0165ovnu VZP z roku 2011 za dv\u011b miliardy korun, v n\u00ed\u017e byly minim\u00e1ln\u011b dv\u011b osoby odsouzeny, i tady se objevuje jm\u00e9no Jan Veverka. Nepr\u016fhledn\u00e1 \u0161v\u00fdcarsk\u00e1 spole\u010dnost, od kter\u00e9 koupila VZP v\u011bt\u0161inu ve spole\u010dnosti IZIP, m\u011bla vazby na \u010cesko. P\u016fvodn\u00ed \u010de\u0161t\u00ed vlastn\u00edci IZIP jen n\u011bkolik dn\u00ed p\u0159ed dohodnut\u00fdm obchodem s VZP p\u0159evedli sv\u00e9 pod\u00edly na \u0161v\u00fdcarskou spole\u010dnost eHI eHealth International &#8211; tu zastupoval \u0161v\u00fdcarsk\u00fd pr\u00e1vn\u00edk Thomas Ladner. A pr\u00e1v\u011b p\u0159es n\u011bj vedly nitky zp\u011bt do \u010ceska. Ladner toti\u017e tehdy figuroval i ve spole\u010dnosti Touzimsky Capital AG, kterou si ve \u0160v\u00fdcarsku zaregistroval Jan Veverka, b\u00fdval\u00fd vlivn\u00fd tajemn\u00edk \u0161\u00e9fa \u010cesk\u00fdch drah a n\u011bkdej\u0161\u00ed libereck\u00fd zastupitel ODS. Ten byl tak\u00e9 obchodn\u00edm partnerem spoluzakladatele IZIP Pavla Hronka a dal\u0161\u00edho \u010dlena veden\u00ed IZIP Tom\u00e1\u0161e Ml\u00e1dka &#8211; s ob\u011bma l\u00e9ta \u0159\u00edd\u00ed firmu Microfinance, mimochodem Veverka v n\u00ed figuruje dodnes a \u010derp\u00e1 zaj\u00edmav\u00e9 dotace. &#8222;Samoz\u0159ejm\u011b, kdy\u017e ud\u011bl\u00e1te tohle kole\u010dko, tak\u00e9 si \u0159eknu &#8211; v\u017edy\u0165 to jsou propojen\u00e9 osoby,&#8220; p\u0159izn\u00e1val Veverka. Podle n\u011bj to v\u0161ak byla n\u00e1hoda, \u017ee dv\u011b firmy s vazbami na \u010cesko vznikaly t\u00e9m\u011b\u0159 sou\u010dasn\u011b na stejn\u00e9 cury\u0161sk\u00e9 adrese. Pravd\u011bpodobn\u011b stejn\u00e1 \u201en\u00e1hoda\u201c, jako kdy\u017e Veverkovi zakl\u00e1daj\u00ed firmy na drony Nemesis stejn\u00ed pr\u00e1vn\u00edci a not\u00e1\u0159i. Mezi p\u016fvodn\u00edmi majiteli spole\u010dnosti IZIP byli i tehdej\u0161\u00ed europoslanci za ODS Milan Cabrnoch a Miroslav Ouzk\u00fd. Nejen\u017ee sv\u00e9 pod\u00edly p\u0159evedli na \u0161v\u00fdcarskou spole\u010dnost s nepr\u016fhlednou majetkovou strukturou, ale tvrdili, \u017ee to ud\u011blali bezplatn\u011b.<\/p>\n<div class=\"nemesis-sources\"><p class=\"nemesis-sources-label\">Zdroje:<\/p><ul><li><a href=\"https:\/\/archiv.hn.cz\/c1-53156390-ze-svycarska-vedou-stopy-izip-zpet-do-ceska\" target=\"_blank\" rel=\"noopener\">https:\/\/archiv.hn.cz\/c1-53156390-ze-svycarska-vedou-stopy-izip-zpet-do-ceska<\/a><\/li><li><a href=\"https:\/\/domaci.hn.cz\/c1-53336450-advokat-vlastnika-izip-neprozradim-cely-projekt-ale-prinese-zdravotnictvi-uspory\" target=\"_blank\" rel=\"noopener\">https:\/\/domaci.hn.cz\/c1-53336450-advokat-vlastnika-izip-neprozradim-cely-projekt-ale-prinese-zdravotnictvi-uspory<\/a><\/li><li><a href=\"https:\/\/tn.nova.cz\/clanek\/zpravy\/domaci\/kdo-je-jan-veverka.html\" target=\"_blank\" rel=\"noopener\">https:\/\/tn.nova.cz\/clanek\/zpravy\/domaci\/kdo-je-jan-veverka.html<\/a><\/li><\/ul><\/div>\n<h3>Ocho\u010dil si politiky, byznysmeny, Arm\u00e1du \u010cR i neziskovky<\/h3>\n<p>K pochopen\u00ed Veverkova mimo\u0159\u00e1dn\u00e9ho vlivu na politiky, z\u00e1kulisn\u00ed hr\u00e1\u010de, byznysmeny, slo\u017eky st\u00e1tu a novin\u00e1\u0159e je t\u0159eba hledat i v existenci Appia f\u00f3ra, kter\u00e9 zalo\u017eil, a jak jej zachytily m\u00e9dia: Prvn\u00ed sch\u016fzky za\u010daly v dob\u011b, kdy byl Veverka je\u0161t\u011b priv\u00e1tn\u00edm bank\u00e9\u0159em p\u016fsob\u00edc\u00edm v Citibank. Vzhledem k Veverkov\u011b anga\u017em\u00e1 asi nep\u0159ekvap\u00ed, \u017ee se Appie \u00fa\u010dastnil t\u00e9m\u011b\u0159 kompletn\u00ed management \u010cesk\u00fdch drah, dokonce lze tvrdit &#8211; a Veverka to nezast\u00edr\u00e1 -, \u017ee v prost\u0159ed\u00ed Appie do\u0161lo k jeho zformov\u00e1n\u00ed. Odtud se znaj\u00ed gener\u00e1ln\u00ed \u0159editel Petr \u017daluda (d\u0159\u00edve poji\u0161\u0165ovna Axa, nyn\u00ed podnikatel a sponzor cyklistick\u00e9ho t\u00fdmu Romana Janou\u0161ka), n\u00e1m\u011bstek drah pro spr\u00e1vu majetku Milan Matzenauer (d\u0159\u00edve stavebn\u00ed firma Skanska, dnes podnik\u00e1, mimo jin\u00e9 s b\u00fdval\u00fdm velitelem 601. skupiny speci\u00e1ln\u00edch sil a tak\u00e9 b\u00fdval\u00fdm \u0159editelem Vojensk\u00e9ho zpravodajstv\u00ed Ond\u0159ejem P\u00e1len\u00edkem, nechvaln\u011b zn\u00e1m\u00fdm z kauzy \u201eNagyov\u00e1\u201c), n\u00e1m\u011bstek pro ekonomiku Michal Nebesk\u00fd (d\u0159\u00edve Citibank, nyn\u00ed \u010dlen p\u0159edstavenstva N\u00e1rodn\u00ed rozvojov\u00e9 banky) a person\u00e1ln\u00ed n\u00e1m\u011bstek Milan Ruttner (d\u0159\u00edve tak\u00e9 Citibank, nyn\u00ed PPF).<\/p>\n<p>Appia, na jej\u00ed\u017e akce chodilo obvykle 30 a\u017e 40 lid\u00ed, po\u0159\u00e1d\u00e1 besedy, kam jsou jako p\u0159edn\u00e1\u0161ej\u00edc\u00ed zv\u00e1ni p\u0159edn\u00ed politici, ekonomov\u00e9 i pr\u00e1vn\u00edci. P\u0159edn\u00e1\u0161el tu nap\u0159\u00edklad \u0161\u00e9f ODS Mirek Topol\u00e1nek, p\u0159edseda \u010cSSD Ji\u0159\u00ed Paroubek, gener\u00e1ln\u00ed \u0159editel \u010cEZ Martin Roman, o \u0161kolstv\u00ed mluvil V\u00e1clav Klaus mlad\u0161\u00ed. Akce moderuje novin\u00e1\u0159 Pavel P\u00e1ral, kter\u00fd je i jakousi neform\u00e1ln\u00ed du\u0161\u00ed cel\u00e9ho projektu. Jak P\u00e1ral uv\u00e1d\u00ed, do\u0161lo v roce 2008 k pokusu \u010dinnost Appia v\u00edce formalizovat, kdy\u017e bylo zalo\u017eeno ob\u010dansk\u00e9 sdru\u017een\u00ed Appia. O aktivit\u00e1ch diskusn\u00edho f\u00f3ra Appia referoval u\u017e po\u010d\u00e1tkem roku 2010 t\u00fdden\u00edk Ekonom. \u201eAppia je m\u00edstem, kde se potk\u00e1vaj\u00ed nap\u0159\u00edklad ekonomov\u00e9 Miroslav Z\u00e1me\u010dn\u00edk, Michal Mejst\u0159\u00edk, Pavel Kohout, d\u00e1le t\u0159eba topmana\u017eer z Microsoftu Jan M\u00fchlfeit, viceguvern\u00e9r \u010cNB Miroslav Singer, \u0161\u00e9f Vojensk\u00e9ho zpravodajstv\u00ed \u010cR Ondrej P\u00e1len\u00edk, b\u00fdval\u00fd m\u00edstop\u0159edseda vl\u00e1dy Alexandr Vondra, novin\u00e1\u0159i Pavel P\u00e1ral, Viliam Buchert \u010di Jefim Fi\u0161tejn.\u201c Diskuse prob\u00edhaly zhruba jednou za dva m\u011bs\u00edce na pra\u017esk\u00e9 Mal\u00e9 Stran\u011b, v rezidenci Appia ve \u0160porkov\u011b ulici.<\/p>\n<p>Appia tehdy funguje jako klasick\u00e1 lobby, kde vznikaj\u00ed politicko-ekonomick\u00e9 vazby odr\u00e1\u017eej\u00edc\u00ed se pozd\u011bji v konkr\u00e9tn\u00edch projektech. Proto nep\u0159ekvap\u00ed, \u017ee jedn\u00edm z \u010dlen\u016f diskusn\u00edho klubu byl i n\u011bkdej\u0161\u00ed \u0161\u00e9f spole\u010dnosti \u010cEZ Martin Roman. A byl to pr\u00e1v\u011b Roman, kdo Veverkovi nab\u00eddl pomocnou ruku, kdy\u017e s posledn\u00edm dnem roku 2010 skon\u010dilo jeho anga\u017em\u00e1 v \u010cesk\u00fdch drah\u00e1ch. Nap\u0159\u00edklad Marek Han\u010d se podle sv\u00fdch slov dostal do dozor\u010d\u00ed rady (\u010cEZ) bulharsk\u00e9 elektr\u00e1rny d\u00edky Michalu Mejst\u0159\u00edkovi, \u010dlenu N\u00e1rodn\u00ed ekonomick\u00e9 rady vl\u00e1dy a profesoru ekonomie na fakult\u011b soci\u00e1ln\u00edch v\u011bd Univerzity Karlovy.<\/p>\n<p>Veverk\u016fv vliv pomohla zv\u00fd\u0161it i spole\u010dnost BigBoard, nap\u0159\u00edklad v kruz\u00edch Arm\u00e1dy \u010cR. V roce 2020 arm\u00e1da ud\u011blala n\u00e1borovou kampa\u0148: Pot \u0161et\u0159\u00ed krev, kterou oblepila \u010cesko. Gener\u00e1ln\u00ed \u0161t\u00e1b se chlubil, \u017ee za kampa\u0148 u BigBoardu pod\u00e9l cest, nezaplatil ani korunu. Nebylo to samo sebou, firma BigBoard p\u0159ed n\u011bkolika lety st\u00e1la u zrodu Asociace pro podporu aktivn\u00ed z\u00e1lohy a s arm\u00e1dou tak spolupracovala u\u017e del\u0161\u00ed \u010das. Podle informac\u00ed Lidov\u00fdch novin m\u011bla tyto ko\u0159eny &#8211; investor Jan Veverka, \u010dlen p\u0159edstavenstva reklamn\u00edho obra, je p\u0159\u00edslu\u0161n\u00edkem aktivn\u00edch z\u00e1loh \u010desk\u00e9 arm\u00e1dy. A p\u0159ipom\u00ednaj\u00ed Veverkovy vazby na libereckou ODS, p\u016fsoben\u00ed u exprim\u00e1tora Prahy Bohuslava Svobody, intenzivn\u00ed styk i s dal\u0161\u00edmi vysoce postaven\u00fdmi politiky. Mezi jeho p\u0159\u00e1tele pat\u0159\u00ed nap\u0159\u00edklad i miliard\u00e1\u0159 a n\u011bkdej\u0161\u00ed \u0161\u00e9f polost\u00e1tn\u00ed spole\u010dnosti \u010cEZ Martin Roman. Skupina BigBoard, kde Veverka p\u016fsob\u00ed jako spoluvlastn\u00edk, dlouhodob\u011b podporuje ve\u0159ejn\u011b prosp\u011b\u0161n\u00e9 projekty. Tehdy neziskov\u00fdm organizac\u00edm bezplatn\u011b poskytovala reklamn\u00ed prostor v tr\u017en\u00ed hodnot\u011b okolo 30 milion\u016f korun ro\u010dn\u011b. Co\u017e se obvykle v bran\u017ei d\u011bl\u00e1, kdy\u017e nejsou reklamn\u00ed plochy prod\u00e1ny plat\u00edc\u00edm klient\u016fm, zadarmo tak z\u00edsk\u00e1 vliv a konexe.<\/p>\n<p>BigBoard hraje v cel\u00e9m p\u0159\u00edb\u011bhu d\u016fle\u017eitou roli. Stejn\u011b jako fakt, \u017ee a\u010dkoli byl jej\u00edm \u0161\u00e9fem Richard Fuxa, spekulovalo se, \u017ee za BigBoardem ve skute\u010dnosti stoj\u00ed b\u00fdval\u00fd \u0161\u00e9f \u010cEZ Martin Roman a neofici\u00e1ln\u00ed pod\u00edl tam m\u00e1 i investi\u010dn\u00ed skupina J&amp;T. Fuxa i Veverka to v\u017edy rezolutn\u011b odm\u00edtali, psal dobov\u00fd tisk: \u201cPravda ale je, \u017ee Veverkov\u00fdm kamar\u00e1dem a bl\u00edzk\u00fdm obchodn\u00edm partnerem je Du\u0161an Palcr, spolumajitel J&amp;T. Skupiny, v n\u00ed\u017e m\u011bl podle letit\u00fdch spekulac\u00ed bu\u010f p\u0159\u00edmo pod\u00edl, anebo vlo\u017een\u00e9 stovky milion\u016f Roman Janou\u0161ek. Po kapit\u00e1lov\u00e9m vstupu fondu J&amp;T Arch Investments z\u00edskal nep\u0159\u00edm\u00fd desetiprocentn\u00ed pod\u00edl i elitn\u00ed pr\u00e1vn\u00edk Josef Bro\u017e. Spoluzakladatel pr\u00e1vn\u00ed kancel\u00e1\u0159e BBH a z\u00e1rove\u0148 dlouholet\u00fd p\u0159\u00edtel Martina Romana u\u017e dlouh\u00e9 roky p\u016fsob\u00ed ve slu\u017eb\u00e1ch PPF.\u201d<\/p>\n<p>Ale Veverka si nebudoval vliv jen p\u0159es firmy a elitn\u00ed kluby, psal se rok 2017 a t\u00fdm Mirka Topol\u00e1nka si l\u00e1mal hlavu nad t\u00edm, jak alespo\u0148 trochu zm\u00edrnit negativn\u00ed konotace kandid\u00e1tova jm\u00e9na v prezidentsk\u00e9 kampani. Na soci\u00e1ln\u00edch s\u00edt\u00edch si nap\u0159\u00edklad v\u011bt\u0161ina lid\u00ed s Topol\u00e1nkem spoj\u00ed jeho b\u00fdval\u00e9ho poradce Marka Dal\u00edka, toho \u010dasu ve v\u00fdkonu trestu, nebo Topol\u00e1nkovu nahou fotografii z dovolen\u00e9 v italsk\u00e9 vile. Mezi sponzory Topol\u00e1nkovy kampan\u011b figuruje Jan Veverka. Jen\u017ee jejich vztah musel b\u00fdt daleko hlub\u0161\u00ed a siln\u011bj\u0161\u00ed, ne\u017e by se z dostupn\u00fdch zdroj\u016f mohlo zd\u00e1t. Jinak by Topol\u00e1nek nikdy nepronesl: \u201cKa\u017ed\u00e9mu n\u011bco vad\u00ed.  Mn\u011b vad\u00ed, \u017ee \u010cernochov\u00e9 vad\u00ed zapojen\u00ed \u0158ehky. Byl bych r\u00e1d, kdyby se do toho a do n\u00e1s p\u0159estala sr\u00e1t. Karel, Honza Veverka a Ondra Vetch\u00fd jsou kamar\u00e1di a j\u00e1 jsem na n\u011b kurevsky py\u0161n\u00fd. Well done, guys!\u201d<\/p>\n<p>Veverka svou vlivovou s\u00ed\u0165 roz\u0161i\u0159oval i do oblasti bezpe\u010dnosti a informac\u00ed, a to bezpe\u010dnostn\u00ed agenturou Uton Security. Od roku 2015 j\u00ed \u0161\u00e9foval n\u011bkdej\u0161\u00ed \u0159editel Vojensk\u00e9ho obrann\u00e9ho zpravodajstv\u00ed Ond\u0159ej P\u00e1len\u00edk, kter\u00fd byl v t\u00e9 dob\u011b nepravomocn\u011b zpro\u0161t\u011bn ob\u017ealoby kv\u016fli zneu\u017eit\u00ed t\u00e9to tajn\u00e9 slu\u017eby v tzv. kauze Nagyov\u00e1. Jedn\u00edm ze dvou polovi\u010dn\u00edch vlastn\u00edk\u016f spole\u010dnosti byl n\u011bkdej\u0161\u00ed ministr zdravotnictv\u00ed za ODS a tak\u00e9 Tlucho\u0159\u016fv tch\u00e1n Lud\u011bk Rub\u00e1\u0161, zat\u00edmco druh\u00fdm spole\u010dn\u00edkem investi\u010dn\u00ed firma Touzimsky Kapital. Tu v roce 2011 nechal ve \u0161v\u00fdcarsk\u00e9m Curychu zapsat P\u00e1len\u00edk\u016fv dlouholet\u00fd p\u0159\u00edtel Jan Veverka. Ve spole\u010dnosti pojmenovan\u00e9 podle rodn\u00e9ho jm\u00e9na Veverkovy matky, podle sv\u00fdch slov pro Pr\u00e1vo vlastnil 80 procent. (pozn\u00e1mka: Uton je specifick\u00e1 varianta legend\u00e1rn\u00edho \u010desk\u00e9ho \u00fato\u010dn\u00e9ho no\u017ee bezpe\u010dnostn\u00edch slo\u017eek)<\/p>\n<div class=\"nemesis-sources\"><p class=\"nemesis-sources-label\">Zdroje:<\/p><ul><li><a href=\"https:\/\/www.reflex.cz\/clanek\/archiv\/50339\/prazska-lobby-martina-romana.html\" target=\"_blank\" rel=\"noopener\">https:\/\/www.reflex.cz\/clanek\/archiv\/50339\/prazska-lobby-martina-romana.html<\/a><\/li><li><a href=\"https:\/\/ekonom.cz\/c1-39876240-kde-se-schazeji-mocni\" target=\"_blank\" rel=\"noopener\">https:\/\/ekonom.cz\/c1-39876240-kde-se-schazeji-mocni<\/a><\/li><li><a href=\"https:\/\/www.seznamzpravy.cz\/clanek\/domaci-kauzy-strnad-potichu-ovladl-wastech-odpadarskou-firmu-proverovala-policie-i-olaf-309704\" target=\"_blank\" rel=\"noopener\">https:\/\/www.seznamzpravy.cz\/clanek\/domaci-kauzy-strnad-potichu-ovladl-wastech-odpadarskou-firmu-proverovala-policie-i-olaf-309704<\/a><\/li><li><a href=\"https:\/\/www.novinky.cz\/clanek\/domaci-exsef-armadni-rozvedky-necekane-zmenil-obor-stavi-pro-deti-centrum-smoulikov-336021\" target=\"_blank\" rel=\"noopener\">https:\/\/www.novinky.cz\/clanek\/domaci-exsef-armadni-rozvedky-necekane-zmenil-obor-stavi-pro-deti-centrum-smoulikov-336021<\/a><\/li><li><a href=\"https:\/\/www.nrb.cz\/predstavenstvo-narodni-rozvojove-banky-je-kompletni\/\" target=\"_blank\" rel=\"noopener\">https:\/\/www.nrb.cz\/predstavenstvo-narodni-rozvojove-banky-je-kompletni\/<\/a><\/li><li><a href=\"https:\/\/www.blesk.cz\/clanek\/zpravy-live-ekonomika\/225057\/reditelem-lidskych-zdroju-provident-financial-je-milan-ruttner.html\" target=\"_blank\" rel=\"noopener\">https:\/\/www.blesk.cz\/clanek\/zpravy-live-ekonomika\/225057\/reditelem-lidskych-zdroju-provident-financial-je-milan-ruttner.html<\/a><\/li><li><a href=\"https:\/\/www.mediaguru.cz\/oblast-udrzitelnosti-ma-v-o2-na-starost-milan-ruttner\" target=\"_blank\" rel=\"noopener\">https:\/\/www.mediaguru.cz\/oblast-udrzitelnosti-ma-v-o2-na-starost-milan-ruttner<\/a><\/li><li>Lidov\u00e9 noviny 13. 1. 2020<p><\/p>\n<p><a href=\"https:\/\/cs.wikipedia.org\/wiki\/Jan_Veverka\" target=\"_blank\" rel=\"noopener\">https:\/\/cs.wikipedia.org\/wiki\/Jan_Veverka<\/a><\/p><\/li><li><a href=\"https:\/\/www.tyden.cz\/rubriky\/domaci\/sef-cd-jsem-pry-dalikovec-janouskovec-i-klausovec_162044.html\" target=\"_blank\" rel=\"noopener\">https:\/\/www.tyden.cz\/rubriky\/domaci\/sef-cd-jsem-pry-dalikovec-janouskovec-i-klausovec_162044.html<\/a><\/li><li><a href=\"https:\/\/ekonom.cz\/c1-39876240-kde-se-schazeji-mocni\" target=\"_blank\" rel=\"noopener\">https:\/\/ekonom.cz\/c1-39876240-kde-se-schazeji-mocni<\/a><\/li><li><a href=\"https:\/\/www.e15.cz\/byznys\/elitni-pravnik-ze-skupiny-ppf-ziskal-podil-v-nejvetsim-domacim-provozovateli-billboardu-1429289\" target=\"_blank\" rel=\"noopener\">https:\/\/www.e15.cz\/byznys\/elitni-pravnik-ze-skupiny-ppf-ziskal-podil-v-nejvetsim-domacim-provozovateli-billboardu-1429289<\/a><\/li><li><a href=\"http:\/\/www.staloseted.cz\/langer-poslal-50-tisic-dyba-tri-tisice-byvali-kolegove-z-ods-prispivaji-topolankovi-na-kampan\/\" target=\"_blank\" rel=\"noopener\">http:\/\/www.staloseted.cz\/langer-poslal-50-tisic-dyba-tri-tisice-byvali-kolegove-z-ods-prispivaji-topolankovi-na-kampan\/<\/a><\/li><li>EURO \u010d. 51-52\/2017<p><\/p>\n<p><a href=\"https:\/\/www.novinky.cz\/clanek\/domaci-stihany-exreditel-tajne-sluzby-palenik-sefuje-bezpecnostni-agenture-310723\" target=\"_blank\" rel=\"noopener\">https:\/\/www.novinky.cz\/clanek\/domaci-stihany-exreditel-tajne-sluzby-palenik-sefuje-bezpecnostni-agenture-310723<\/a><\/p><\/li><li><a href=\"https:\/\/x.com\/MirekTopolanek\/status\/1865371015141855459\" target=\"_blank\" rel=\"noopener\">https:\/\/x.com\/MirekTopolanek\/status\/1865371015141855459<\/a><\/li><\/ul><\/div>\n<h3>Extr\u00e9mn\u00ed vliv na m\u00e9dia<\/h3>\n<p>V roce 2020 zakl\u00e1d\u00e1 skupina b\u00fdval\u00fdch zam\u011bstnanc\u016f t\u00fdden\u00edku Euro nov\u00fd magaz\u00edn Hrot. Jednou z hodnot, kter\u00fdmi se nov\u00fd magaz\u00edn prezentuje je nez\u00e1vislost. Finan\u010dn\u011b za projektem st\u00e1l zejm\u00e9na investor Jan Veverka prost\u0159ednictv\u00edm spole\u010dnosti Touzimsky Publishing. To v\u0161ak nen\u00ed v\u0161e, pod spole\u010dnost BigBoard Praha a t\u00edm p\u00e1dem i Veverku spad\u00e1 tak\u00e9 web PrahaIN.cz, lifestylov\u00fd magaz\u00edn Flowee, inzertn\u00ed server Hyperinzerce, oborov\u00e9 zpravodajstv\u00ed z m\u00e9di\u00ed a marketingu M\u00e9di\u00e1\u0159,  filmov\u00e1 datab\u00e1ze FDb.cz a servisn\u00ed p\u0159ehled \u0160pindl.info. Do divize BigBoard Media d\u00e1le pat\u0159\u00ed metropolitn\u00ed televize Praha TV. A je zvykem, \u017ee novin\u00e1\u0159i v redakc\u00edch po letech koluj\u00ed, sv\u00e9 kontakty si v\u0161ak nesou s sebou. Krom\u011b novin\u00e1\u0159e Pavla P\u00e1rala, kter\u00fd Veverkovi moderoval Appia f\u00f3rum a dodnes p\u016fsob\u00edc\u00edm v cel\u00e9 \u0159ad\u011b m\u00e9di\u00ed, nelze opomenout i v\u00fdznamn\u00e9 osoby medi\u00e1ln\u00ed sf\u00e9ry z jeho soukrom\u00e9 arm\u00e1dn\u011b-lobbistick\u00e9 jednotky p\u0159i Aktivn\u00edch z\u00e1loh\u00e1ch A\u010cR. Ivan Ham\u0161\u00edk byl novin\u00e1\u0159, \u0161\u00e9fredaktor n\u011bkolika v\u00fdznamn\u00fdch medi\u00e1ln\u00edch dom\u016f a medi\u00e1ln\u00ed mana\u017eer, kter\u00fd dnes p\u016fsob\u00ed jako medi\u00e1ln\u00ed poradce na Gener\u00e1ln\u00edm \u0161t\u00e1bu Arm\u00e1dy \u010cesk\u00e9 republiky. Mezi dal\u0161\u00ed vlivn\u00e9 osoby pat\u0159\u00ed novin\u00e1\u0159 a \u0161\u00e9fredaktor Expresu Petr Kone\u010dn\u00fd.<\/p>\n<p>Vynikaj\u00edc\u00ed spojkou do v\u00fdznamn\u00e9ho mediahouse Seznam (Seznam Zpr\u00e1vy a Novinky) je dal\u0161\u00ed Veverk\u016fv \u010dlov\u011bk &#8211; Milan Mikuleck\u00fd, d\u00edky jeho osobn\u00ed zn\u00e1most\u00ed s majitelem Ivo Luka\u010dovi\u010dem a tak\u00e9 Mikuleck\u00e9ho \u017eenu pak do \u010cT. P\u0159es neziskovky, kter\u00fdm Bigboard poskytuje reklamn\u00edm plochy, nebo arm\u00e1du m\u00e1 na sv\u00e9 stran\u011b novin\u00e1\u0159e, kte\u0159\u00ed jsou a\u017e na v\u00fdjimky naprosto nekriti\u010dt\u00ed a otev\u0159en\u011b Skupinu D obhajuj\u00ed navzdory d\u016fkaz\u016fm, jako nap\u0159\u00edklad Den\u00edk N.<\/p>\n<div class=\"nemesis-sources\"><p class=\"nemesis-sources-label\">Zdroje:<\/p><ul><li><a href=\"https:\/\/www.info.cz\/zpravodajstvi\/strategie\/byvali-zamestnanci-eura-spustili-novy-magazin-hrot-zatim-online-na-stanky-chteji-v-kvetnu\" target=\"_blank\" rel=\"noopener\">https:\/\/www.info.cz\/zpravodajstvi\/strategie\/byvali-zamestnanci-eura-spustili-novy-magazin-hrot-zatim-online-na-stanky-chteji-v-kvetnu<\/a><\/li><li><a href=\"https:\/\/www.mediaguru.cz\/reditelem-obsahu-v-bigboard-praha-je-veselin-vackov\" target=\"_blank\" rel=\"noopener\">https:\/\/www.mediaguru.cz\/reditelem-obsahu-v-bigboard-praha-je-veselin-vackov<\/a><\/li><li><a href=\"https:\/\/cs.wikipedia.org\/wiki\/Ivan_Ham%C5%A1%C3%ADk\" target=\"_blank\" rel=\"noopener\">https:\/\/cs.wikipedia.org\/wiki\/Ivan_Ham%C5%A1%C3%ADk<\/a><\/li><li><a href=\"https:\/\/www.expres.cz\/o-nas\" target=\"_blank\" rel=\"noopener\">https:\/\/www.expres.cz\/o-nas<\/a><\/li><li><a href=\"https:\/\/denikn.cz\/1917147\/ctyri-zadrzeni-zname-duvody-akce-vojenske-policie-kvuli-dronum-nemesis-cisla-ale-nevychazi\/\" target=\"_blank\" rel=\"noopener\">https:\/\/denikn.cz\/1917147\/ctyri-zadrzeni-zname-duvody-akce-vojenske-policie-kvuli-dronum-nemesis-cisla-ale-nevychazi\/<\/a><\/li><\/ul><\/div>\n<h3>Kdo m\u011bl vyd\u011blat na EET<\/h3>\n<p>P\u0159ed n\u011bkolika lety o n\u011bm Andrej Babi\u0161 mluvil jako o symbolu \u010desk\u00e9ho &#8222;Palerma&#8220;. B\u00fdval\u00fd \u0161\u00e9f \u010cEZ Martin Roman byl v Babi\u0161ov\u00fdch o\u010d\u00edch t\u00edm, kdo si nevy\u0161lapal uzn\u00e1n\u00ed a miliardy dlouholet\u00fdm budov\u00e1n\u00edm vlastn\u00ed skupiny, ale korumpov\u00e1n\u00edm politik\u016f v \u010dele polost\u00e1tn\u00edho koncernu. St\u0159ih do tehdej\u0161\u00ed sou\u010dasnosti ukazuje trochu paradoxn\u00ed obr\u00e1zek. Babi\u0161 na jedn\u00e9 stran\u011b jako ministr financ\u00ed zosob\u0148uje zav\u00e1d\u011bn\u00ed elektronick\u00fdch pokladen. A mezi t\u011bmi, kte\u0159\u00ed na cel\u00e9m projektu vyd\u011bl\u00e1vaj\u00ed, je pr\u00e1v\u011b Roman. Elektronick\u00e9 kasy Markeeta prod\u00e1v\u00e1 karlovarsk\u00e1 spole\u010dnost Smart Software. Martin Roman, jen\u017e se tehdy sna\u017eil prezentovat hlavn\u011b jako reform\u00e1tor tuzemsk\u00e9ho \u0161kolstv\u00ed a filantrop, do n\u00ed investoval prost\u0159ednictv\u00edm firmy Touzimsky IT. Ta dr\u017eela \u010dtvrtinu Smart Softwaru. Do Markeety investoval p\u0159es Touzimsky IT tak\u00e9 Jan Veverka z ODS. Zat\u00edmco Roman se ke sv\u00fdm investic\u00edm nevyjad\u0159uje, Veverka v\u00edcekr\u00e1t vysv\u011btloval, \u017ee se na projekt EET d\u00edv\u00e1 trochu jinak ne\u017e jeho spolustran\u00edci, kte\u0159\u00ed on-line pokladny kritizuj\u00ed z opozi\u010dn\u00edch lavic. &#8222;EET bude d\u0159\u00edve nebo pozd\u011bji zavedena v cel\u00e9 Evrop\u011b,&#8220; \u0159\u00edk\u00e1. Veverka byl do Markeety a dal\u0161\u00edch platebn\u00edch syst\u00e9m\u016f anga\u017eov\u00e1n tak\u00e9 prost\u0159ednictv\u00edm p\u011btinov\u00e9ho pod\u00edlu ve firm\u011b BigBoard Praha, nejv\u011bt\u0161\u00edm poskytovateli venkovn\u00ed reklamy v \u010cesku. BigBoard, jen\u017e vlastn\u00ed ve Smart Softwaru deset procent, je v\u011bt\u0161inov\u011b ovl\u00e1d\u00e1n lidmi z okruhu finan\u010dn\u00ed skupiny J&amp;T. Ta dr\u017e\u00ed p\u00e1r procent Smart Softwaru i p\u0159es dce\u0159inou spole\u010dnost J&amp;T Banky. Jedn\u00edm z miliard\u00e1\u0159\u016f, kte\u0159\u00ed vyd\u011bl\u00e1vaj\u00ed na zav\u00e1d\u011bn\u00ed EET, je tak i spoluvlastn\u00edk skupiny Patrik Tk\u00e1\u010d. Dal\u0161\u00ed jm\u00e9no v souvislosti zmi\u0148oval Radio\u017eurn\u00e1l ekonoma Michala Mejst\u0159\u00edka.<\/p>\n<p>Byznys se ale zadrhl, firmy poznamenalo odsunut\u00ed startu t\u0159et\u00ed a \u010dtvrt\u00e9 vlny EET, kter\u00e1 m\u011bla za\u010d\u00edt platit pro \u0159emesln\u00edky, advok\u00e1ty, l\u00e9ka\u0159e, veterin\u00e1\u0159e, st\u00e1nka\u0159e a dal\u0161\u00ed svobodn\u00e1 povol\u00e1n\u00ed v roce 2018. A n\u00e1sledn\u00e9mu zru\u0161en\u00ed v roce 2023. P\u0159\u00edb\u011bh EET se v\u0161ak za\u010dal v roce 2026 znovu odv\u00edjet.<\/p>\n<div class=\"nemesis-sources\"><p class=\"nemesis-sources-label\">Zdroje:<\/p><ul><li><a href=\"https:\/\/ekonom.cz\/c1-65651690-eet-v-deseti-bodech\" target=\"_blank\" rel=\"noopener\">https:\/\/ekonom.cz\/c1-65651690-eet-v-deseti-bodech<\/a><\/li><li>18.12.2015 \u010cRo Radio\u017eurn\u00e1l, Ozv\u011bny dne &#8211; publicistika<p><\/p>\n<p><a href=\"https:\/\/www.idnes.cz\/ekonomika\/domaci\/eet-pokladny-fuze-dotykacka-markeeta-profiuctenka.A190816_131918_ekonomika_fih\" target=\"_blank\" rel=\"noopener\">https:\/\/www.idnes.cz\/ekonomika\/domaci\/eet-pokladny-fuze-dotykacka-markeeta-profiuctenka.A190816_131918_ekonomika_fih<\/a><\/p><\/li><\/ul><\/div>\n<h3>Kiwi<\/h3>\n<p>P\u0159\u00edb\u011bh spole\u010dnosti Kiwi, kter\u00e1 provozuje letenkov\u00fd byznys je jednou ze st\u011b\u017eejn\u00edch \u010d\u00e1st\u00ed Veverkova image \u00fasp\u011b\u0161n\u00e9ho byznysmena, i tady ale do\u0161lo na finan\u010dn\u00ed injekci st\u00e1tu. Spole\u010dnost Kiwi.com (d\u0159\u00edve Skypicker) z\u00edskala z ministerstva pr\u016fmyslu a obchodu dotaci ve v\u00fd\u0161i 28 milion\u016f korun na dal\u0161\u00ed rozvoj sv\u00e9ho byznysu prodeje letenek. St\u00e1t tedy dotoval firmu s tr\u017ebami p\u0159es 8 miliard korun. Vyplynulo to z v\u00fdro\u010dn\u00ed zpr\u00e1vy firmy, kterou zalo\u017eila spole\u010dnost ve sb\u00edrce listin. O dotaci za\u017e\u00e1dala u\u017e v roce 2015, ministerstvo dotaci schv\u00e1lilo a pen\u00edze firm\u011b doputovaly na \u00fa\u010det. Pen\u00edze m\u011bly j\u00edt na mzdy. Krom\u011b zakladatele firmy Olivera Dlouh\u00e9ho a dal\u0161\u00edch investor\u016f m\u011bl ve firm\u011b pod\u00edl tak\u00e9 spole\u010dnost Touzimsky Airlines, kterou ovl\u00e1dal Jan Veverka. Procenta ve spole\u010dnosti m\u011bli i zakladatel firmy Centrum.cz Ond\u0159ej Tomek \u010di b\u00fdval\u00fd \u0161\u00e9f \u010cEZ Martin Roman. Ten se do Kiwi dostal p\u0159es spole\u010dnost Touzimsky Airlines.<\/p>\n<div class=\"nemesis-sources\"><p class=\"nemesis-sources-label\">Zdroje:<\/p><ul><li><a href=\"https:\/\/zdopravy.cz\/stat-nalil-do-letenkoveho-byznysu-kiwi-com-dotaci-28-milionu-korun-2784\/\" target=\"_blank\" rel=\"noopener\">https:\/\/zdopravy.cz\/stat-nalil-do-letenkoveho-byznysu-kiwi-com-dotaci-28-milionu-korun-2784\/<\/a><\/li><li><a href=\"https:\/\/www.expres.cz\/zpravy\/oliver-dlouhy-kiwi.A171208_105829_dx-zpravy_bpet\" target=\"_blank\" rel=\"noopener\">https:\/\/www.expres.cz\/zpravy\/oliver-dlouhy-kiwi.A171208_105829_dx-zpravy_bpet<\/a><\/li><\/ul><\/div>\n<h3>Soukrom\u00e1 arm\u00e1da<\/h3>\n<p>Krom jinde zachycen\u00fdch lid\u00ed pat\u0159\u00ed do vlivov\u00e9 s\u00edt\u011b Jana Veverky daleko v\u00edce osob. Veverka je toti\u017e velitelem velmi specifick\u00e9 jednotky Aktivn\u00ed z\u00e1lohy ozbrojen\u00fdch sil \u010cesk\u00e9 republiky naz\u00fdvan\u00e9 Skupina podpory strategick\u00e9ho rozhodov\u00e1n\u00ed AZ. Ta spad\u00e1 pod Speci\u00e1ln\u00ed s\u00edly A\u010cR \u2013 tzv. \u201e601\u201c, v&nbsp;p\u0159\u00edm\u00e9 pod\u0159\u00edzenosti n\u00e1\u010deln\u00edka Gener\u00e1ln\u00edho \u0161t\u00e1bu A\u010cR (Karla \u0158ehku u\u017e vyst\u0159\u00eddal Miroslav Hlav\u00e1\u010d). Tato jednotka je specifick\u00e1, jej\u00ed \u010dlenov\u00e9 nemuseli, na rozd\u00edl od v\u0161ech jin\u00fdch z\u00e1jemc\u016f, splnit standardn\u00ed po\u017eadavky na p\u0159\u00edslu\u0161n\u00edky aktivn\u00ed z\u00e1lohy, a pak tak\u00e9 sv\u00fdm slo\u017een\u00edm. O skute\u010dn\u00e9 n\u00e1plni jej\u00ed \u010dinnosti se m\u016f\u017eeme jen dohadovat.<\/p>\n<p>V\u0161ichni uchaze\u010di o p\u0159ijet\u00ed do aktivn\u00edch z\u00e1loh mus\u00ed proj\u00edt l\u00e9ka\u0159skou prohl\u00eddkou, fyzick\u00fdmi testy, prov\u011b\u0159en\u00edm Vojensk\u00fdm zpravodajstv\u00edm a absolvovat 5-6 t\u00fddn\u016f v\u00fdcviku. V\u0161ichni p\u0159\u00edslu\u0161n\u00edci aktivn\u00edch z\u00e1loh, kter\u00fdch je p\u0159ibli\u017en\u011b p\u011bt tis\u00edc tedy byli prov\u011b\u0159eni, a museli splnit v\u0161e, co jim ukl\u00e1daj\u00ed p\u0159edpisy.<\/p>\n<p>V\u0161ichni, a\u017e na n\u011bkter\u00e9 p\u0159\u00edslu\u0161n\u00edky Veverkovy jednotky, zvan\u00e9 \u201eRed team\u201c, kte\u0159\u00ed jako na b\u011b\u017e\u00edc\u00edm p\u00e1se dost\u00e1vali v\u00fdjimky od n\u00e1\u010deln\u00edka Gener\u00e1ln\u00edho \u0161t\u00e1bu A\u010cR Karla \u0158ehky, kter\u00e9ho si Veverka tak trochu \u201epase\u201d, nap\u0159\u00edklad t\u00edm, \u017ee m\u016f\u017ee bydlet v jeho dom\u011b. Ti nemuseli b\u00fdt prov\u011b\u0159en\u00ed Vojensk\u00fdm zpravodajstv\u00edm ani proj\u00edt fyzick\u00fdmi a zdravotn\u00edmi testy, net\u00fdkal se jich 5 a\u017e 6 t\u00fddenn\u00ed v\u00fdcvik. A pro\u010d ty v\u00fdjimky? P\u0159i pohledu na seznam \u010dlen\u016f Veverkovy jednotky je to jasn\u00e9, jsou tam lid\u00e9 s&nbsp;kontakty na nep\u0159\u00e1telsk\u00e9 mocnosti jako Rusko a \u010c\u00edna, kte\u0159\u00ed by nikdy neobst\u00e1li p\u0159i prov\u011b\u0159en\u00ed Vojensk\u00fdm zpravodajstv\u00edm a nez\u00edskali bezpe\u010dnostn\u00ed prov\u011brku. Dal\u0161\u00ed by m\u011bli evidentn\u00ed probl\u00e9my s&nbsp;fyzick\u00fdmi testy, a nejsp\u00ed\u0161 ani nem\u011bli \u010das na v\u00fdcvik, jak\u00fd mus\u00ed absolvovat b\u011b\u017en\u00fd aktivn\u00ed z\u00e1lo\u017en\u00edk, kter\u00fd za sebou nem\u00e1 z\u00e1kladn\u00ed vojenskou slu\u017ebu.<\/p>\n<p>Red team Jana Veverky:<\/p>\n<p>Marek Han\u010d \u2013 expert na politick\u00fd marketing, kter\u00e9ho propustil Andrej Babi\u0161 pot\u00e9, co BIS zjistila, \u017ee p\u0159ed\u00e1val informace poradci prezidenta Zemana Nejedl\u00e9mu s podez\u0159en\u00edm na jejich p\u0159ed\u00e1v\u00e1n\u00ed do Ruska. Tak\u00e9 uzn\u00e1van\u00fd expert na medi\u00e1ln\u00ed manipulaci zvanou spin doctoring viz. kapitoly Chobotnice pra\u017esk\u00e9ho magistr\u00e1tu a Milan Mikuleck\u00fd.<\/p>\n<p><a href=\"https:\/\/zpravy.aktualne.cz\/domaci\/babisuv-poradce-donasel-nejedlemu-upozornila-bis-informace-m\/r~da64ff7a2f9611ed82b7ac1f6b220ee8\/\" target=\"_blank\" rel=\"noopener\">https:\/\/zpravy.aktualne.cz\/domaci\/babisuv-poradce-donasel-nejedlemu-upozornila-bis-informace-m\/r~da64ff7a2f9611ed82b7ac1f6b220ee8\/<\/a><\/p>\n<p><a href=\"https:\/\/www.seznamzpravy.cz\/clanek\/ekonomika-firmy-lide-z-okruhu-romana-janouska-maji-vliv-i-v-podcastove-platforme-vlny-309394\" target=\"_blank\" rel=\"noopener\">https:\/\/www.seznamzpravy.cz\/clanek\/ekonomika-firmy-lide-z-okruhu-romana-janouska-maji-vliv-i-v-podcastove-platforme-vlny-309394<\/a><\/p>\n<p><a href=\"https:\/\/www.seznamzpravy.cz\/clanek\/tohle-jsou-babisovi-mladi-marketeri-na-iluze-ma-premier-sve-lidi-44092\" target=\"_blank\" rel=\"noopener\">https:\/\/www.seznamzpravy.cz\/clanek\/tohle-jsou-babisovi-mladi-marketeri-na-iluze-ma-premier-sve-lidi-44092<\/a><\/p>\n<p>Jan R\u016f\u017ei\u010dka \u2013 hlavn\u00ed lobbista skupiny PPF (\u0159editel pro vn\u011bj\u0161\u00ed vztahy) se siln\u00fdmi vazbami na \u010c\u00ednu a osobn\u00edmi kontakty na vlivn\u00e9 osoby tamn\u00edho vl\u00e1dnouc\u00edho apar\u00e1tu a slu\u017eeb.<\/p>\n<p><a href=\"https:\/\/www.ppf.eu\/newsroom\/ppf-je-prilis-velky-parnik-aby-se-dal-otacet-v-minutach-rika-jan-ruzicka\" target=\"_blank\" rel=\"noopener\">https:\/\/www.ppf.eu\/newsroom\/ppf-je-prilis-velky-parnik-aby-se-dal-otacet-v-minutach-rika-jan-ruzicka<\/a><\/p>\n<p><a href=\"https:\/\/www.lidovky.cz\/domov\/byvaly-statni-urednik-a-milovnik-cinske-mediciny-ruzicka-bude-vylepsovat-reputaci-home-creditu.A191128_123925_ln_domov_ele\" target=\"_blank\" rel=\"noopener\">https:\/\/www.lidovky.cz\/domov\/byvaly-statni-urednik-a-milovnik-cinske-mediciny-ruzicka-bude-vylepsovat-reputaci-home-creditu.A191128_123925_ln_domov_ele<\/a><\/p>\n<p>Milan Mikuleck\u00fd \u2013 siln\u00e9 vazby na Rusko z minulosti a mana\u017eersk\u00e1 minulost v pochybn\u00fdch firm\u00e1ch zakr\u00fdvaj\u00edc\u00ed skute\u010dn\u00e9 majitele. Tak\u00e9 vazby na b\u00fdval\u00e9 p\u0159\u00edslu\u0161n\u00edky StB, viz. kapitola Jan Mikuleck\u00fd.<\/p>\n<p>Marek Prchal \u2013 expert na politick\u00fd marketing, vylou\u010den ze sdru\u017een\u00ed reklamn\u00edch profesion\u00e1l\u016f Art Directors Club (ADC) kv\u016fli poru\u0161ov\u00e1n\u00ed profesn\u00ed etiky p\u0159i prezidentsk\u00e9 kampani Andreje Babi\u0161e &#8211; billboardov\u00e1 kampa\u0148 zneu\u017e\u00edvala t\u00e9ma v\u00e1lky a strachu texty: \u201eNezavle\u010du \u010cesko do v\u00e1lky. Jsem diplomat. Ne voj\u00e1k.\u201c<\/p>\n<p><a href=\"https:\/\/cs.wikipedia.org\/wiki\/Marek_Prchal\" target=\"_blank\" rel=\"noopener\">https:\/\/cs.wikipedia.org\/wiki\/Marek_Prchal<\/a><\/p>\n<p><a href=\"https:\/\/zpravy.aktualne.cz\/domaci\/prchala-vyloucili-z-klubu-reklamnich-profesionalu-vadi-jim-v\/r~73feb46e9d3811edbc030cc47ab5f122\/\" target=\"_blank\" rel=\"noopener\">https:\/\/zpravy.aktualne.cz\/domaci\/prchala-vyloucili-z-klubu-reklamnich-profesionalu-vadi-jim-v\/r~73feb46e9d3811edbc030cc47ab5f122\/<\/a><\/p>\n<p>David \u0160pa\u010dek \u2013 b\u00fdval\u00fd p\u0159\u00edslu\u0161n\u00edk vojensk\u00e9ho zpravodajstv\u00ed a partner Jany Hrub\u00e9, na kterou je napsan\u00e1 firma dod\u00e1vaj\u00edc\u00ed drony Nemesis pro skupinu D.<\/p>\n<p><a href=\"https:\/\/ct24.ceskatelevize.cz\/clanek\/domaci\/vojenska-policie-zasahuje-kvuli-sbirce-na-drony-v-projektu-nemesis-368174\" target=\"_blank\" rel=\"noopener\">https:\/\/ct24.ceskatelevize.cz\/clanek\/domaci\/vojenska-policie-zasahuje-kvuli-sbirce-na-drony-v-projektu-nemesis-368174<\/a><\/p>\n<p>Ladislav Mrklas \u2013 prorektor CEVRO Univerzity<\/p>\n<p><a href=\"https:\/\/cs.wikipedia.org\/wiki\/Ladislav_Mrklas\" target=\"_blank\" rel=\"noopener\">https:\/\/cs.wikipedia.org\/wiki\/Ladislav_Mrklas<\/a><\/p>\n<p>Blanka Havelkov\u00e1 \u2013 dlouholet\u00e1 mana\u017eerka a \u010dlenka nejvy\u0161\u0161\u00edho veden\u00ed \u010cesk\u00fdch drah (2008-2025), sestra Jany Kotal\u00edkov\u00e9, kter\u00e1 vedla \u00fa\u0159ad vl\u00e1dy za premi\u00e9ra Petra Fialy a b\u00fdval\u00e1 partnerka Jana Veverky.<\/p>\n<p><a href=\"https:\/\/www.eastlog.cz\/speaker\/blanka-havelkova-ceske-drahy\/\" target=\"_blank\" rel=\"noopener\">https:\/\/www.eastlog.cz\/speaker\/blanka-havelkova-ceske-drahy\/<\/a><\/p>\n<p><a href=\"https:\/\/www.lidovky.cz\/byznys\/predstavenstvo-ceske-drahy-jana-kotalikova-blanka-havelkova-vedeni.A220215_172121_ln_ekonomika_vag\" target=\"_blank\" rel=\"noopener\">https:\/\/www.lidovky.cz\/byznys\/predstavenstvo-ceske-drahy-jana-kotalikova-blanka-havelkova-vedeni.A220215_172121_ln_ekonomika_vag<\/a><\/p>\n<p>Petr Mlejnek \u2013 b\u00fdval\u00fd \u0159editel civiln\u00ed rozv\u011bdky, kter\u00fd musel rezignovat kv\u016fli sv\u00fdm kontakt\u016fm s podnikatelem Michalem Redlem z korup\u010dn\u00ed kauzy Dozimetr.<\/p>\n<p><a href=\"https:\/\/www.irozhlas.cz\/zpravy-domov\/petr-mlejnek-rezignace-konci-uzsi-dozimetr_2208310836_ako\" target=\"_blank\" rel=\"noopener\">https:\/\/www.irozhlas.cz\/zpravy-domov\/petr-mlejnek-rezignace-konci-uzsi-dozimetr_2208310836_ako<\/a><\/p>\n<p><a href=\"https:\/\/cs.wikipedia.org\/wiki\/Petr_Mlejnek\" target=\"_blank\" rel=\"noopener\">https:\/\/cs.wikipedia.org\/wiki\/Petr_Mlejnek<\/a><\/p>\n<p>Bohuslav Paule \u2013 p\u0159edseda p\u0159edstavenstva \u010desk\u00e9 technologick\u00e9 spole\u010dnosti POCKET VIRTUALITY a.s., kter\u00e1 vyv\u00edj\u00ed softwarov\u00e1 \u0159e\u0161en\u00ed pro pr\u016fmysl a obranu a je od roku 2024 sou\u010d\u00e1st\u00ed Czechoslovak Group (CSG) Michala Strnada.<\/p>\n<p><a href=\"https:\/\/www.idnes.cz\/ekonomika\/podniky\/csg-akvizice-pocket-virtuality-rozsirena-a-virtualni-realita.A230828_155432_ekoakcie_vok\" target=\"_blank\" rel=\"noopener\">https:\/\/www.idnes.cz\/ekonomika\/podniky\/csg-akvizice-pocket-virtuality-rozsirena-a-virtualni-realita.A230828_155432_ekoakcie_vok<\/a><\/p>\n<p>Ivan Ham\u0161\u00edk \u2013 novin\u00e1\u0159 a medi\u00e1ln\u00ed mana\u017eer.<\/p>\n<p><a href=\"https:\/\/www.ivanhamsik.cz\/\" target=\"_blank\" rel=\"noopener\">https:\/\/www.ivanhamsik.cz\/<\/a><\/p>\n<p>Petr Kone\u010dn\u00fd  \u2013  novin\u00e1\u0159, \u0161\u00e9fredaktor Expresu.<\/p>\n<p><a href=\"https:\/\/www.expres.cz\/o-nas\" target=\"_blank\" rel=\"noopener\">https:\/\/www.expres.cz\/o-nas<\/a><\/p>\n<p><a href=\"https:\/\/ceskepodcasty.cz\/podcast\/rozstrel\/v-aktivnich-zalohach-nenajdete-rvouny-z-vaclavaku-rika-po-vycviku-novinar\" target=\"_blank\" rel=\"noopener\">https:\/\/ceskepodcasty.cz\/podcast\/rozstrel\/v-aktivnich-zalohach-nenajdete-rvouny-z-vaclavaku-rika-po-vycviku-novinar<\/a><\/p>\n<p>Jakub Landovsk\u00fd \u2013 vl\u00e1dn\u00ed zmocn\u011bnec pro napl\u0148ov\u00e1n\u00ed z\u00e1vazk\u016f NATO, a \u0159editel sekce obrann\u00e9 politiky a&nbsp;strategie Ministerstva obrany.<\/p>\n<p><a href=\"https:\/\/cs.wikipedia.org\/wiki\/Jakub_Landovsk%C3%BD\" target=\"_blank\" rel=\"noopener\">https:\/\/cs.wikipedia.org\/wiki\/Jakub_Landovsk%C3%BD<\/a><\/p>\n<p>Tom\u00e1\u0161 Pojar \u2013 diplomat, bezpe\u010dnostn\u00ed analytik, poradce pro n\u00e1rodn\u00ed bezpe\u010dnost ve vl\u00e1d\u011b Petra Fialy, a prorektor pro zahrani\u010dn\u00ed vztahy a dal\u0161\u00ed vzd\u011bl\u00e1v\u00e1n\u00ed CEVRO Univerzity.<\/p>\n<p><a href=\"https:\/\/www.cevro.cz\/kontakty\/\" target=\"_blank\" rel=\"noopener\">https:\/\/www.cevro.cz\/kontakty\/<\/a><\/p>\n<p><a href=\"https:\/\/cs.wikipedia.org\/wiki\/Tom%C3%A1%C5%A1_Pojar\" target=\"_blank\" rel=\"noopener\">https:\/\/cs.wikipedia.org\/wiki\/Tom%C3%A1%C5%A1_Pojar<\/a><\/p>\n<p>Dominik Presl  \u2013 analytik AMO (Asociace pro mezin\u00e1rodn\u00ed ot\u00e1zky).<\/p>\n<p><a href=\"https:\/\/amo.cz\/lide\/dominik-presl\" target=\"_blank\" rel=\"noopener\">https:\/\/amo.cz\/lide\/dominik-presl<\/a><\/p>\n<p>Ivo Kramoli\u0161 \u2013 v\u00fdkonn\u00fd \u0159editel pro oblast obrany v PwC \u010cesk\u00e1 republika (PricewaterhouseCoopers).<\/p>\n<p><a href=\"https:\/\/cz.linkedin.com\/posts\/pwc-ceska-republika_v%C3%ADt%C3%A1me-nov%C3%A9ho-direktora-ivo-kramoli%C5%A1-activity-7371474660254830593-5i1N\" target=\"_blank\" rel=\"noopener\">https:\/\/cz.linkedin.com\/posts\/pwc-ceska-republika_v%C3%ADt%C3%A1me-nov%C3%A9ho-direktora-ivo-kramoli%C5%A1-activity-7371474660254830593-5i1N<\/a><\/p>\n<p><a href=\"https:\/\/cc.cz\/cesky-prumysl-stoji-na-krizovatce-firmy-by-mel-zacit-zajimat-obranny-sektor-rikaji-experti-z-pwc\/\" target=\"_blank\" rel=\"noopener\">https:\/\/cc.cz\/cesky-prumysl-stoji-na-krizovatce-firmy-by-mel-zacit-zajimat-obranny-sektor-rikaji-experti-z-pwc\/<\/a><\/p>\n<p>Monika Sedlick\u00e1 \u2013 horsk\u00e1 pr\u016fvodkyn\u011b, instruktorka skaln\u00edho lezen\u00ed a datov\u00e1 analyti\u010dka.<\/p>\n<p><a href=\"https:\/\/cz.linkedin.com\/in\/monika-sedlicka\/cs\" target=\"_blank\" rel=\"noopener\">https:\/\/cz.linkedin.com\/in\/monika-sedlicka\/cs<\/a><\/p>\n<p>Jon\u00e1\u0161 Vlk &#8211; viceprezident \u010desk\u00e9 firmy SpaceKnow, kter\u00e1 se specializuje na anal\u00fdzu satelitn\u00edch sn\u00edmk\u016f.<\/p>\n<p><a href=\"https:\/\/www.idnes.cz\/zpravy\/nato\/satelit-spaceknow-idex-emiraty-obrana-abu-dhabi.A230222_093301_zpr_nato_inc\" target=\"_blank\" rel=\"noopener\">https:\/\/www.idnes.cz\/zpravy\/nato\/satelit-spaceknow-idex-emiraty-obrana-abu-dhabi.A230222_093301_zpr_nato_inc<\/a><\/p>\n<p>Martin \u017dilka \u2013 Podnikatel, specialista na krizov\u00fd management, investice a logistiku<\/p>\n<p><a href=\"https:\/\/cz.linkedin.com\/in\/martin-%C5%BEilka-63a229240\" target=\"_blank\" rel=\"noopener\">https:\/\/cz.linkedin.com\/in\/martin-%C5%BEilka-63a229240<\/a><\/p>\n<p>Jan Dvo\u0159\u00e1k \u2013 Bezpe\u010dnostn\u00ed analytik a konzultant v oblasti strategick\u00fdch rizik.<\/p>\n<p><a href=\"https:\/\/securityoutlines.cz\/analyza-jednotky-aktivni-zalohy-vojenskeho-zpravodajstvi\/\" target=\"_blank\" rel=\"noopener\">https:\/\/securityoutlines.cz\/analyza-jednotky-aktivni-zalohy-vojenskeho-zpravodajstvi\/<\/a><\/p>\n<p>Pavel \u010cin\u010dera \u2013 projektov\u00fd mana\u017eer, konzultant a expert na environment\u00e1ln\u00ed bezpe\u010dnost.<\/p>\n<p><a href=\"https:\/\/cz.linkedin.com\/in\/pavel-cincera-9270b44\" target=\"_blank\" rel=\"noopener\">https:\/\/cz.linkedin.com\/in\/pavel-cincera-9270b44<\/a><\/p>\n<p>Dal\u0161\u00ed zdroje:<\/p>\n<p><a href=\"https:\/\/cnn.iprima.cz\/tak-trochu-jini-vojaci-zajem-o-aktivni-zalohu-roste-uchazeci-maji-muj-obdiv-rika-matyzka-492990\" target=\"_blank\" rel=\"noopener\">https:\/\/cnn.iprima.cz\/tak-trochu-jini-vojaci-zajem-o-aktivni-zalohu-roste-uchazeci-maji-muj-obdiv-rika-matyzka-492990<\/a><\/p>\n<\/div>\n\n<a href=\"#top\" class=\"nemesis-back-to-top\" id=\"nemesis-back-to-top\">Nahoru<\/a>\n<script>\n(function(){\n  var btn = document.getElementById('nemesis-back-to-top');\n  if (!btn) return;\n  window.addEventListener('scroll', function(){\n    btn.classList.toggle('is-visible', window.scrollY > 200);\n  });\n  btn.addEventListener('click', function(e){\n    e.preventDefault();\n    window.scrollTo({ top: 0, behavior: 'smooth' });\n  });\n})();\n<\/script>\n","protected":false},"excerpt":{"rendered":"<p>P\u0159\u00edb\u011bh Skupiny D, kter\u00e1 si dala za c\u00edl uspo\u0159\u00e1dat ve\u0159ejnou sb\u00edrku Nemesis na drony pro Ukrajinu je na prvn\u00ed pohled nezpochybniteln\u00fd. Podez\u0159en\u00ed, kter\u00e1 se dost\u00e1vaj\u00ed na ve\u0159ejnost v souvislosti s vy\u0161et\u0159ov\u00e1n\u00edm d\u011bn\u00ed okolo skupiny a sb\u00edrky zn\u00ed neuv\u011b\u0159iteln\u011b. Jako by se proti tomuto bohulib\u00e9mu z\u00e1m\u011bru n\u011bkdo spiknul. Mo\u017en\u00e1 i samotn\u00e9 Rusko. Jen\u017ee pro pln\u00e9 pochopen\u00ed [&hellip;]<\/p>\n","protected":false},"author":0,"featured_media":0,"parent":0,"menu_order":0,"comment_status":"closed","ping_status":"closed","template":"","meta":{"footnotes":""},"class_list":["post-9","page","type-page","status-publish","hentry"],"_links":{"self":[{"href":"https:\/\/skupina-d.com\/index.php?rest_route=\/wp\/v2\/pages\/9","targetHints":{"allow":["GET"]}}],"collection":[{"href":"https:\/\/skupina-d.com\/index.php?rest_route=\/wp\/v2\/pages"}],"about":[{"href":"https:\/\/skupina-d.com\/index.php?rest_route=\/wp\/v2\/types\/page"}],"replies":[{"embeddable":true,"href":"https:\/\/skupina-d.com\/index.php?rest_route=%2Fwp%2Fv2%2Fcomments&post=9"}],"version-history":[{"count":32,"href":"https:\/\/skupina-d.com\/index.php?rest_route=\/wp\/v2\/pages\/9\/revisions"}],"predecessor-version":[{"id":59,"href":"https:\/\/skupina-d.com\/index.php?rest_route=\/wp\/v2\/pages\/9\/revisions\/59"}],"wp:attachment":[{"href":"https:\/\/skupina-d.com\/index.php?rest_route=%2Fwp%2Fv2%2Fmedia&parent=9"}],"curies":[{"name":"wp","href":"https:\/\/api.w.org\/{rel}","templated":true}]}}